{"id":10749,"date":"2023-05-17T12:54:21","date_gmt":"2023-05-17T17:54:21","guid":{"rendered":"https:\/\/www.educacionbilingue.gob.ec\/?page_id=10749"},"modified":"2025-05-09T12:27:19","modified_gmt":"2025-05-09T17:27:19","slug":"oferta-educativa","status":"publish","type":"page","link":"https:\/\/educacionbilingue.gob.ec\/?page_id=10749","title":{"rendered":"Oferta Educativa"},"content":{"rendered":"\t\t<div data-elementor-type=\"wp-page\" data-elementor-id=\"10749\" class=\"elementor elementor-10749\">\n\t\t\t\t\t\t<section class=\"elementor-section elementor-top-section elementor-element elementor-element-2cc8483 elementor-section-boxed elementor-section-height-default elementor-section-height-default\" data-id=\"2cc8483\" data-element_type=\"section\" data-e-type=\"section\">\n\t\t\t\t\t\t<div class=\"elementor-container elementor-column-gap-default\">\n\t\t\t\t\t<div class=\"elementor-column elementor-col-100 elementor-top-column elementor-element elementor-element-5040873\" data-id=\"5040873\" data-element_type=\"column\" data-e-type=\"column\">\n\t\t\t<div class=\"elementor-widget-wrap elementor-element-populated\">\n\t\t\t\t\t\t<div class=\"elementor-element elementor-element-48f6eb4 elementor-widget elementor-widget-heading\" data-id=\"48f6eb4\" data-element_type=\"widget\" data-e-type=\"widget\" data-widget_type=\"heading.default\">\n\t\t\t\t<div class=\"elementor-widget-container\">\n\t\t\t\t\t<h1 class=\"elementor-heading-title elementor-size-default\">Oferta Educativa<\/h1>\t\t\t\t<\/div>\n\t\t\t\t<\/div>\n\t\t\t\t\t<\/div>\n\t\t<\/div>\n\t\t\t\t\t<\/div>\n\t\t<\/section>\n\t\t\t\t<section class=\"elementor-section elementor-top-section elementor-element elementor-element-1813123 elementor-section-boxed elementor-section-height-default elementor-section-height-default\" data-id=\"1813123\" data-element_type=\"section\" data-e-type=\"section\">\n\t\t\t\t\t\t<div class=\"elementor-container elementor-column-gap-default\">\n\t\t\t\t\t<div class=\"elementor-column elementor-col-100 elementor-top-column elementor-element elementor-element-379939d\" data-id=\"379939d\" data-element_type=\"column\" data-e-type=\"column\">\n\t\t\t<div class=\"elementor-widget-wrap elementor-element-populated\">\n\t\t\t\t\t\t<div class=\"elementor-element elementor-element-9f5ac36 elementor-widget elementor-widget-image\" data-id=\"9f5ac36\" data-element_type=\"widget\" data-e-type=\"widget\" data-widget_type=\"image.default\">\n\t\t\t\t<div class=\"elementor-widget-container\">\n\t\t\t\t\t\t\t\t\t\t\t\t\t\t\t<img fetchpriority=\"high\" decoding=\"async\" width=\"945\" height=\"630\" src=\"https:\/\/educacionbilingue.gob.ec\/wp-content\/uploads\/2023\/05\/Oferta-educativa-1024x683.jpg\" class=\"elementor-animation-shrink attachment-large size-large wp-image-10751\" alt=\"\" srcset=\"https:\/\/educacionbilingue.gob.ec\/wp-content\/uploads\/2023\/05\/Oferta-educativa-1024x683.jpg 1024w, https:\/\/educacionbilingue.gob.ec\/wp-content\/uploads\/2023\/05\/Oferta-educativa-300x200.jpg 300w, https:\/\/educacionbilingue.gob.ec\/wp-content\/uploads\/2023\/05\/Oferta-educativa-768x512.jpg 768w, https:\/\/educacionbilingue.gob.ec\/wp-content\/uploads\/2023\/05\/Oferta-educativa-1536x1024.jpg 1536w, https:\/\/educacionbilingue.gob.ec\/wp-content\/uploads\/2023\/05\/Oferta-educativa.jpg 2048w\" sizes=\"(max-width: 945px) 100vw, 945px\" \/>\t\t\t\t\t\t\t\t\t\t\t\t\t\t\t<\/div>\n\t\t\t\t<\/div>\n\t\t\t\t<div class=\"elementor-element elementor-element-c22d769 elementor-widget elementor-widget-text-editor\" data-id=\"c22d769\" data-element_type=\"widget\" data-e-type=\"widget\" data-widget_type=\"text-editor.default\">\n\t\t\t\t<div class=\"elementor-widget-container\">\n\t\t\t\t\t\t\t\t\t<h3><strong>Educaci\u00f3n General B\u00e1sica Intercultural biling\u00fce<\/strong><\/h3>\t\t\t\t\t\t\t\t<\/div>\n\t\t\t\t<\/div>\n\t\t\t\t\t<\/div>\n\t\t<\/div>\n\t\t\t\t\t<\/div>\n\t\t<\/section>\n\t\t\t\t<section class=\"elementor-section elementor-top-section elementor-element elementor-element-3ad7805 elementor-section-boxed elementor-section-height-default elementor-section-height-default\" data-id=\"3ad7805\" data-element_type=\"section\" data-e-type=\"section\">\n\t\t\t\t\t\t<div class=\"elementor-container elementor-column-gap-default\">\n\t\t\t\t\t<div class=\"elementor-column elementor-col-50 elementor-top-column elementor-element elementor-element-91c4d4d\" data-id=\"91c4d4d\" data-element_type=\"column\" data-e-type=\"column\">\n\t\t\t<div class=\"elementor-widget-wrap elementor-element-populated\">\n\t\t\t\t\t\t<div class=\"elementor-element elementor-element-cb8a1cc elementor-widget elementor-widget-heading\" data-id=\"cb8a1cc\" data-element_type=\"widget\" data-e-type=\"widget\" data-widget_type=\"heading.default\">\n\t\t\t\t<div class=\"elementor-widget-container\">\n\t\t\t\t\t<h1 class=\"elementor-heading-title elementor-size-default\">EIFC<\/h1>\t\t\t\t<\/div>\n\t\t\t\t<\/div>\n\t\t\t\t<div class=\"elementor-element elementor-element-54d370e elementor-widget elementor-widget-text-editor\" data-id=\"54d370e\" data-element_type=\"widget\" data-e-type=\"widget\" data-widget_type=\"text-editor.default\">\n\t\t\t\t<div class=\"elementor-widget-container\">\n\t\t\t\t\t\t\t\t\t<p>EIFC: La <strong>Educaci\u00f3n Infantil Familiar y Comunitaria<\/strong>, esta etapa comprende desde la formaci\u00f3n de la pareja, embarazo, parto, atenci\u00f3n y desarrollo del ni\u00f1o hasta los cinco a\u00f1os de edad. Este proceso educativo requiere la participaci\u00f3n de la familia y la comunidad (abuelos, t\u00edos, padres, madres, hermanos y otros parientes cercanos, sabios y parteras) y profesionales de la salud en la formaci\u00f3n de la personalidad y la construcci\u00f3n de la identidad y autoestima de la ni\u00f1a y el ni\u00f1o.<\/p>\t\t\t\t\t\t\t\t<\/div>\n\t\t\t\t<\/div>\n\t\t\t\t\t<\/div>\n\t\t<\/div>\n\t\t\t\t<div class=\"elementor-column elementor-col-50 elementor-top-column elementor-element elementor-element-c69fbcf\" data-id=\"c69fbcf\" data-element_type=\"column\" data-e-type=\"column\">\n\t\t\t<div class=\"elementor-widget-wrap elementor-element-populated\">\n\t\t\t\t\t\t<div class=\"elementor-element elementor-element-b8809e5 elementor-widget elementor-widget-image\" data-id=\"b8809e5\" data-element_type=\"widget\" data-e-type=\"widget\" data-widget_type=\"image.default\">\n\t\t\t\t<div class=\"elementor-widget-container\">\n\t\t\t\t\t\t\t\t\t\t\t\t\t\t\t<img decoding=\"async\" width=\"799\" height=\"533\" src=\"https:\/\/educacionbilingue.gob.ec\/wp-content\/uploads\/2023\/05\/EIFC.jpg\" class=\"elementor-animation-shrink attachment-large size-large wp-image-10753\" alt=\"\" srcset=\"https:\/\/educacionbilingue.gob.ec\/wp-content\/uploads\/2023\/05\/EIFC.jpg 799w, https:\/\/educacionbilingue.gob.ec\/wp-content\/uploads\/2023\/05\/EIFC-300x200.jpg 300w, https:\/\/educacionbilingue.gob.ec\/wp-content\/uploads\/2023\/05\/EIFC-768x512.jpg 768w\" sizes=\"(max-width: 799px) 100vw, 799px\" \/>\t\t\t\t\t\t\t\t\t\t\t\t\t\t\t<\/div>\n\t\t\t\t<\/div>\n\t\t\t\t\t<\/div>\n\t\t<\/div>\n\t\t\t\t\t<\/div>\n\t\t<\/section>\n\t\t\t\t<section class=\"elementor-section elementor-top-section elementor-element elementor-element-f2bcc85 elementor-section-boxed elementor-section-height-default elementor-section-height-default\" data-id=\"f2bcc85\" data-element_type=\"section\" data-e-type=\"section\">\n\t\t\t\t\t\t<div class=\"elementor-container elementor-column-gap-default\">\n\t\t\t\t\t<div class=\"elementor-column elementor-col-50 elementor-top-column elementor-element elementor-element-ce268cb\" data-id=\"ce268cb\" data-element_type=\"column\" data-e-type=\"column\">\n\t\t\t<div class=\"elementor-widget-wrap elementor-element-populated\">\n\t\t\t\t\t\t<div class=\"elementor-element elementor-element-2b3ed82 elementor-widget elementor-widget-image\" data-id=\"2b3ed82\" data-element_type=\"widget\" data-e-type=\"widget\" data-widget_type=\"image.default\">\n\t\t\t\t<div class=\"elementor-widget-container\">\n\t\t\t\t\t\t\t\t\t\t\t\t\t\t\t<img decoding=\"async\" width=\"799\" height=\"533\" src=\"https:\/\/educacionbilingue.gob.ec\/wp-content\/uploads\/2023\/05\/IPS.jpg\" class=\"elementor-animation-shrink attachment-large size-large wp-image-10754\" alt=\"\" srcset=\"https:\/\/educacionbilingue.gob.ec\/wp-content\/uploads\/2023\/05\/IPS.jpg 799w, https:\/\/educacionbilingue.gob.ec\/wp-content\/uploads\/2023\/05\/IPS-300x200.jpg 300w, https:\/\/educacionbilingue.gob.ec\/wp-content\/uploads\/2023\/05\/IPS-768x512.jpg 768w\" sizes=\"(max-width: 799px) 100vw, 799px\" \/>\t\t\t\t\t\t\t\t\t\t\t\t\t\t\t<\/div>\n\t\t\t\t<\/div>\n\t\t\t\t\t<\/div>\n\t\t<\/div>\n\t\t\t\t<div class=\"elementor-column elementor-col-50 elementor-top-column elementor-element elementor-element-fc163e3\" data-id=\"fc163e3\" data-element_type=\"column\" data-e-type=\"column\">\n\t\t\t<div class=\"elementor-widget-wrap elementor-element-populated\">\n\t\t\t\t\t\t<div class=\"elementor-element elementor-element-610e3d6 elementor-widget elementor-widget-heading\" data-id=\"610e3d6\" data-element_type=\"widget\" data-e-type=\"widget\" data-widget_type=\"heading.default\">\n\t\t\t\t<div class=\"elementor-widget-container\">\n\t\t\t\t\t<h1 class=\"elementor-heading-title elementor-size-default\">IPS<\/h1>\t\t\t\t<\/div>\n\t\t\t\t<\/div>\n\t\t\t\t<div class=\"elementor-element elementor-element-c1eaa86 elementor-widget elementor-widget-text-editor\" data-id=\"c1eaa86\" data-element_type=\"widget\" data-e-type=\"widget\" data-widget_type=\"text-editor.default\">\n\t\t\t\t<div class=\"elementor-widget-container\">\n\t\t\t\t\t\t\t\t\t<p>IPS: La <strong>Inserci\u00f3n a los Procesos Semi\u00f3ticos<\/strong>, est\u00e1 destinada a fortalecer conceptos b\u00e1sicos de espacio-tiempo, as\u00ed como de la motricidad gruesa y fina para el manejo de los c\u00f3digos de lectura y escritura en lengua de las nacionalida-des, matem\u00e1tica y el conocimiento del entorno comunitario. Esta etapa incluye el conocimiento de su propio cuerpo, sus emociones y sus sentimientos.<\/p>\t\t\t\t\t\t\t\t<\/div>\n\t\t\t\t<\/div>\n\t\t\t\t\t<\/div>\n\t\t<\/div>\n\t\t\t\t\t<\/div>\n\t\t<\/section>\n\t\t\t\t<section class=\"elementor-section elementor-top-section elementor-element elementor-element-0d5dbec elementor-section-boxed elementor-section-height-default elementor-section-height-default\" data-id=\"0d5dbec\" data-element_type=\"section\" data-e-type=\"section\">\n\t\t\t\t\t\t<div class=\"elementor-container elementor-column-gap-default\">\n\t\t\t\t\t<div class=\"elementor-column elementor-col-50 elementor-top-column elementor-element elementor-element-72f38ba\" data-id=\"72f38ba\" data-element_type=\"column\" data-e-type=\"column\">\n\t\t\t<div class=\"elementor-widget-wrap elementor-element-populated\">\n\t\t\t\t\t\t<div class=\"elementor-element elementor-element-fcaf150 elementor-widget elementor-widget-heading\" data-id=\"fcaf150\" data-element_type=\"widget\" data-e-type=\"widget\" data-widget_type=\"heading.default\">\n\t\t\t\t<div class=\"elementor-widget-container\">\n\t\t\t\t\t<h1 class=\"elementor-heading-title elementor-size-default\">FCAP<\/h1>\t\t\t\t<\/div>\n\t\t\t\t<\/div>\n\t\t\t\t<div class=\"elementor-element elementor-element-cf16d88 elementor-widget elementor-widget-text-editor\" data-id=\"cf16d88\" data-element_type=\"widget\" data-e-type=\"widget\" data-widget_type=\"text-editor.default\">\n\t\t\t\t<div class=\"elementor-widget-container\">\n\t\t\t\t\t\t\t\t\t<p>FCAP: El <strong>Fortalecimiento Cognitivo, Afectivo y Psicomotriz<\/strong>, comprende el desarrollo y dominio de los c\u00f3digos relacionados con la lectura y escritura y las matem\u00e1ticas, as\u00ed como, de las habilidades ling\u00fc\u00edsticas en lengua de las nacionalidades y el castellano oral como segunda lengua. Se centra en el conocimiento y manejo del ciclo agroecol\u00f3gico y festivo de la nacionalidad respectiva.<\/p>\t\t\t\t\t\t\t\t<\/div>\n\t\t\t\t<\/div>\n\t\t\t\t\t<\/div>\n\t\t<\/div>\n\t\t\t\t<div class=\"elementor-column elementor-col-50 elementor-top-column elementor-element elementor-element-b66e8b0\" data-id=\"b66e8b0\" data-element_type=\"column\" data-e-type=\"column\">\n\t\t\t<div class=\"elementor-widget-wrap elementor-element-populated\">\n\t\t\t\t\t\t<div class=\"elementor-element elementor-element-7d81a60 elementor-widget elementor-widget-image\" data-id=\"7d81a60\" data-element_type=\"widget\" data-e-type=\"widget\" data-widget_type=\"image.default\">\n\t\t\t\t<div class=\"elementor-widget-container\">\n\t\t\t\t\t\t\t\t\t\t\t\t\t\t\t<img loading=\"lazy\" decoding=\"async\" width=\"799\" height=\"533\" src=\"https:\/\/educacionbilingue.gob.ec\/wp-content\/uploads\/2023\/05\/FCAP.jpg\" class=\"elementor-animation-shrink attachment-large size-large wp-image-10755\" alt=\"\" srcset=\"https:\/\/educacionbilingue.gob.ec\/wp-content\/uploads\/2023\/05\/FCAP.jpg 799w, https:\/\/educacionbilingue.gob.ec\/wp-content\/uploads\/2023\/05\/FCAP-300x200.jpg 300w, https:\/\/educacionbilingue.gob.ec\/wp-content\/uploads\/2023\/05\/FCAP-768x512.jpg 768w\" sizes=\"(max-width: 799px) 100vw, 799px\" \/>\t\t\t\t\t\t\t\t\t\t\t\t\t\t\t<\/div>\n\t\t\t\t<\/div>\n\t\t\t\t\t<\/div>\n\t\t<\/div>\n\t\t\t\t\t<\/div>\n\t\t<\/section>\n\t\t\t\t<section class=\"elementor-section elementor-top-section elementor-element elementor-element-7654418 elementor-section-boxed elementor-section-height-default elementor-section-height-default\" data-id=\"7654418\" data-element_type=\"section\" data-e-type=\"section\">\n\t\t\t\t\t\t<div class=\"elementor-container elementor-column-gap-default\">\n\t\t\t\t\t<div class=\"elementor-column elementor-col-50 elementor-top-column elementor-element elementor-element-e33c9f2\" data-id=\"e33c9f2\" data-element_type=\"column\" data-e-type=\"column\">\n\t\t\t<div class=\"elementor-widget-wrap elementor-element-populated\">\n\t\t\t\t\t\t<div class=\"elementor-element elementor-element-59dd619 elementor-widget elementor-widget-image\" data-id=\"59dd619\" data-element_type=\"widget\" data-e-type=\"widget\" data-widget_type=\"image.default\">\n\t\t\t\t<div class=\"elementor-widget-container\">\n\t\t\t\t\t\t\t\t\t\t\t\t\t\t\t<img loading=\"lazy\" decoding=\"async\" width=\"799\" height=\"533\" src=\"https:\/\/educacionbilingue.gob.ec\/wp-content\/uploads\/2023\/05\/DDTE.jpg\" class=\"elementor-animation-shrink attachment-large size-large wp-image-10756\" alt=\"\" srcset=\"https:\/\/educacionbilingue.gob.ec\/wp-content\/uploads\/2023\/05\/DDTE.jpg 799w, https:\/\/educacionbilingue.gob.ec\/wp-content\/uploads\/2023\/05\/DDTE-300x200.jpg 300w, https:\/\/educacionbilingue.gob.ec\/wp-content\/uploads\/2023\/05\/DDTE-768x512.jpg 768w\" sizes=\"(max-width: 799px) 100vw, 799px\" \/>\t\t\t\t\t\t\t\t\t\t\t\t\t\t\t<\/div>\n\t\t\t\t<\/div>\n\t\t\t\t\t<\/div>\n\t\t<\/div>\n\t\t\t\t<div class=\"elementor-column elementor-col-50 elementor-top-column elementor-element elementor-element-336a611\" data-id=\"336a611\" data-element_type=\"column\" data-e-type=\"column\">\n\t\t\t<div class=\"elementor-widget-wrap elementor-element-populated\">\n\t\t\t\t\t\t<div class=\"elementor-element elementor-element-8c4c79c elementor-widget elementor-widget-heading\" data-id=\"8c4c79c\" data-element_type=\"widget\" data-e-type=\"widget\" data-widget_type=\"heading.default\">\n\t\t\t\t<div class=\"elementor-widget-container\">\n\t\t\t\t\t<h1 class=\"elementor-heading-title elementor-size-default\">DDTE<\/h1>\t\t\t\t<\/div>\n\t\t\t\t<\/div>\n\t\t\t\t<div class=\"elementor-element elementor-element-247d5d3 elementor-widget elementor-widget-text-editor\" data-id=\"247d5d3\" data-element_type=\"widget\" data-e-type=\"widget\" data-widget_type=\"text-editor.default\">\n\t\t\t\t<div class=\"elementor-widget-container\">\n\t\t\t\t\t\t\t\t\t<p>DDTE: El <strong>Desarrollo de las Destrezas y T\u00e9cnicas de Estudio<\/strong>, potencia las capacidades y el gusto por el estudio y la investigaci\u00f3n, afianza el desarrollo de las expresiones culturales y las tecnolog\u00edas apropiadas.<\/p>\t\t\t\t\t\t\t\t<\/div>\n\t\t\t\t<\/div>\n\t\t\t\t\t<\/div>\n\t\t<\/div>\n\t\t\t\t\t<\/div>\n\t\t<\/section>\n\t\t\t\t<section class=\"elementor-section elementor-top-section elementor-element elementor-element-8b4610a elementor-section-boxed elementor-section-height-default elementor-section-height-default\" data-id=\"8b4610a\" data-element_type=\"section\" data-e-type=\"section\">\n\t\t\t\t\t\t<div class=\"elementor-container elementor-column-gap-default\">\n\t\t\t\t\t<div class=\"elementor-column elementor-col-50 elementor-top-column elementor-element elementor-element-d3de27d\" data-id=\"d3de27d\" data-element_type=\"column\" data-e-type=\"column\">\n\t\t\t<div class=\"elementor-widget-wrap elementor-element-populated\">\n\t\t\t\t\t\t<div class=\"elementor-element elementor-element-9767299 elementor-widget elementor-widget-heading\" data-id=\"9767299\" data-element_type=\"widget\" data-e-type=\"widget\" data-widget_type=\"heading.default\">\n\t\t\t\t<div class=\"elementor-widget-container\">\n\t\t\t\t\t<h1 class=\"elementor-heading-title elementor-size-default\">PAI<\/h1>\t\t\t\t<\/div>\n\t\t\t\t<\/div>\n\t\t\t\t<div class=\"elementor-element elementor-element-a2983dc elementor-widget elementor-widget-text-editor\" data-id=\"a2983dc\" data-element_type=\"widget\" data-e-type=\"widget\" data-widget_type=\"text-editor.default\">\n\t\t\t\t<div class=\"elementor-widget-container\">\n\t\t\t\t\t\t\t\t\t<p>PAI: Los <strong>Procesos de Aprendizaje Investigativo<\/strong>, comprende el desarrollo de las diferentes actividades de emprendimiento en los aspectos relacionados con su vida familiar y comunitaria, en el marco de la cosmovisi\u00f3n y vida sustentable desde la perspectiva de la nacionalidad.<\/p>\t\t\t\t\t\t\t\t<\/div>\n\t\t\t\t<\/div>\n\t\t\t\t\t<\/div>\n\t\t<\/div>\n\t\t\t\t<div class=\"elementor-column elementor-col-50 elementor-top-column elementor-element elementor-element-8844cb7\" data-id=\"8844cb7\" data-element_type=\"column\" data-e-type=\"column\">\n\t\t\t<div class=\"elementor-widget-wrap elementor-element-populated\">\n\t\t\t\t\t\t<div class=\"elementor-element elementor-element-3140e4a elementor-widget elementor-widget-image\" data-id=\"3140e4a\" data-element_type=\"widget\" data-e-type=\"widget\" data-widget_type=\"image.default\">\n\t\t\t\t<div class=\"elementor-widget-container\">\n\t\t\t\t\t\t\t\t\t\t\t\t\t\t\t<img loading=\"lazy\" decoding=\"async\" width=\"945\" height=\"631\" src=\"https:\/\/educacionbilingue.gob.ec\/wp-content\/uploads\/2023\/05\/PAI-1024x684.jpeg\" class=\"elementor-animation-shrink attachment-large size-large wp-image-10757\" alt=\"\" srcset=\"https:\/\/educacionbilingue.gob.ec\/wp-content\/uploads\/2023\/05\/PAI-1024x684.jpeg 1024w, https:\/\/educacionbilingue.gob.ec\/wp-content\/uploads\/2023\/05\/PAI-300x200.jpeg 300w, https:\/\/educacionbilingue.gob.ec\/wp-content\/uploads\/2023\/05\/PAI-768x513.jpeg 768w, https:\/\/educacionbilingue.gob.ec\/wp-content\/uploads\/2023\/05\/PAI.jpeg 1280w\" sizes=\"(max-width: 945px) 100vw, 945px\" \/>\t\t\t\t\t\t\t\t\t\t\t\t\t\t\t<\/div>\n\t\t\t\t<\/div>\n\t\t\t\t\t<\/div>\n\t\t<\/div>\n\t\t\t\t\t<\/div>\n\t\t<\/section>\n\t\t\t\t<section class=\"elementor-section elementor-top-section elementor-element elementor-element-4b135f2 elementor-section-boxed elementor-section-height-default elementor-section-height-default\" data-id=\"4b135f2\" data-element_type=\"section\" data-e-type=\"section\">\n\t\t\t\t\t\t<div class=\"elementor-container elementor-column-gap-default\">\n\t\t\t\t\t<div class=\"elementor-column elementor-col-50 elementor-top-column elementor-element elementor-element-2bea2f9\" data-id=\"2bea2f9\" data-element_type=\"column\" data-e-type=\"column\">\n\t\t\t<div class=\"elementor-widget-wrap elementor-element-populated\">\n\t\t\t\t\t\t<div class=\"elementor-element elementor-element-c5d36c8 elementor-widget elementor-widget-image\" data-id=\"c5d36c8\" data-element_type=\"widget\" data-e-type=\"widget\" data-widget_type=\"image.default\">\n\t\t\t\t<div class=\"elementor-widget-container\">\n\t\t\t\t\t\t\t\t\t\t\t\t\t\t\t<img loading=\"lazy\" decoding=\"async\" width=\"799\" height=\"533\" src=\"https:\/\/educacionbilingue.gob.ec\/wp-content\/uploads\/2023\/05\/Bachillerato.jpg\" class=\"elementor-animation-shrink attachment-large size-large wp-image-10752\" alt=\"\" srcset=\"https:\/\/educacionbilingue.gob.ec\/wp-content\/uploads\/2023\/05\/Bachillerato.jpg 799w, https:\/\/educacionbilingue.gob.ec\/wp-content\/uploads\/2023\/05\/Bachillerato-300x200.jpg 300w, https:\/\/educacionbilingue.gob.ec\/wp-content\/uploads\/2023\/05\/Bachillerato-768x512.jpg 768w\" sizes=\"(max-width: 799px) 100vw, 799px\" \/>\t\t\t\t\t\t\t\t\t\t\t\t\t\t\t<\/div>\n\t\t\t\t<\/div>\n\t\t\t\t\t<\/div>\n\t\t<\/div>\n\t\t\t\t<div class=\"elementor-column elementor-col-50 elementor-top-column elementor-element elementor-element-0963504\" data-id=\"0963504\" data-element_type=\"column\" data-e-type=\"column\">\n\t\t\t<div class=\"elementor-widget-wrap elementor-element-populated\">\n\t\t\t\t\t\t<div class=\"elementor-element elementor-element-00e8b0c elementor-widget elementor-widget-heading\" data-id=\"00e8b0c\" data-element_type=\"widget\" data-e-type=\"widget\" data-widget_type=\"heading.default\">\n\t\t\t\t<div class=\"elementor-widget-container\">\n\t\t\t\t\t<h1 class=\"elementor-heading-title elementor-size-default\">FIEC<\/h1>\t\t\t\t<\/div>\n\t\t\t\t<\/div>\n\t\t\t\t<div class=\"elementor-element elementor-element-36e5aa3 elementor-widget elementor-widget-text-editor\" data-id=\"36e5aa3\" data-element_type=\"widget\" data-e-type=\"widget\" data-widget_type=\"text-editor.default\">\n\t\t\t\t<div class=\"elementor-widget-container\">\n\t\t\t\t\t\t\t\t\t<p>FIEC: La <strong>Formaci\u00f3n Integral y Emprendimiento Comunitario,<\/strong> emprende una formaci\u00f3n integral multifac\u00e9tica de convivencia comunitaria y social, prepara y orienta para el trabajo, el emprendimiento y para el acceso a la Educaci\u00f3n Superior. Comprende el bachillerato en ciencias y el bachillerato t\u00e9cnico, este \u00faltimo con sus respectivas especializaciones o figuras profesionales.<\/p>\t\t\t\t\t\t\t\t<\/div>\n\t\t\t\t<\/div>\n\t\t\t\t\t<\/div>\n\t\t<\/div>\n\t\t\t\t\t<\/div>\n\t\t<\/section>\n\t\t\t\t<\/div>\n\t\t","protected":false},"excerpt":{"rendered":"<p class=\"excerpt\">Oferta Educativa Educaci\u00f3n General B\u00e1sica Intercultural biling\u00fce EIFC EIFC: La Educaci\u00f3n Infantil Familiar y Comunitaria, esta etapa comprende desde la formaci\u00f3n de la pareja, embarazo, parto, atenci\u00f3n y desarrollo del ni\u00f1o hasta los cinco a\u00f1os de edad. Este proceso educativo requiere la participaci\u00f3n de la familia y la comunidad (abuelos, t\u00edos, padres, madres, hermanos y otros parientes cercanos, sabios y&hellip; <a href=\"https:\/\/educacionbilingue.gob.ec\/?page_id=10749\">Read more &rarr;<\/a><\/p>\n","protected":false},"author":330,"featured_media":0,"parent":0,"menu_order":0,"comment_status":"closed","ping_status":"closed","template":"","meta":{"footnotes":""},"class_list":["post-10749","page","type-page","status-publish","hentry","xfolkentry"],"yoast_head":"<!-- This site is optimized with the Yoast SEO plugin v27.4 - https:\/\/yoast.com\/product\/yoast-seo-wordpress\/ -->\n<title>Oferta Educativa - SEIBE - Secretar\u00eda de Educaci\u00f3n Intercultural Biling\u00fce y la Etnoeducaci\u00f3n<\/title>\n<meta name=\"robots\" content=\"index, follow, max-snippet:-1, max-image-preview:large, max-video-preview:-1\" \/>\n<link rel=\"canonical\" href=\"https:\/\/educacionbilingue.gob.ec\/?page_id=10749\" \/>\n<meta property=\"og:locale\" content=\"es_ES\" \/>\n<meta property=\"og:type\" content=\"article\" \/>\n<meta property=\"og:title\" content=\"Oferta Educativa - SEIBE - Secretar\u00eda de Educaci\u00f3n Intercultural Biling\u00fce y la Etnoeducaci\u00f3n\" \/>\n<meta property=\"og:description\" content=\"Oferta Educativa Educaci\u00f3n General B\u00e1sica Intercultural biling\u00fce EIFC EIFC: La Educaci\u00f3n Infantil Familiar y Comunitaria, esta etapa comprende desde la formaci\u00f3n de la pareja, embarazo, parto, atenci\u00f3n y desarrollo del ni\u00f1o hasta los cinco a\u00f1os de edad. Este proceso educativo requiere la participaci\u00f3n de la familia y la comunidad (abuelos, t\u00edos, padres, madres, hermanos y otros parientes cercanos, sabios y&hellip; Read more &rarr;\" \/>\n<meta property=\"og:url\" content=\"https:\/\/educacionbilingue.gob.ec\/?page_id=10749\" \/>\n<meta property=\"og:site_name\" content=\"SEIBE - Secretar\u00eda de Educaci\u00f3n Intercultural Biling\u00fce y la Etnoeducaci\u00f3n\" \/>\n<meta property=\"article:publisher\" content=\"https:\/\/www.facebook.com\/SEIBEec\/\" \/>\n<meta property=\"article:modified_time\" content=\"2025-05-09T17:27:19+00:00\" \/>\n<meta property=\"og:image\" content=\"https:\/\/educacionbilingue.gob.ec\/wp-content\/uploads\/2023\/05\/Oferta-educativa-1024x683.jpg\" \/>\n<meta name=\"twitter:card\" content=\"summary_large_image\" \/>\n<meta name=\"twitter:label1\" content=\"Tiempo de lectura\" \/>\n\t<meta name=\"twitter:data1\" content=\"3 minutos\" \/>\n<script type=\"application\/ld+json\" class=\"yoast-schema-graph\">{\"@context\":\"https:\\\/\\\/schema.org\",\"@graph\":[{\"@type\":\"WebPage\",\"@id\":\"https:\\\/\\\/educacionbilingue.gob.ec\\\/?page_id=10749\",\"url\":\"https:\\\/\\\/educacionbilingue.gob.ec\\\/?page_id=10749\",\"name\":\"Oferta Educativa - SEIBE - Secretar\u00eda de Educaci\u00f3n Intercultural Biling\u00fce y la Etnoeducaci\u00f3n\",\"isPartOf\":{\"@id\":\"https:\\\/\\\/educacionbilingue.gob.ec\\\/#website\"},\"primaryImageOfPage\":{\"@id\":\"https:\\\/\\\/educacionbilingue.gob.ec\\\/?page_id=10749#primaryimage\"},\"image\":{\"@id\":\"https:\\\/\\\/educacionbilingue.gob.ec\\\/?page_id=10749#primaryimage\"},\"thumbnailUrl\":\"https:\\\/\\\/educacionbilingue.gob.ec\\\/wp-content\\\/uploads\\\/2023\\\/05\\\/Oferta-educativa-1024x683.jpg\",\"datePublished\":\"2023-05-17T17:54:21+00:00\",\"dateModified\":\"2025-05-09T17:27:19+00:00\",\"breadcrumb\":{\"@id\":\"https:\\\/\\\/educacionbilingue.gob.ec\\\/?page_id=10749#breadcrumb\"},\"inLanguage\":\"es\",\"potentialAction\":[{\"@type\":\"ReadAction\",\"target\":[\"https:\\\/\\\/educacionbilingue.gob.ec\\\/?page_id=10749\"]}]},{\"@type\":\"ImageObject\",\"inLanguage\":\"es\",\"@id\":\"https:\\\/\\\/educacionbilingue.gob.ec\\\/?page_id=10749#primaryimage\",\"url\":\"https:\\\/\\\/educacionbilingue.gob.ec\\\/wp-content\\\/uploads\\\/2023\\\/05\\\/Oferta-educativa.jpg\",\"contentUrl\":\"https:\\\/\\\/educacionbilingue.gob.ec\\\/wp-content\\\/uploads\\\/2023\\\/05\\\/Oferta-educativa.jpg\",\"width\":2048,\"height\":1365},{\"@type\":\"BreadcrumbList\",\"@id\":\"https:\\\/\\\/educacionbilingue.gob.ec\\\/?page_id=10749#breadcrumb\",\"itemListElement\":[{\"@type\":\"ListItem\",\"position\":1,\"name\":\"Portada\",\"item\":\"https:\\\/\\\/educacionbilingue.gob.ec\\\/\"},{\"@type\":\"ListItem\",\"position\":2,\"name\":\"Oferta Educativa\"}]},{\"@type\":\"WebSite\",\"@id\":\"https:\\\/\\\/educacionbilingue.gob.ec\\\/#website\",\"url\":\"https:\\\/\\\/educacionbilingue.gob.ec\\\/\",\"name\":\"SEIBE - Secretar\u00eda de Educaci\u00f3n Intercultural Biling\u00fce y la Etnoeducaci\u00f3n\",\"description\":\"Secretar\u00eda de Educaci\u00f3n Intercultural Biling\u00fce y la Etnoeducaci\u00f3n\",\"publisher\":{\"@id\":\"https:\\\/\\\/educacionbilingue.gob.ec\\\/#organization\"},\"alternateName\":\"SEIBE\",\"potentialAction\":[{\"@type\":\"SearchAction\",\"target\":{\"@type\":\"EntryPoint\",\"urlTemplate\":\"https:\\\/\\\/educacionbilingue.gob.ec\\\/?s={search_term_string}\"},\"query-input\":{\"@type\":\"PropertyValueSpecification\",\"valueRequired\":true,\"valueName\":\"search_term_string\"}}],\"inLanguage\":\"es\"},{\"@type\":\"Organization\",\"@id\":\"https:\\\/\\\/educacionbilingue.gob.ec\\\/#organization\",\"name\":\"SEIBE - Secretar\u00eda de Educaci\u00f3n Intercultural Biling\u00fce y la Etnoeducaci\u00f3n\",\"url\":\"https:\\\/\\\/educacionbilingue.gob.ec\\\/\",\"logo\":{\"@type\":\"ImageObject\",\"inLanguage\":\"es\",\"@id\":\"https:\\\/\\\/educacionbilingue.gob.ec\\\/#\\\/schema\\\/logo\\\/image\\\/\",\"url\":\"https:\\\/\\\/educacionbilingue.gob.ec\\\/wp-content\\\/uploads\\\/2025\\\/05\\\/logo-horizontal@4x.png\",\"contentUrl\":\"https:\\\/\\\/educacionbilingue.gob.ec\\\/wp-content\\\/uploads\\\/2025\\\/05\\\/logo-horizontal@4x.png\",\"width\":1889,\"height\":456,\"caption\":\"SEIBE - Secretar\u00eda de Educaci\u00f3n Intercultural Biling\u00fce y la Etnoeducaci\u00f3n\"},\"image\":{\"@id\":\"https:\\\/\\\/educacionbilingue.gob.ec\\\/#\\\/schema\\\/logo\\\/image\\\/\"},\"sameAs\":[\"https:\\\/\\\/www.facebook.com\\\/SEIBEec\\\/\"]}]}<\/script>\n<!-- \/ Yoast SEO plugin. -->","yoast_head_json":{"title":"Oferta Educativa - SEIBE - Secretar\u00eda de Educaci\u00f3n Intercultural Biling\u00fce y la Etnoeducaci\u00f3n","robots":{"index":"index","follow":"follow","max-snippet":"max-snippet:-1","max-image-preview":"max-image-preview:large","max-video-preview":"max-video-preview:-1"},"canonical":"https:\/\/educacionbilingue.gob.ec\/?page_id=10749","og_locale":"es_ES","og_type":"article","og_title":"Oferta Educativa - SEIBE - Secretar\u00eda de Educaci\u00f3n Intercultural Biling\u00fce y la Etnoeducaci\u00f3n","og_description":"Oferta Educativa Educaci\u00f3n General B\u00e1sica Intercultural biling\u00fce EIFC EIFC: La Educaci\u00f3n Infantil Familiar y Comunitaria, esta etapa comprende desde la formaci\u00f3n de la pareja, embarazo, parto, atenci\u00f3n y desarrollo del ni\u00f1o hasta los cinco a\u00f1os de edad. Este proceso educativo requiere la participaci\u00f3n de la familia y la comunidad (abuelos, t\u00edos, padres, madres, hermanos y otros parientes cercanos, sabios y&hellip; Read more &rarr;","og_url":"https:\/\/educacionbilingue.gob.ec\/?page_id=10749","og_site_name":"SEIBE - Secretar\u00eda de Educaci\u00f3n Intercultural Biling\u00fce y la Etnoeducaci\u00f3n","article_publisher":"https:\/\/www.facebook.com\/SEIBEec\/","article_modified_time":"2025-05-09T17:27:19+00:00","og_image":[{"url":"https:\/\/educacionbilingue.gob.ec\/wp-content\/uploads\/2023\/05\/Oferta-educativa-1024x683.jpg","type":"","width":"","height":""}],"twitter_card":"summary_large_image","twitter_misc":{"Tiempo de lectura":"3 minutos"},"schema":{"@context":"https:\/\/schema.org","@graph":[{"@type":"WebPage","@id":"https:\/\/educacionbilingue.gob.ec\/?page_id=10749","url":"https:\/\/educacionbilingue.gob.ec\/?page_id=10749","name":"Oferta Educativa - SEIBE - Secretar\u00eda de Educaci\u00f3n Intercultural Biling\u00fce y la Etnoeducaci\u00f3n","isPartOf":{"@id":"https:\/\/educacionbilingue.gob.ec\/#website"},"primaryImageOfPage":{"@id":"https:\/\/educacionbilingue.gob.ec\/?page_id=10749#primaryimage"},"image":{"@id":"https:\/\/educacionbilingue.gob.ec\/?page_id=10749#primaryimage"},"thumbnailUrl":"https:\/\/educacionbilingue.gob.ec\/wp-content\/uploads\/2023\/05\/Oferta-educativa-1024x683.jpg","datePublished":"2023-05-17T17:54:21+00:00","dateModified":"2025-05-09T17:27:19+00:00","breadcrumb":{"@id":"https:\/\/educacionbilingue.gob.ec\/?page_id=10749#breadcrumb"},"inLanguage":"es","potentialAction":[{"@type":"ReadAction","target":["https:\/\/educacionbilingue.gob.ec\/?page_id=10749"]}]},{"@type":"ImageObject","inLanguage":"es","@id":"https:\/\/educacionbilingue.gob.ec\/?page_id=10749#primaryimage","url":"https:\/\/educacionbilingue.gob.ec\/wp-content\/uploads\/2023\/05\/Oferta-educativa.jpg","contentUrl":"https:\/\/educacionbilingue.gob.ec\/wp-content\/uploads\/2023\/05\/Oferta-educativa.jpg","width":2048,"height":1365},{"@type":"BreadcrumbList","@id":"https:\/\/educacionbilingue.gob.ec\/?page_id=10749#breadcrumb","itemListElement":[{"@type":"ListItem","position":1,"name":"Portada","item":"https:\/\/educacionbilingue.gob.ec\/"},{"@type":"ListItem","position":2,"name":"Oferta Educativa"}]},{"@type":"WebSite","@id":"https:\/\/educacionbilingue.gob.ec\/#website","url":"https:\/\/educacionbilingue.gob.ec\/","name":"SEIBE - Secretar\u00eda de Educaci\u00f3n Intercultural Biling\u00fce y la Etnoeducaci\u00f3n","description":"Secretar\u00eda de Educaci\u00f3n Intercultural Biling\u00fce y la Etnoeducaci\u00f3n","publisher":{"@id":"https:\/\/educacionbilingue.gob.ec\/#organization"},"alternateName":"SEIBE","potentialAction":[{"@type":"SearchAction","target":{"@type":"EntryPoint","urlTemplate":"https:\/\/educacionbilingue.gob.ec\/?s={search_term_string}"},"query-input":{"@type":"PropertyValueSpecification","valueRequired":true,"valueName":"search_term_string"}}],"inLanguage":"es"},{"@type":"Organization","@id":"https:\/\/educacionbilingue.gob.ec\/#organization","name":"SEIBE - Secretar\u00eda de Educaci\u00f3n Intercultural Biling\u00fce y la Etnoeducaci\u00f3n","url":"https:\/\/educacionbilingue.gob.ec\/","logo":{"@type":"ImageObject","inLanguage":"es","@id":"https:\/\/educacionbilingue.gob.ec\/#\/schema\/logo\/image\/","url":"https:\/\/educacionbilingue.gob.ec\/wp-content\/uploads\/2025\/05\/logo-horizontal@4x.png","contentUrl":"https:\/\/educacionbilingue.gob.ec\/wp-content\/uploads\/2025\/05\/logo-horizontal@4x.png","width":1889,"height":456,"caption":"SEIBE - Secretar\u00eda de Educaci\u00f3n Intercultural Biling\u00fce y la Etnoeducaci\u00f3n"},"image":{"@id":"https:\/\/educacionbilingue.gob.ec\/#\/schema\/logo\/image\/"},"sameAs":["https:\/\/www.facebook.com\/SEIBEec\/"]}]}},"_links":{"self":[{"href":"https:\/\/educacionbilingue.gob.ec\/index.php?rest_route=\/wp\/v2\/pages\/10749","targetHints":{"allow":["GET"]}}],"collection":[{"href":"https:\/\/educacionbilingue.gob.ec\/index.php?rest_route=\/wp\/v2\/pages"}],"about":[{"href":"https:\/\/educacionbilingue.gob.ec\/index.php?rest_route=\/wp\/v2\/types\/page"}],"author":[{"embeddable":true,"href":"https:\/\/educacionbilingue.gob.ec\/index.php?rest_route=\/wp\/v2\/users\/330"}],"replies":[{"embeddable":true,"href":"https:\/\/educacionbilingue.gob.ec\/index.php?rest_route=%2Fwp%2Fv2%2Fcomments&post=10749"}],"version-history":[{"count":12,"href":"https:\/\/educacionbilingue.gob.ec\/index.php?rest_route=\/wp\/v2\/pages\/10749\/revisions"}],"predecessor-version":[{"id":14212,"href":"https:\/\/educacionbilingue.gob.ec\/index.php?rest_route=\/wp\/v2\/pages\/10749\/revisions\/14212"}],"wp:attachment":[{"href":"https:\/\/educacionbilingue.gob.ec\/index.php?rest_route=%2Fwp%2Fv2%2Fmedia&parent=10749"}],"curies":[{"name":"wp","href":"https:\/\/api.w.org\/{rel}","templated":true}]}}