{"id":10825,"date":"2023-05-23T14:32:34","date_gmt":"2023-05-23T19:32:34","guid":{"rendered":"https:\/\/www.educacionbilingue.gob.ec\/?page_id=10825"},"modified":"2025-05-09T12:13:33","modified_gmt":"2025-05-09T17:13:33","slug":"cuentos-guardianes-de-la-memoria-2","status":"publish","type":"page","link":"https:\/\/educacionbilingue.gob.ec\/?page_id=10825","title":{"rendered":"Cuentos Guardianes de la Memoria"},"content":{"rendered":"\t\t<div data-elementor-type=\"wp-page\" data-elementor-id=\"10825\" class=\"elementor elementor-10825\">\n\t\t\t\t\t\t<section class=\"elementor-section elementor-top-section elementor-element elementor-element-eade971 elementor-section-boxed elementor-section-height-default elementor-section-height-default\" data-id=\"eade971\" data-element_type=\"section\" data-e-type=\"section\">\n\t\t\t\t\t\t<div class=\"elementor-container elementor-column-gap-default\">\n\t\t\t\t\t<div class=\"elementor-column elementor-col-100 elementor-top-column elementor-element elementor-element-c1b0fc9\" data-id=\"c1b0fc9\" data-element_type=\"column\" data-e-type=\"column\">\n\t\t\t<div class=\"elementor-widget-wrap elementor-element-populated\">\n\t\t\t\t\t\t<div class=\"elementor-element elementor-element-d55bf1f elementor-widget elementor-widget-heading\" data-id=\"d55bf1f\" data-element_type=\"widget\" data-e-type=\"widget\" data-widget_type=\"heading.default\">\n\t\t\t\t<div class=\"elementor-widget-container\">\n\t\t\t\t\t<h1 class=\"elementor-heading-title elementor-size-default\">Cuentos Guardianes de la Memoria<\/h1>\t\t\t\t<\/div>\n\t\t\t\t<\/div>\n\t\t\t\t<div class=\"elementor-element elementor-element-179cfe0 elementor-widget elementor-widget-text-editor\" data-id=\"179cfe0\" data-element_type=\"widget\" data-e-type=\"widget\" data-widget_type=\"text-editor.default\">\n\t\t\t\t<div class=\"elementor-widget-container\">\n\t\t\t\t\t\t\t\t\t<h4>Bienvenido\/a a este espacio de entretenimiento y aprendizaje, a continuaci\u00f3n te presentamos algunos de nuestros <strong>Cuentos.\u00a0<\/strong><\/h4>\t\t\t\t\t\t\t\t<\/div>\n\t\t\t\t<\/div>\n\t\t\t\t\t<\/div>\n\t\t<\/div>\n\t\t\t\t\t<\/div>\n\t\t<\/section>\n\t\t\t\t<section class=\"elementor-section elementor-top-section elementor-element elementor-element-28473f6 elementor-section-boxed elementor-section-height-default elementor-section-height-default elementor-invisible\" data-id=\"28473f6\" data-element_type=\"section\" data-e-type=\"section\" data-settings=\"{&quot;animation&quot;:&quot;fadeInLeft&quot;}\">\n\t\t\t\t\t\t<div class=\"elementor-container elementor-column-gap-default\">\n\t\t\t\t\t<div class=\"elementor-column elementor-col-50 elementor-top-column elementor-element elementor-element-fc9a5d0\" data-id=\"fc9a5d0\" data-element_type=\"column\" data-e-type=\"column\">\n\t\t\t<div class=\"elementor-widget-wrap elementor-element-populated\">\n\t\t\t\t\t\t<div class=\"elementor-element elementor-element-4846653 elementor-widget elementor-widget-video\" data-id=\"4846653\" data-element_type=\"widget\" data-e-type=\"widget\" data-settings=\"{&quot;youtube_url&quot;:&quot;https:\\\/\\\/youtu.be\\\/7yrnlAFatTc&quot;,&quot;video_type&quot;:&quot;youtube&quot;,&quot;controls&quot;:&quot;yes&quot;}\" data-widget_type=\"video.default\">\n\t\t\t\t<div class=\"elementor-widget-container\">\n\t\t\t\t\t\t\t<div class=\"elementor-wrapper elementor-open-inline\">\n\t\t\t<div class=\"elementor-video\"><\/div>\t\t<\/div>\n\t\t\t\t\t\t<\/div>\n\t\t\t\t<\/div>\n\t\t\t\t<div class=\"elementor-element elementor-element-75fa7c6 elementor-widget elementor-widget-heading\" data-id=\"75fa7c6\" data-element_type=\"widget\" data-e-type=\"widget\" data-widget_type=\"heading.default\">\n\t\t\t\t<div class=\"elementor-widget-container\">\n\t\t\t\t\t<h2 class=\"elementor-heading-title elementor-size-default\">EDITH \u00bfQUI\u00c9N SOY?<\/h2>\t\t\t\t<\/div>\n\t\t\t\t<\/div>\n\t\t\t\t<div class=\"elementor-element elementor-element-9d9af23 elementor-widget elementor-widget-text-editor\" data-id=\"9d9af23\" data-element_type=\"widget\" data-e-type=\"widget\" data-widget_type=\"text-editor.default\">\n\t\t\t\t<div class=\"elementor-widget-container\">\n\t\t\t\t\t\t\t\t\t<p>Edith es una ni\u00f1a que acaba de salir a vacaciones. Tras una semana saliendo todos los d\u00edas al malec\u00f3n de Guayaquil y conect\u00e1ndose en las tardes para jugar en l\u00ednea con sus amigos, est\u00e1 aburrida. Un d\u00eda, cuando su madre sale a trabajar, descubre una colecci\u00f3n de libros llamada Di\u00e1spora. Historias desde \u00c1frica. Comienza a leer los tomos y conoce parte de sus or\u00edgenes en el continente africano.<\/p>\t\t\t\t\t\t\t\t<\/div>\n\t\t\t\t<\/div>\n\t\t\t\t\t<\/div>\n\t\t<\/div>\n\t\t\t\t<div class=\"elementor-column elementor-col-50 elementor-top-column elementor-element elementor-element-ab63323\" data-id=\"ab63323\" data-element_type=\"column\" data-e-type=\"column\">\n\t\t\t<div class=\"elementor-widget-wrap elementor-element-populated\">\n\t\t\t\t\t\t<div class=\"elementor-element elementor-element-e6c8920 elementor-widget elementor-widget-video\" data-id=\"e6c8920\" data-element_type=\"widget\" data-e-type=\"widget\" data-settings=\"{&quot;youtube_url&quot;:&quot;https:\\\/\\\/youtu.be\\\/Vd8Gs8Rn1Qo&quot;,&quot;video_type&quot;:&quot;youtube&quot;,&quot;controls&quot;:&quot;yes&quot;}\" data-widget_type=\"video.default\">\n\t\t\t\t<div class=\"elementor-widget-container\">\n\t\t\t\t\t\t\t<div class=\"elementor-wrapper elementor-open-inline\">\n\t\t\t<div class=\"elementor-video\"><\/div>\t\t<\/div>\n\t\t\t\t\t\t<\/div>\n\t\t\t\t<\/div>\n\t\t\t\t<div class=\"elementor-element elementor-element-c5448d1 elementor-widget elementor-widget-heading\" data-id=\"c5448d1\" data-element_type=\"widget\" data-e-type=\"widget\" data-widget_type=\"heading.default\">\n\t\t\t\t<div class=\"elementor-widget-container\">\n\t\t\t\t\t<h2 class=\"elementor-heading-title elementor-size-default\">EL COLLAR \u2013 LA REINA DE SABA<\/h2>\t\t\t\t<\/div>\n\t\t\t\t<\/div>\n\t\t\t\t<div class=\"elementor-element elementor-element-69883f3 elementor-widget elementor-widget-text-editor\" data-id=\"69883f3\" data-element_type=\"widget\" data-e-type=\"widget\" data-widget_type=\"text-editor.default\">\n\t\t\t\t<div class=\"elementor-widget-container\">\n\t\t\t\t\t\t\t\t\t<p>Mientras los padres de Edith salieron a trabajar, ella ley\u00f3 mucho de Historias desde \u00c1frica y, entre los libros, encuentra un collar y una fotograf\u00eda en blanco y negro. Cuando est\u00e1n de regreso, pregunta a los pap\u00e1s qu\u00e9 significan esos objetos. La madre le cuenta que ese collar es muy similar al de la reina de Saba, mujer muy conocida por sus conocimientos y belleza. Por su parte, el padre le cuenta que el se\u00f1or de la foto es su tatarabuelo. La mam\u00e1 le coloca el collar a Edith y el pap\u00e1 propone ir a visitar a los abuelos para que les cuenten m\u00e1s de la vida de su antepasado.\u00a0<\/p>\t\t\t\t\t\t\t\t<\/div>\n\t\t\t\t<\/div>\n\t\t\t\t\t<\/div>\n\t\t<\/div>\n\t\t\t\t\t<\/div>\n\t\t<\/section>\n\t\t\t\t<section class=\"elementor-section elementor-top-section elementor-element elementor-element-6d44d1e elementor-section-boxed elementor-section-height-default elementor-section-height-default elementor-invisible\" data-id=\"6d44d1e\" data-element_type=\"section\" data-e-type=\"section\" data-settings=\"{&quot;animation&quot;:&quot;fadeInRight&quot;}\">\n\t\t\t\t\t\t<div class=\"elementor-container elementor-column-gap-default\">\n\t\t\t\t\t<div class=\"elementor-column elementor-col-50 elementor-top-column elementor-element elementor-element-708de8c\" data-id=\"708de8c\" data-element_type=\"column\" data-e-type=\"column\">\n\t\t\t<div class=\"elementor-widget-wrap elementor-element-populated\">\n\t\t\t\t\t\t<div class=\"elementor-element elementor-element-79ff80c elementor-widget elementor-widget-video\" data-id=\"79ff80c\" data-element_type=\"widget\" data-e-type=\"widget\" data-settings=\"{&quot;youtube_url&quot;:&quot;https:\\\/\\\/youtu.be\\\/irZ208mXEzo&quot;,&quot;video_type&quot;:&quot;youtube&quot;,&quot;controls&quot;:&quot;yes&quot;}\" data-widget_type=\"video.default\">\n\t\t\t\t<div class=\"elementor-widget-container\">\n\t\t\t\t\t\t\t<div class=\"elementor-wrapper elementor-open-inline\">\n\t\t\t<div class=\"elementor-video\"><\/div>\t\t<\/div>\n\t\t\t\t\t\t<\/div>\n\t\t\t\t<\/div>\n\t\t\t\t<div class=\"elementor-element elementor-element-dda76b3 elementor-widget elementor-widget-heading\" data-id=\"dda76b3\" data-element_type=\"widget\" data-e-type=\"widget\" data-widget_type=\"heading.default\">\n\t\t\t\t<div class=\"elementor-widget-container\">\n\t\t\t\t\t<h2 class=\"elementor-heading-title elementor-size-default\">LA HISTORIA DE UN VIAJE<\/h2>\t\t\t\t<\/div>\n\t\t\t\t<\/div>\n\t\t\t\t<div class=\"elementor-element elementor-element-3b87942 elementor-widget elementor-widget-text-editor\" data-id=\"3b87942\" data-element_type=\"widget\" data-e-type=\"widget\" data-widget_type=\"text-editor.default\">\n\t\t\t\t<div class=\"elementor-widget-container\">\n\t\t\t\t\t\t\t\t\t<p>Los padres de Edith la llevan a visitar a sus abuelos, que viven en Chalguayacu, en el valle de El Chota. Realizan un viaje de diez horas desde Guayaquil, que es la ciudad donde ellos viven. En el camino disfrutan de paisajes y de comida t\u00edpica. Al llegar, el abuelo de Edith le cuenta que el se\u00f1or de la foto es Alonso de Illescas, un h\u00e9roe nacional negro, reconocido como tal en 1997. Antonio naci\u00f3 en \u00c1frica y era esclavo. En un viaje hacia Am\u00e9rica, el barco en el que lo transportaban encall\u00f3 y esa fue su oportunidad de liberarse. Se refugi\u00f3 en Esmeraldas donde fund\u00f3 el Reino de Zambo.<\/p>\t\t\t\t\t\t\t\t<\/div>\n\t\t\t\t<\/div>\n\t\t\t\t\t<\/div>\n\t\t<\/div>\n\t\t\t\t<div class=\"elementor-column elementor-col-50 elementor-top-column elementor-element elementor-element-b027377\" data-id=\"b027377\" data-element_type=\"column\" data-e-type=\"column\">\n\t\t\t<div class=\"elementor-widget-wrap elementor-element-populated\">\n\t\t\t\t\t\t<div class=\"elementor-element elementor-element-3733c7f elementor-widget elementor-widget-video\" data-id=\"3733c7f\" data-element_type=\"widget\" data-e-type=\"widget\" data-settings=\"{&quot;youtube_url&quot;:&quot;https:\\\/\\\/youtu.be\\\/QMo1W0ANwvs&quot;,&quot;video_type&quot;:&quot;youtube&quot;,&quot;controls&quot;:&quot;yes&quot;}\" data-widget_type=\"video.default\">\n\t\t\t\t<div class=\"elementor-widget-container\">\n\t\t\t\t\t\t\t<div class=\"elementor-wrapper elementor-open-inline\">\n\t\t\t<div class=\"elementor-video\"><\/div>\t\t<\/div>\n\t\t\t\t\t\t<\/div>\n\t\t\t\t<\/div>\n\t\t\t\t<div class=\"elementor-element elementor-element-dc542da elementor-widget elementor-widget-heading\" data-id=\"dc542da\" data-element_type=\"widget\" data-e-type=\"widget\" data-widget_type=\"heading.default\">\n\t\t\t\t<div class=\"elementor-widget-container\">\n\t\t\t\t\t<h2 class=\"elementor-heading-title elementor-size-default\">EL PRIMER GUARDI\u00c1N<\/h2>\t\t\t\t<\/div>\n\t\t\t\t<\/div>\n\t\t\t\t<div class=\"elementor-element elementor-element-30d97c3 elementor-widget elementor-widget-text-editor\" data-id=\"30d97c3\" data-element_type=\"widget\" data-e-type=\"widget\" data-widget_type=\"text-editor.default\">\n\t\t\t\t<div class=\"elementor-widget-container\">\n\t\t\t\t\t\t\t\t\t<p>Edith est\u00e1 de visita en casa de sus abuelos, en El Chota. La noche llega y sue\u00f1a con los personajes sobre los que aprendi\u00f3 ese d\u00eda. A la ma\u00f1ana siguiente, mientras desayuna, su abuelita Nina y una amiga de ella, Mar\u00eda, le hacen escuchar un casete que contiene m\u00fasica tradicional esmeralde\u00f1a, grabado por el maestro Juan Garc\u00eda Salazar, nacido en la comunidad El Cuerval, en Esmeraldas. Desde su juventud, el maestro Juan se preocup\u00f3 por guardar la memoria de su cultura a trav\u00e9s de videos y casetes.<\/p>\t\t\t\t\t\t\t\t<\/div>\n\t\t\t\t<\/div>\n\t\t\t\t\t<\/div>\n\t\t<\/div>\n\t\t\t\t\t<\/div>\n\t\t<\/section>\n\t\t\t\t<section class=\"elementor-section elementor-top-section elementor-element elementor-element-59cee34 elementor-section-boxed elementor-section-height-default elementor-section-height-default elementor-invisible\" data-id=\"59cee34\" data-element_type=\"section\" data-e-type=\"section\" data-settings=\"{&quot;animation&quot;:&quot;fadeInLeft&quot;}\">\n\t\t\t\t\t\t<div class=\"elementor-container elementor-column-gap-default\">\n\t\t\t\t\t<div class=\"elementor-column elementor-col-50 elementor-top-column elementor-element elementor-element-631b5fe\" data-id=\"631b5fe\" data-element_type=\"column\" data-e-type=\"column\">\n\t\t\t<div class=\"elementor-widget-wrap elementor-element-populated\">\n\t\t\t\t\t\t<div class=\"elementor-element elementor-element-c473d3f elementor-widget elementor-widget-video\" data-id=\"c473d3f\" data-element_type=\"widget\" data-e-type=\"widget\" data-settings=\"{&quot;youtube_url&quot;:&quot;https:\\\/\\\/youtu.be\\\/RiZtT5wjg0c&quot;,&quot;video_type&quot;:&quot;youtube&quot;,&quot;controls&quot;:&quot;yes&quot;}\" data-widget_type=\"video.default\">\n\t\t\t\t<div class=\"elementor-widget-container\">\n\t\t\t\t\t\t\t<div class=\"elementor-wrapper elementor-open-inline\">\n\t\t\t<div class=\"elementor-video\"><\/div>\t\t<\/div>\n\t\t\t\t\t\t<\/div>\n\t\t\t\t<\/div>\n\t\t\t\t<div class=\"elementor-element elementor-element-53e8791 elementor-widget elementor-widget-heading\" data-id=\"53e8791\" data-element_type=\"widget\" data-e-type=\"widget\" data-widget_type=\"heading.default\">\n\t\t\t\t<div class=\"elementor-widget-container\">\n\t\t\t\t\t<h2 class=\"elementor-heading-title elementor-size-default\">UNA NUEVA TIERRA<\/h2>\t\t\t\t<\/div>\n\t\t\t\t<\/div>\n\t\t\t\t<div class=\"elementor-element elementor-element-3f7838b elementor-widget elementor-widget-text-editor\" data-id=\"3f7838b\" data-element_type=\"widget\" data-e-type=\"widget\" data-widget_type=\"text-editor.default\">\n\t\t\t\t<div class=\"elementor-widget-container\">\n\t\t\t\t\t\t\t\t\t<p>Don Alfonso, el abuelo de la peque\u00f1a Edith, le cuenta el origen de la poblaci\u00f3n afrodescendiente del valle del Chota que lleg\u00f3 en el siglo XVIII debido a la esclavitud y las rebeliones que se dieron frente a esto.<\/p>\t\t\t\t\t\t\t\t<\/div>\n\t\t\t\t<\/div>\n\t\t\t\t\t<\/div>\n\t\t<\/div>\n\t\t\t\t<div class=\"elementor-column elementor-col-50 elementor-top-column elementor-element elementor-element-94da826\" data-id=\"94da826\" data-element_type=\"column\" data-e-type=\"column\">\n\t\t\t<div class=\"elementor-widget-wrap elementor-element-populated\">\n\t\t\t\t\t\t<div class=\"elementor-element elementor-element-1dc2fc9 elementor-widget elementor-widget-video\" data-id=\"1dc2fc9\" data-element_type=\"widget\" data-e-type=\"widget\" data-settings=\"{&quot;youtube_url&quot;:&quot;https:\\\/\\\/youtu.be\\\/Lmk7-VQQ4Ng&quot;,&quot;video_type&quot;:&quot;youtube&quot;,&quot;controls&quot;:&quot;yes&quot;}\" data-widget_type=\"video.default\">\n\t\t\t\t<div class=\"elementor-widget-container\">\n\t\t\t\t\t\t\t<div class=\"elementor-wrapper elementor-open-inline\">\n\t\t\t<div class=\"elementor-video\"><\/div>\t\t<\/div>\n\t\t\t\t\t\t<\/div>\n\t\t\t\t<\/div>\n\t\t\t\t<div class=\"elementor-element elementor-element-8bc7f29 elementor-widget elementor-widget-heading\" data-id=\"8bc7f29\" data-element_type=\"widget\" data-e-type=\"widget\" data-widget_type=\"heading.default\">\n\t\t\t\t<div class=\"elementor-widget-container\">\n\t\t\t\t\t<h2 class=\"elementor-heading-title elementor-size-default\">DUENDE EN EL R\u00cdO<\/h2>\t\t\t\t<\/div>\n\t\t\t\t<\/div>\n\t\t\t\t<div class=\"elementor-element elementor-element-98c008f elementor-widget elementor-widget-text-editor\" data-id=\"98c008f\" data-element_type=\"widget\" data-e-type=\"widget\" data-widget_type=\"text-editor.default\">\n\t\t\t\t<div class=\"elementor-widget-container\">\n\t\t\t\t\t\t\t\t\t<p>Edith llega de visita a la casa de su t\u00eda Mercedes en Borb\u00f3n. Edith y sus primos van al r\u00edo y ella casi es arrastrada por la corriente, sus primos le dicen que es el duende el que provoc\u00f3 esto y le cuenta su leyenda.<\/p>\t\t\t\t\t\t\t\t<\/div>\n\t\t\t\t<\/div>\n\t\t\t\t\t<\/div>\n\t\t<\/div>\n\t\t\t\t\t<\/div>\n\t\t<\/section>\n\t\t\t\t<section class=\"elementor-section elementor-top-section elementor-element elementor-element-88eba8e elementor-section-boxed elementor-section-height-default elementor-section-height-default elementor-invisible\" data-id=\"88eba8e\" data-element_type=\"section\" data-e-type=\"section\" data-settings=\"{&quot;animation&quot;:&quot;fadeInRight&quot;}\">\n\t\t\t\t\t\t<div class=\"elementor-container elementor-column-gap-default\">\n\t\t\t\t\t<div class=\"elementor-column elementor-col-50 elementor-top-column elementor-element elementor-element-aeda378\" data-id=\"aeda378\" data-element_type=\"column\" data-e-type=\"column\">\n\t\t\t<div class=\"elementor-widget-wrap elementor-element-populated\">\n\t\t\t\t\t\t<div class=\"elementor-element elementor-element-11cd1e6 elementor-widget elementor-widget-video\" data-id=\"11cd1e6\" data-element_type=\"widget\" data-e-type=\"widget\" data-settings=\"{&quot;youtube_url&quot;:&quot;https:\\\/\\\/youtu.be\\\/vsqcpkQoLEU&quot;,&quot;video_type&quot;:&quot;youtube&quot;,&quot;controls&quot;:&quot;yes&quot;}\" data-widget_type=\"video.default\">\n\t\t\t\t<div class=\"elementor-widget-container\">\n\t\t\t\t\t\t\t<div class=\"elementor-wrapper elementor-open-inline\">\n\t\t\t<div class=\"elementor-video\"><\/div>\t\t<\/div>\n\t\t\t\t\t\t<\/div>\n\t\t\t\t<\/div>\n\t\t\t\t<div class=\"elementor-element elementor-element-75ac258 elementor-widget elementor-widget-heading\" data-id=\"75ac258\" data-element_type=\"widget\" data-e-type=\"widget\" data-widget_type=\"heading.default\">\n\t\t\t\t<div class=\"elementor-widget-container\">\n\t\t\t\t\t<h2 class=\"elementor-heading-title elementor-size-default\">LUCHANDO POR LA INDEPENDENCIA<\/h2>\t\t\t\t<\/div>\n\t\t\t\t<\/div>\n\t\t\t\t<div class=\"elementor-element elementor-element-004254c elementor-widget elementor-widget-text-editor\" data-id=\"004254c\" data-element_type=\"widget\" data-e-type=\"widget\" data-widget_type=\"text-editor.default\">\n\t\t\t\t<div class=\"elementor-widget-container\">\n\t\t\t\t\t\t\t\t\t<p>El peque\u00f1o Juli\u00e1n despierta a su prima Edith por la ma\u00f1ana. Ambos salen a jugar al patio. Edith encuentra una espada. La t\u00eda Mercedes relata el origen de la espada, que era de Jonat\u00e1s S\u00e1enz, mujer luchadora en las guerras de la Independencia.<\/p>\t\t\t\t\t\t\t\t<\/div>\n\t\t\t\t<\/div>\n\t\t\t\t\t<\/div>\n\t\t<\/div>\n\t\t\t\t<div class=\"elementor-column elementor-col-50 elementor-top-column elementor-element elementor-element-0927176\" data-id=\"0927176\" data-element_type=\"column\" data-e-type=\"column\">\n\t\t\t<div class=\"elementor-widget-wrap elementor-element-populated\">\n\t\t\t\t\t\t<div class=\"elementor-element elementor-element-d2fd499 elementor-widget elementor-widget-video\" data-id=\"d2fd499\" data-element_type=\"widget\" data-e-type=\"widget\" data-settings=\"{&quot;youtube_url&quot;:&quot;https:\\\/\\\/youtu.be\\\/PAXAupxZrSw&quot;,&quot;video_type&quot;:&quot;youtube&quot;,&quot;controls&quot;:&quot;yes&quot;}\" data-widget_type=\"video.default\">\n\t\t\t\t<div class=\"elementor-widget-container\">\n\t\t\t\t\t\t\t<div class=\"elementor-wrapper elementor-open-inline\">\n\t\t\t<div class=\"elementor-video\"><\/div>\t\t<\/div>\n\t\t\t\t\t\t<\/div>\n\t\t\t\t<\/div>\n\t\t\t\t<div class=\"elementor-element elementor-element-1b9905a elementor-widget elementor-widget-heading\" data-id=\"1b9905a\" data-element_type=\"widget\" data-e-type=\"widget\" data-widget_type=\"heading.default\">\n\t\t\t\t<div class=\"elementor-widget-container\">\n\t\t\t\t\t<h2 class=\"elementor-heading-title elementor-size-default\">EL CABELLO DE LA REINA<\/h2>\t\t\t\t<\/div>\n\t\t\t\t<\/div>\n\t\t\t\t<div class=\"elementor-element elementor-element-2460afe elementor-widget elementor-widget-text-editor\" data-id=\"2460afe\" data-element_type=\"widget\" data-e-type=\"widget\" data-widget_type=\"text-editor.default\">\n\t\t\t\t<div class=\"elementor-widget-container\">\n\t\t\t\t\t\t\t\t\t<p>Las primas de Edith la llevan a la peluquer\u00eda y all\u00ed do\u00f1a Marta, la peluquera, les cuenta la historia de Njingas Mbandi, activista africana contra la esclavitud.<\/p>\t\t\t\t\t\t\t\t<\/div>\n\t\t\t\t<\/div>\n\t\t\t\t\t<\/div>\n\t\t<\/div>\n\t\t\t\t\t<\/div>\n\t\t<\/section>\n\t\t\t\t<section class=\"elementor-section elementor-top-section elementor-element elementor-element-990d80a elementor-section-boxed elementor-section-height-default elementor-section-height-default elementor-invisible\" data-id=\"990d80a\" data-element_type=\"section\" data-e-type=\"section\" data-settings=\"{&quot;animation&quot;:&quot;fadeInLeft&quot;}\">\n\t\t\t\t\t\t<div class=\"elementor-container elementor-column-gap-default\">\n\t\t\t\t\t<div class=\"elementor-column elementor-col-50 elementor-top-column elementor-element elementor-element-8f56e61\" data-id=\"8f56e61\" data-element_type=\"column\" data-e-type=\"column\">\n\t\t\t<div class=\"elementor-widget-wrap elementor-element-populated\">\n\t\t\t\t\t\t<div class=\"elementor-element elementor-element-2564d66 elementor-widget elementor-widget-video\" data-id=\"2564d66\" data-element_type=\"widget\" data-e-type=\"widget\" data-settings=\"{&quot;youtube_url&quot;:&quot;https:\\\/\\\/youtu.be\\\/5zkSHuMPBec&quot;,&quot;video_type&quot;:&quot;youtube&quot;,&quot;controls&quot;:&quot;yes&quot;}\" data-widget_type=\"video.default\">\n\t\t\t\t<div class=\"elementor-widget-container\">\n\t\t\t\t\t\t\t<div class=\"elementor-wrapper elementor-open-inline\">\n\t\t\t<div class=\"elementor-video\"><\/div>\t\t<\/div>\n\t\t\t\t\t\t<\/div>\n\t\t\t\t<\/div>\n\t\t\t\t<div class=\"elementor-element elementor-element-20d50ea elementor-widget elementor-widget-heading\" data-id=\"20d50ea\" data-element_type=\"widget\" data-e-type=\"widget\" data-widget_type=\"heading.default\">\n\t\t\t\t<div class=\"elementor-widget-container\">\n\t\t\t\t\t<h2 class=\"elementor-heading-title elementor-size-default\">RETORNO<\/h2>\t\t\t\t<\/div>\n\t\t\t\t<\/div>\n\t\t\t\t<div class=\"elementor-element elementor-element-aa153d1 elementor-widget elementor-widget-text-editor\" data-id=\"aa153d1\" data-element_type=\"widget\" data-e-type=\"widget\" data-widget_type=\"text-editor.default\">\n\t\t\t\t<div class=\"elementor-widget-container\">\n\t\t\t\t\t\t\t\t\t<p>Antes de marcharse, le cuentan a Edith la historia de la escritora esmeralde\u00f1a Luz Argentina Chiriboga Guerrero.<\/p>\t\t\t\t\t\t\t\t<\/div>\n\t\t\t\t<\/div>\n\t\t\t\t\t<\/div>\n\t\t<\/div>\n\t\t\t\t<div class=\"elementor-column elementor-col-50 elementor-top-column elementor-element elementor-element-0ad6c74\" data-id=\"0ad6c74\" data-element_type=\"column\" data-e-type=\"column\">\n\t\t\t<div class=\"elementor-widget-wrap\">\n\t\t\t\t\t\t\t<\/div>\n\t\t<\/div>\n\t\t\t\t\t<\/div>\n\t\t<\/section>\n\t\t\t\t<\/div>\n\t\t","protected":false},"excerpt":{"rendered":"<p class=\"excerpt\">Cuentos Guardianes de la Memoria Bienvenido\/a a este espacio de entretenimiento y aprendizaje, a continuaci\u00f3n te presentamos algunos de nuestros Cuentos.\u00a0 https:\/\/youtu.be\/7yrnlAFatTc EDITH \u00bfQUI\u00c9N SOY? Edith es una ni\u00f1a que acaba de salir a vacaciones. Tras una semana saliendo todos los d\u00edas al malec\u00f3n de Guayaquil y conect\u00e1ndose en las tardes para jugar en l\u00ednea con sus amigos, est\u00e1 aburrida.&hellip; <a href=\"https:\/\/educacionbilingue.gob.ec\/?page_id=10825\">Read more &rarr;<\/a><\/p>\n","protected":false},"author":330,"featured_media":0,"parent":0,"menu_order":0,"comment_status":"closed","ping_status":"closed","template":"","meta":{"footnotes":""},"class_list":["post-10825","page","type-page","status-publish","hentry","xfolkentry"],"yoast_head":"<!-- This site is optimized with the Yoast SEO plugin v27.4 - https:\/\/yoast.com\/product\/yoast-seo-wordpress\/ -->\n<title>Cuentos Guardianes de la Memoria - SEIBE - Secretar\u00eda de Educaci\u00f3n Intercultural Biling\u00fce y la Etnoeducaci\u00f3n<\/title>\n<meta name=\"robots\" content=\"index, follow, max-snippet:-1, max-image-preview:large, max-video-preview:-1\" \/>\n<link rel=\"canonical\" href=\"https:\/\/educacionbilingue.gob.ec\/?page_id=10825\" \/>\n<meta property=\"og:locale\" content=\"es_ES\" \/>\n<meta property=\"og:type\" content=\"article\" \/>\n<meta property=\"og:title\" content=\"Cuentos Guardianes de la Memoria - SEIBE - Secretar\u00eda de Educaci\u00f3n Intercultural Biling\u00fce y la Etnoeducaci\u00f3n\" \/>\n<meta property=\"og:description\" content=\"Cuentos Guardianes de la Memoria Bienvenido\/a a este espacio de entretenimiento y aprendizaje, a continuaci\u00f3n te presentamos algunos de nuestros Cuentos.\u00a0 https:\/\/youtu.be\/7yrnlAFatTc EDITH \u00bfQUI\u00c9N SOY? Edith es una ni\u00f1a que acaba de salir a vacaciones. Tras una semana saliendo todos los d\u00edas al malec\u00f3n de Guayaquil y conect\u00e1ndose en las tardes para jugar en l\u00ednea con sus amigos, est\u00e1 aburrida.&hellip; Read more &rarr;\" \/>\n<meta property=\"og:url\" content=\"https:\/\/educacionbilingue.gob.ec\/?page_id=10825\" \/>\n<meta property=\"og:site_name\" content=\"SEIBE - Secretar\u00eda de Educaci\u00f3n Intercultural Biling\u00fce y la Etnoeducaci\u00f3n\" \/>\n<meta property=\"article:publisher\" content=\"https:\/\/www.facebook.com\/SEIBEec\/\" \/>\n<meta property=\"article:modified_time\" content=\"2025-05-09T17:13:33+00:00\" \/>\n<meta property=\"og:image\" content=\"https:\/\/educacionbilingue.gob.ec\/wp-content\/uploads\/2025\/05\/logo-vertical@4x.png\" \/>\n\t<meta property=\"og:image:width\" content=\"1373\" \/>\n\t<meta property=\"og:image:height\" content=\"800\" \/>\n\t<meta property=\"og:image:type\" content=\"image\/png\" \/>\n<meta name=\"twitter:card\" content=\"summary_large_image\" \/>\n<meta name=\"twitter:label1\" content=\"Tiempo de lectura\" \/>\n\t<meta name=\"twitter:data1\" content=\"3 minutos\" \/>\n<script type=\"application\/ld+json\" class=\"yoast-schema-graph\">{\"@context\":\"https:\\\/\\\/schema.org\",\"@graph\":[{\"@type\":\"WebPage\",\"@id\":\"https:\\\/\\\/educacionbilingue.gob.ec\\\/?page_id=10825\",\"url\":\"https:\\\/\\\/educacionbilingue.gob.ec\\\/?page_id=10825\",\"name\":\"Cuentos Guardianes de la Memoria - SEIBE - Secretar\u00eda de Educaci\u00f3n Intercultural Biling\u00fce y la Etnoeducaci\u00f3n\",\"isPartOf\":{\"@id\":\"https:\\\/\\\/educacionbilingue.gob.ec\\\/#website\"},\"datePublished\":\"2023-05-23T19:32:34+00:00\",\"dateModified\":\"2025-05-09T17:13:33+00:00\",\"breadcrumb\":{\"@id\":\"https:\\\/\\\/educacionbilingue.gob.ec\\\/?page_id=10825#breadcrumb\"},\"inLanguage\":\"es\",\"potentialAction\":[{\"@type\":\"ReadAction\",\"target\":[\"https:\\\/\\\/educacionbilingue.gob.ec\\\/?page_id=10825\"]}]},{\"@type\":\"BreadcrumbList\",\"@id\":\"https:\\\/\\\/educacionbilingue.gob.ec\\\/?page_id=10825#breadcrumb\",\"itemListElement\":[{\"@type\":\"ListItem\",\"position\":1,\"name\":\"Portada\",\"item\":\"https:\\\/\\\/educacionbilingue.gob.ec\\\/\"},{\"@type\":\"ListItem\",\"position\":2,\"name\":\"Cuentos Guardianes de la Memoria\"}]},{\"@type\":\"WebSite\",\"@id\":\"https:\\\/\\\/educacionbilingue.gob.ec\\\/#website\",\"url\":\"https:\\\/\\\/educacionbilingue.gob.ec\\\/\",\"name\":\"SEIBE - Secretar\u00eda de Educaci\u00f3n Intercultural Biling\u00fce y la Etnoeducaci\u00f3n\",\"description\":\"Secretar\u00eda de Educaci\u00f3n Intercultural Biling\u00fce y la Etnoeducaci\u00f3n\",\"publisher\":{\"@id\":\"https:\\\/\\\/educacionbilingue.gob.ec\\\/#organization\"},\"alternateName\":\"SEIBE\",\"potentialAction\":[{\"@type\":\"SearchAction\",\"target\":{\"@type\":\"EntryPoint\",\"urlTemplate\":\"https:\\\/\\\/educacionbilingue.gob.ec\\\/?s={search_term_string}\"},\"query-input\":{\"@type\":\"PropertyValueSpecification\",\"valueRequired\":true,\"valueName\":\"search_term_string\"}}],\"inLanguage\":\"es\"},{\"@type\":\"Organization\",\"@id\":\"https:\\\/\\\/educacionbilingue.gob.ec\\\/#organization\",\"name\":\"SEIBE - Secretar\u00eda de Educaci\u00f3n Intercultural Biling\u00fce y la Etnoeducaci\u00f3n\",\"url\":\"https:\\\/\\\/educacionbilingue.gob.ec\\\/\",\"logo\":{\"@type\":\"ImageObject\",\"inLanguage\":\"es\",\"@id\":\"https:\\\/\\\/educacionbilingue.gob.ec\\\/#\\\/schema\\\/logo\\\/image\\\/\",\"url\":\"https:\\\/\\\/educacionbilingue.gob.ec\\\/wp-content\\\/uploads\\\/2025\\\/05\\\/logo-horizontal@4x.png\",\"contentUrl\":\"https:\\\/\\\/educacionbilingue.gob.ec\\\/wp-content\\\/uploads\\\/2025\\\/05\\\/logo-horizontal@4x.png\",\"width\":1889,\"height\":456,\"caption\":\"SEIBE - Secretar\u00eda de Educaci\u00f3n Intercultural Biling\u00fce y la Etnoeducaci\u00f3n\"},\"image\":{\"@id\":\"https:\\\/\\\/educacionbilingue.gob.ec\\\/#\\\/schema\\\/logo\\\/image\\\/\"},\"sameAs\":[\"https:\\\/\\\/www.facebook.com\\\/SEIBEec\\\/\"]}]}<\/script>\n<!-- \/ Yoast SEO plugin. -->","yoast_head_json":{"title":"Cuentos Guardianes de la Memoria - SEIBE - Secretar\u00eda de Educaci\u00f3n Intercultural Biling\u00fce y la Etnoeducaci\u00f3n","robots":{"index":"index","follow":"follow","max-snippet":"max-snippet:-1","max-image-preview":"max-image-preview:large","max-video-preview":"max-video-preview:-1"},"canonical":"https:\/\/educacionbilingue.gob.ec\/?page_id=10825","og_locale":"es_ES","og_type":"article","og_title":"Cuentos Guardianes de la Memoria - SEIBE - Secretar\u00eda de Educaci\u00f3n Intercultural Biling\u00fce y la Etnoeducaci\u00f3n","og_description":"Cuentos Guardianes de la Memoria Bienvenido\/a a este espacio de entretenimiento y aprendizaje, a continuaci\u00f3n te presentamos algunos de nuestros Cuentos.\u00a0 https:\/\/youtu.be\/7yrnlAFatTc EDITH \u00bfQUI\u00c9N SOY? Edith es una ni\u00f1a que acaba de salir a vacaciones. Tras una semana saliendo todos los d\u00edas al malec\u00f3n de Guayaquil y conect\u00e1ndose en las tardes para jugar en l\u00ednea con sus amigos, est\u00e1 aburrida.&hellip; Read more &rarr;","og_url":"https:\/\/educacionbilingue.gob.ec\/?page_id=10825","og_site_name":"SEIBE - Secretar\u00eda de Educaci\u00f3n Intercultural Biling\u00fce y la Etnoeducaci\u00f3n","article_publisher":"https:\/\/www.facebook.com\/SEIBEec\/","article_modified_time":"2025-05-09T17:13:33+00:00","og_image":[{"width":1373,"height":800,"url":"https:\/\/educacionbilingue.gob.ec\/wp-content\/uploads\/2025\/05\/logo-vertical@4x.png","type":"image\/png"}],"twitter_card":"summary_large_image","twitter_misc":{"Tiempo de lectura":"3 minutos"},"schema":{"@context":"https:\/\/schema.org","@graph":[{"@type":"WebPage","@id":"https:\/\/educacionbilingue.gob.ec\/?page_id=10825","url":"https:\/\/educacionbilingue.gob.ec\/?page_id=10825","name":"Cuentos Guardianes de la Memoria - SEIBE - Secretar\u00eda de Educaci\u00f3n Intercultural Biling\u00fce y la Etnoeducaci\u00f3n","isPartOf":{"@id":"https:\/\/educacionbilingue.gob.ec\/#website"},"datePublished":"2023-05-23T19:32:34+00:00","dateModified":"2025-05-09T17:13:33+00:00","breadcrumb":{"@id":"https:\/\/educacionbilingue.gob.ec\/?page_id=10825#breadcrumb"},"inLanguage":"es","potentialAction":[{"@type":"ReadAction","target":["https:\/\/educacionbilingue.gob.ec\/?page_id=10825"]}]},{"@type":"BreadcrumbList","@id":"https:\/\/educacionbilingue.gob.ec\/?page_id=10825#breadcrumb","itemListElement":[{"@type":"ListItem","position":1,"name":"Portada","item":"https:\/\/educacionbilingue.gob.ec\/"},{"@type":"ListItem","position":2,"name":"Cuentos Guardianes de la Memoria"}]},{"@type":"WebSite","@id":"https:\/\/educacionbilingue.gob.ec\/#website","url":"https:\/\/educacionbilingue.gob.ec\/","name":"SEIBE - Secretar\u00eda de Educaci\u00f3n Intercultural Biling\u00fce y la Etnoeducaci\u00f3n","description":"Secretar\u00eda de Educaci\u00f3n Intercultural Biling\u00fce y la Etnoeducaci\u00f3n","publisher":{"@id":"https:\/\/educacionbilingue.gob.ec\/#organization"},"alternateName":"SEIBE","potentialAction":[{"@type":"SearchAction","target":{"@type":"EntryPoint","urlTemplate":"https:\/\/educacionbilingue.gob.ec\/?s={search_term_string}"},"query-input":{"@type":"PropertyValueSpecification","valueRequired":true,"valueName":"search_term_string"}}],"inLanguage":"es"},{"@type":"Organization","@id":"https:\/\/educacionbilingue.gob.ec\/#organization","name":"SEIBE - Secretar\u00eda de Educaci\u00f3n Intercultural Biling\u00fce y la Etnoeducaci\u00f3n","url":"https:\/\/educacionbilingue.gob.ec\/","logo":{"@type":"ImageObject","inLanguage":"es","@id":"https:\/\/educacionbilingue.gob.ec\/#\/schema\/logo\/image\/","url":"https:\/\/educacionbilingue.gob.ec\/wp-content\/uploads\/2025\/05\/logo-horizontal@4x.png","contentUrl":"https:\/\/educacionbilingue.gob.ec\/wp-content\/uploads\/2025\/05\/logo-horizontal@4x.png","width":1889,"height":456,"caption":"SEIBE - Secretar\u00eda de Educaci\u00f3n Intercultural Biling\u00fce y la Etnoeducaci\u00f3n"},"image":{"@id":"https:\/\/educacionbilingue.gob.ec\/#\/schema\/logo\/image\/"},"sameAs":["https:\/\/www.facebook.com\/SEIBEec\/"]}]}},"_links":{"self":[{"href":"https:\/\/educacionbilingue.gob.ec\/index.php?rest_route=\/wp\/v2\/pages\/10825","targetHints":{"allow":["GET"]}}],"collection":[{"href":"https:\/\/educacionbilingue.gob.ec\/index.php?rest_route=\/wp\/v2\/pages"}],"about":[{"href":"https:\/\/educacionbilingue.gob.ec\/index.php?rest_route=\/wp\/v2\/types\/page"}],"author":[{"embeddable":true,"href":"https:\/\/educacionbilingue.gob.ec\/index.php?rest_route=\/wp\/v2\/users\/330"}],"replies":[{"embeddable":true,"href":"https:\/\/educacionbilingue.gob.ec\/index.php?rest_route=%2Fwp%2Fv2%2Fcomments&post=10825"}],"version-history":[{"count":28,"href":"https:\/\/educacionbilingue.gob.ec\/index.php?rest_route=\/wp\/v2\/pages\/10825\/revisions"}],"predecessor-version":[{"id":14369,"href":"https:\/\/educacionbilingue.gob.ec\/index.php?rest_route=\/wp\/v2\/pages\/10825\/revisions\/14369"}],"wp:attachment":[{"href":"https:\/\/educacionbilingue.gob.ec\/index.php?rest_route=%2Fwp%2Fv2%2Fmedia&parent=10825"}],"curies":[{"name":"wp","href":"https:\/\/api.w.org\/{rel}","templated":true}]}}