{"id":11401,"date":"2023-08-14T10:54:33","date_gmt":"2023-08-14T15:54:33","guid":{"rendered":"https:\/\/www.educacionbilingue.gob.ec\/?page_id=11401"},"modified":"2025-05-09T12:34:06","modified_gmt":"2025-05-09T17:34:06","slug":"tutoriales-etnoeducativos","status":"publish","type":"page","link":"https:\/\/educacionbilingue.gob.ec\/?page_id=11401","title":{"rendered":"Tutoriales Etnoeducativos"},"content":{"rendered":"\t\t<div data-elementor-type=\"wp-page\" data-elementor-id=\"11401\" class=\"elementor elementor-11401\">\n\t\t\t\t\t\t<section class=\"elementor-section elementor-top-section elementor-element elementor-element-1c4821d elementor-section-boxed elementor-section-height-default elementor-section-height-default\" data-id=\"1c4821d\" data-element_type=\"section\" data-e-type=\"section\">\n\t\t\t\t\t\t<div class=\"elementor-container elementor-column-gap-default\">\n\t\t\t\t\t<div class=\"elementor-column elementor-col-100 elementor-top-column elementor-element elementor-element-0db6031\" data-id=\"0db6031\" data-element_type=\"column\" data-e-type=\"column\">\n\t\t\t<div class=\"elementor-widget-wrap elementor-element-populated\">\n\t\t\t\t\t\t<div class=\"elementor-element elementor-element-9b49451 elementor-widget elementor-widget-heading\" data-id=\"9b49451\" data-element_type=\"widget\" data-e-type=\"widget\" data-widget_type=\"heading.default\">\n\t\t\t\t<div class=\"elementor-widget-container\">\n\t\t\t\t\t<h1 class=\"elementor-heading-title elementor-size-default\">Tutoriales Etnoeducativos<\/h1>\t\t\t\t<\/div>\n\t\t\t\t<\/div>\n\t\t\t\t<div class=\"elementor-element elementor-element-0b66ef3 elementor-widget elementor-widget-text-editor\" data-id=\"0b66ef3\" data-element_type=\"widget\" data-e-type=\"widget\" data-widget_type=\"text-editor.default\">\n\t\t\t\t<div class=\"elementor-widget-container\">\n\t\t\t\t\t\t\t\t\t<h4>Bienvenido\/a a este espacio de conocimiento, a continuaci\u00f3n te presentamos algunos tutoriales para tu conocimiento<strong>.\u00a0<\/strong><\/h4>\t\t\t\t\t\t\t\t<\/div>\n\t\t\t\t<\/div>\n\t\t\t\t\t<\/div>\n\t\t<\/div>\n\t\t\t\t\t<\/div>\n\t\t<\/section>\n\t\t\t\t<section class=\"elementor-section elementor-top-section elementor-element elementor-element-efc4eaa elementor-section-boxed elementor-section-height-default elementor-section-height-default elementor-invisible\" data-id=\"efc4eaa\" data-element_type=\"section\" data-e-type=\"section\" data-settings=\"{&quot;animation&quot;:&quot;fadeInLeft&quot;}\">\n\t\t\t\t\t\t<div class=\"elementor-container elementor-column-gap-default\">\n\t\t\t\t\t<div class=\"elementor-column elementor-col-50 elementor-top-column elementor-element elementor-element-18f40c8\" data-id=\"18f40c8\" data-element_type=\"column\" data-e-type=\"column\">\n\t\t\t<div class=\"elementor-widget-wrap elementor-element-populated\">\n\t\t\t\t\t\t<div class=\"elementor-element elementor-element-3299e38 elementor-widget elementor-widget-video\" data-id=\"3299e38\" data-element_type=\"widget\" data-e-type=\"widget\" data-settings=\"{&quot;youtube_url&quot;:&quot;https:\\\/\\\/www.youtube.com\\\/watch?v=ATHSQsE9aXA&quot;,&quot;video_type&quot;:&quot;youtube&quot;,&quot;controls&quot;:&quot;yes&quot;}\" data-widget_type=\"video.default\">\n\t\t\t\t<div class=\"elementor-widget-container\">\n\t\t\t\t\t\t\t<div class=\"elementor-wrapper elementor-open-inline\">\n\t\t\t<div class=\"elementor-video\"><\/div>\t\t<\/div>\n\t\t\t\t\t\t<\/div>\n\t\t\t\t<\/div>\n\t\t\t\t<div class=\"elementor-element elementor-element-261b021 elementor-widget elementor-widget-heading\" data-id=\"261b021\" data-element_type=\"widget\" data-e-type=\"widget\" data-widget_type=\"heading.default\">\n\t\t\t\t<div class=\"elementor-widget-container\">\n\t\t\t\t\t<h2 class=\"elementor-heading-title elementor-size-default\">Recursos de Etnoeducaci\u00f3n Afroecuatoriana<\/h2>\t\t\t\t<\/div>\n\t\t\t\t<\/div>\n\t\t\t\t\t<\/div>\n\t\t<\/div>\n\t\t\t\t<div class=\"elementor-column elementor-col-50 elementor-top-column elementor-element elementor-element-79594da\" data-id=\"79594da\" data-element_type=\"column\" data-e-type=\"column\">\n\t\t\t<div class=\"elementor-widget-wrap elementor-element-populated\">\n\t\t\t\t\t\t<div class=\"elementor-element elementor-element-e48560a elementor-widget elementor-widget-video\" data-id=\"e48560a\" data-element_type=\"widget\" data-e-type=\"widget\" data-settings=\"{&quot;youtube_url&quot;:&quot;https:\\\/\\\/www.youtube.com\\\/watch?v=qBqqpIpH26M&amp;t=77s&quot;,&quot;video_type&quot;:&quot;youtube&quot;,&quot;controls&quot;:&quot;yes&quot;}\" data-widget_type=\"video.default\">\n\t\t\t\t<div class=\"elementor-widget-container\">\n\t\t\t\t\t\t\t<div class=\"elementor-wrapper elementor-open-inline\">\n\t\t\t<div class=\"elementor-video\"><\/div>\t\t<\/div>\n\t\t\t\t\t\t<\/div>\n\t\t\t\t<\/div>\n\t\t\t\t<div class=\"elementor-element elementor-element-18ad350 elementor-widget elementor-widget-heading\" data-id=\"18ad350\" data-element_type=\"widget\" data-e-type=\"widget\" data-widget_type=\"heading.default\">\n\t\t\t\t<div class=\"elementor-widget-container\">\n\t\t\t\t\t<h2 class=\"elementor-heading-title elementor-size-default\">Uso de cartillas de Etnoeducaci\u00f3n \"Sembrando a trav\u00e9s de la palabra\"<\/h2>\t\t\t\t<\/div>\n\t\t\t\t<\/div>\n\t\t\t\t\t<\/div>\n\t\t<\/div>\n\t\t\t\t\t<\/div>\n\t\t<\/section>\n\t\t\t\t<section class=\"elementor-section elementor-top-section elementor-element elementor-element-4ce274a elementor-section-boxed elementor-section-height-default elementor-section-height-default elementor-invisible\" data-id=\"4ce274a\" data-element_type=\"section\" data-e-type=\"section\" data-settings=\"{&quot;animation&quot;:&quot;fadeInRight&quot;}\">\n\t\t\t\t\t\t<div class=\"elementor-container elementor-column-gap-default\">\n\t\t\t\t\t<div class=\"elementor-column elementor-col-50 elementor-top-column elementor-element elementor-element-ca843ee\" data-id=\"ca843ee\" data-element_type=\"column\" data-e-type=\"column\">\n\t\t\t<div class=\"elementor-widget-wrap elementor-element-populated\">\n\t\t\t\t\t\t<div class=\"elementor-element elementor-element-10f61b2 elementor-widget elementor-widget-video\" data-id=\"10f61b2\" data-element_type=\"widget\" data-e-type=\"widget\" data-settings=\"{&quot;youtube_url&quot;:&quot;https:\\\/\\\/www.youtube.com\\\/watch?v=SkSZ90A28gw&quot;,&quot;video_type&quot;:&quot;youtube&quot;,&quot;controls&quot;:&quot;yes&quot;}\" data-widget_type=\"video.default\">\n\t\t\t\t<div class=\"elementor-widget-container\">\n\t\t\t\t\t\t\t<div class=\"elementor-wrapper elementor-open-inline\">\n\t\t\t<div class=\"elementor-video\"><\/div>\t\t<\/div>\n\t\t\t\t\t\t<\/div>\n\t\t\t\t<\/div>\n\t\t\t\t<div class=\"elementor-element elementor-element-adb830e elementor-widget elementor-widget-heading\" data-id=\"adb830e\" data-element_type=\"widget\" data-e-type=\"widget\" data-widget_type=\"heading.default\">\n\t\t\t\t<div class=\"elementor-widget-container\">\n\t\t\t\t\t<h2 class=\"elementor-heading-title elementor-size-default\">Experiencias de aprendizaje de la cultura afroecuatoriana para estudiantes y docentes de 1er grado<\/h2>\t\t\t\t<\/div>\n\t\t\t\t<\/div>\n\t\t\t\t\t<\/div>\n\t\t<\/div>\n\t\t\t\t<div class=\"elementor-column elementor-col-50 elementor-top-column elementor-element elementor-element-99c20b8\" data-id=\"99c20b8\" data-element_type=\"column\" data-e-type=\"column\">\n\t\t\t<div class=\"elementor-widget-wrap elementor-element-populated\">\n\t\t\t\t\t\t<div class=\"elementor-element elementor-element-b777cdb elementor-widget elementor-widget-video\" data-id=\"b777cdb\" data-element_type=\"widget\" data-e-type=\"widget\" data-settings=\"{&quot;youtube_url&quot;:&quot;https:\\\/\\\/www.youtube.com\\\/watch?v=WD-MieHKeSQ&quot;,&quot;video_type&quot;:&quot;youtube&quot;,&quot;controls&quot;:&quot;yes&quot;}\" data-widget_type=\"video.default\">\n\t\t\t\t<div class=\"elementor-widget-container\">\n\t\t\t\t\t\t\t<div class=\"elementor-wrapper elementor-open-inline\">\n\t\t\t<div class=\"elementor-video\"><\/div>\t\t<\/div>\n\t\t\t\t\t\t<\/div>\n\t\t\t\t<\/div>\n\t\t\t\t<div class=\"elementor-element elementor-element-bece9f2 elementor-widget elementor-widget-heading\" data-id=\"bece9f2\" data-element_type=\"widget\" data-e-type=\"widget\" data-widget_type=\"heading.default\">\n\t\t\t\t<div class=\"elementor-widget-container\">\n\t\t\t\t\t<h2 class=\"elementor-heading-title elementor-size-default\">Cuentos digitales Interactivos de etnoeducaci\u00f3n afroecuatoriana.<\/h2>\t\t\t\t<\/div>\n\t\t\t\t<\/div>\n\t\t\t\t\t<\/div>\n\t\t<\/div>\n\t\t\t\t\t<\/div>\n\t\t<\/section>\n\t\t\t\t<\/div>\n\t\t","protected":false},"excerpt":{"rendered":"<p class=\"excerpt\">Tutoriales Etnoeducativos Bienvenido\/a a este espacio de conocimiento, a continuaci\u00f3n te presentamos algunos tutoriales para tu conocimiento.\u00a0 https:\/\/www.youtube.com\/watch?v=ATHSQsE9aXA Recursos de Etnoeducaci\u00f3n Afroecuatoriana Uso de cartillas de Etnoeducaci\u00f3n \u00abSembrando a trav\u00e9s de la palabra\u00bb Experiencias de aprendizaje de la cultura afroecuatoriana para estudiantes y docentes de 1er grado Cuentos digitales Interactivos de etnoeducaci\u00f3n afroecuatoriana. <a href=\"https:\/\/educacionbilingue.gob.ec\/?page_id=11401\">Read more &rarr;<\/a><\/p>\n","protected":false},"author":330,"featured_media":0,"parent":0,"menu_order":0,"comment_status":"closed","ping_status":"closed","template":"","meta":{"footnotes":""},"class_list":["post-11401","page","type-page","status-publish","hentry","xfolkentry"],"yoast_head":"<!-- This site is optimized with the Yoast SEO plugin v27.4 - https:\/\/yoast.com\/product\/yoast-seo-wordpress\/ -->\n<title>Tutoriales Etnoeducativos - SEIBE - Secretar\u00eda de Educaci\u00f3n Intercultural Biling\u00fce y la Etnoeducaci\u00f3n<\/title>\n<meta name=\"robots\" content=\"index, follow, max-snippet:-1, max-image-preview:large, max-video-preview:-1\" \/>\n<link rel=\"canonical\" href=\"https:\/\/educacionbilingue.gob.ec\/?page_id=11401\" \/>\n<meta property=\"og:locale\" content=\"es_ES\" \/>\n<meta property=\"og:type\" content=\"article\" \/>\n<meta property=\"og:title\" content=\"Tutoriales Etnoeducativos - SEIBE - Secretar\u00eda de Educaci\u00f3n Intercultural Biling\u00fce y la Etnoeducaci\u00f3n\" \/>\n<meta property=\"og:description\" content=\"Tutoriales Etnoeducativos Bienvenido\/a a este espacio de conocimiento, a continuaci\u00f3n te presentamos algunos tutoriales para tu conocimiento.\u00a0 https:\/\/www.youtube.com\/watch?v=ATHSQsE9aXA Recursos de Etnoeducaci\u00f3n Afroecuatoriana Uso de cartillas de Etnoeducaci\u00f3n \u00abSembrando a trav\u00e9s de la palabra\u00bb Experiencias de aprendizaje de la cultura afroecuatoriana para estudiantes y docentes de 1er grado Cuentos digitales Interactivos de etnoeducaci\u00f3n afroecuatoriana. Read more &rarr;\" \/>\n<meta property=\"og:url\" content=\"https:\/\/educacionbilingue.gob.ec\/?page_id=11401\" \/>\n<meta property=\"og:site_name\" content=\"SEIBE - Secretar\u00eda de Educaci\u00f3n Intercultural Biling\u00fce y la Etnoeducaci\u00f3n\" \/>\n<meta property=\"article:publisher\" content=\"https:\/\/www.facebook.com\/SEIBEec\/\" \/>\n<meta property=\"article:modified_time\" content=\"2025-05-09T17:34:06+00:00\" \/>\n<meta property=\"og:image\" content=\"https:\/\/educacionbilingue.gob.ec\/wp-content\/uploads\/2025\/05\/logo-vertical@4x.png\" \/>\n\t<meta property=\"og:image:width\" content=\"1373\" \/>\n\t<meta property=\"og:image:height\" content=\"800\" \/>\n\t<meta property=\"og:image:type\" content=\"image\/png\" \/>\n<meta name=\"twitter:card\" content=\"summary_large_image\" \/>\n<meta name=\"twitter:label1\" content=\"Tiempo de lectura\" \/>\n\t<meta name=\"twitter:data1\" content=\"1 minuto\" \/>\n<script type=\"application\/ld+json\" class=\"yoast-schema-graph\">{\"@context\":\"https:\\\/\\\/schema.org\",\"@graph\":[{\"@type\":\"WebPage\",\"@id\":\"https:\\\/\\\/educacionbilingue.gob.ec\\\/?page_id=11401\",\"url\":\"https:\\\/\\\/educacionbilingue.gob.ec\\\/?page_id=11401\",\"name\":\"Tutoriales Etnoeducativos - SEIBE - Secretar\u00eda de Educaci\u00f3n Intercultural Biling\u00fce y la Etnoeducaci\u00f3n\",\"isPartOf\":{\"@id\":\"https:\\\/\\\/educacionbilingue.gob.ec\\\/#website\"},\"datePublished\":\"2023-08-14T15:54:33+00:00\",\"dateModified\":\"2025-05-09T17:34:06+00:00\",\"breadcrumb\":{\"@id\":\"https:\\\/\\\/educacionbilingue.gob.ec\\\/?page_id=11401#breadcrumb\"},\"inLanguage\":\"es\",\"potentialAction\":[{\"@type\":\"ReadAction\",\"target\":[\"https:\\\/\\\/educacionbilingue.gob.ec\\\/?page_id=11401\"]}]},{\"@type\":\"BreadcrumbList\",\"@id\":\"https:\\\/\\\/educacionbilingue.gob.ec\\\/?page_id=11401#breadcrumb\",\"itemListElement\":[{\"@type\":\"ListItem\",\"position\":1,\"name\":\"Portada\",\"item\":\"https:\\\/\\\/educacionbilingue.gob.ec\\\/\"},{\"@type\":\"ListItem\",\"position\":2,\"name\":\"Tutoriales Etnoeducativos\"}]},{\"@type\":\"WebSite\",\"@id\":\"https:\\\/\\\/educacionbilingue.gob.ec\\\/#website\",\"url\":\"https:\\\/\\\/educacionbilingue.gob.ec\\\/\",\"name\":\"SEIBE - Secretar\u00eda de Educaci\u00f3n Intercultural Biling\u00fce y la Etnoeducaci\u00f3n\",\"description\":\"Secretar\u00eda de Educaci\u00f3n Intercultural Biling\u00fce y la Etnoeducaci\u00f3n\",\"publisher\":{\"@id\":\"https:\\\/\\\/educacionbilingue.gob.ec\\\/#organization\"},\"alternateName\":\"SEIBE\",\"potentialAction\":[{\"@type\":\"SearchAction\",\"target\":{\"@type\":\"EntryPoint\",\"urlTemplate\":\"https:\\\/\\\/educacionbilingue.gob.ec\\\/?s={search_term_string}\"},\"query-input\":{\"@type\":\"PropertyValueSpecification\",\"valueRequired\":true,\"valueName\":\"search_term_string\"}}],\"inLanguage\":\"es\"},{\"@type\":\"Organization\",\"@id\":\"https:\\\/\\\/educacionbilingue.gob.ec\\\/#organization\",\"name\":\"SEIBE - Secretar\u00eda de Educaci\u00f3n Intercultural Biling\u00fce y la Etnoeducaci\u00f3n\",\"url\":\"https:\\\/\\\/educacionbilingue.gob.ec\\\/\",\"logo\":{\"@type\":\"ImageObject\",\"inLanguage\":\"es\",\"@id\":\"https:\\\/\\\/educacionbilingue.gob.ec\\\/#\\\/schema\\\/logo\\\/image\\\/\",\"url\":\"https:\\\/\\\/educacionbilingue.gob.ec\\\/wp-content\\\/uploads\\\/2025\\\/05\\\/logo-horizontal@4x.png\",\"contentUrl\":\"https:\\\/\\\/educacionbilingue.gob.ec\\\/wp-content\\\/uploads\\\/2025\\\/05\\\/logo-horizontal@4x.png\",\"width\":1889,\"height\":456,\"caption\":\"SEIBE - Secretar\u00eda de Educaci\u00f3n Intercultural Biling\u00fce y la Etnoeducaci\u00f3n\"},\"image\":{\"@id\":\"https:\\\/\\\/educacionbilingue.gob.ec\\\/#\\\/schema\\\/logo\\\/image\\\/\"},\"sameAs\":[\"https:\\\/\\\/www.facebook.com\\\/SEIBEec\\\/\"]}]}<\/script>\n<!-- \/ Yoast SEO plugin. -->","yoast_head_json":{"title":"Tutoriales Etnoeducativos - SEIBE - Secretar\u00eda de Educaci\u00f3n Intercultural Biling\u00fce y la Etnoeducaci\u00f3n","robots":{"index":"index","follow":"follow","max-snippet":"max-snippet:-1","max-image-preview":"max-image-preview:large","max-video-preview":"max-video-preview:-1"},"canonical":"https:\/\/educacionbilingue.gob.ec\/?page_id=11401","og_locale":"es_ES","og_type":"article","og_title":"Tutoriales Etnoeducativos - SEIBE - Secretar\u00eda de Educaci\u00f3n Intercultural Biling\u00fce y la Etnoeducaci\u00f3n","og_description":"Tutoriales Etnoeducativos Bienvenido\/a a este espacio de conocimiento, a continuaci\u00f3n te presentamos algunos tutoriales para tu conocimiento.\u00a0 https:\/\/www.youtube.com\/watch?v=ATHSQsE9aXA Recursos de Etnoeducaci\u00f3n Afroecuatoriana Uso de cartillas de Etnoeducaci\u00f3n \u00abSembrando a trav\u00e9s de la palabra\u00bb Experiencias de aprendizaje de la cultura afroecuatoriana para estudiantes y docentes de 1er grado Cuentos digitales Interactivos de etnoeducaci\u00f3n afroecuatoriana. Read more &rarr;","og_url":"https:\/\/educacionbilingue.gob.ec\/?page_id=11401","og_site_name":"SEIBE - Secretar\u00eda de Educaci\u00f3n Intercultural Biling\u00fce y la Etnoeducaci\u00f3n","article_publisher":"https:\/\/www.facebook.com\/SEIBEec\/","article_modified_time":"2025-05-09T17:34:06+00:00","og_image":[{"width":1373,"height":800,"url":"https:\/\/educacionbilingue.gob.ec\/wp-content\/uploads\/2025\/05\/logo-vertical@4x.png","type":"image\/png"}],"twitter_card":"summary_large_image","twitter_misc":{"Tiempo de lectura":"1 minuto"},"schema":{"@context":"https:\/\/schema.org","@graph":[{"@type":"WebPage","@id":"https:\/\/educacionbilingue.gob.ec\/?page_id=11401","url":"https:\/\/educacionbilingue.gob.ec\/?page_id=11401","name":"Tutoriales Etnoeducativos - SEIBE - Secretar\u00eda de Educaci\u00f3n Intercultural Biling\u00fce y la Etnoeducaci\u00f3n","isPartOf":{"@id":"https:\/\/educacionbilingue.gob.ec\/#website"},"datePublished":"2023-08-14T15:54:33+00:00","dateModified":"2025-05-09T17:34:06+00:00","breadcrumb":{"@id":"https:\/\/educacionbilingue.gob.ec\/?page_id=11401#breadcrumb"},"inLanguage":"es","potentialAction":[{"@type":"ReadAction","target":["https:\/\/educacionbilingue.gob.ec\/?page_id=11401"]}]},{"@type":"BreadcrumbList","@id":"https:\/\/educacionbilingue.gob.ec\/?page_id=11401#breadcrumb","itemListElement":[{"@type":"ListItem","position":1,"name":"Portada","item":"https:\/\/educacionbilingue.gob.ec\/"},{"@type":"ListItem","position":2,"name":"Tutoriales Etnoeducativos"}]},{"@type":"WebSite","@id":"https:\/\/educacionbilingue.gob.ec\/#website","url":"https:\/\/educacionbilingue.gob.ec\/","name":"SEIBE - Secretar\u00eda de Educaci\u00f3n Intercultural Biling\u00fce y la Etnoeducaci\u00f3n","description":"Secretar\u00eda de Educaci\u00f3n Intercultural Biling\u00fce y la Etnoeducaci\u00f3n","publisher":{"@id":"https:\/\/educacionbilingue.gob.ec\/#organization"},"alternateName":"SEIBE","potentialAction":[{"@type":"SearchAction","target":{"@type":"EntryPoint","urlTemplate":"https:\/\/educacionbilingue.gob.ec\/?s={search_term_string}"},"query-input":{"@type":"PropertyValueSpecification","valueRequired":true,"valueName":"search_term_string"}}],"inLanguage":"es"},{"@type":"Organization","@id":"https:\/\/educacionbilingue.gob.ec\/#organization","name":"SEIBE - Secretar\u00eda de Educaci\u00f3n Intercultural Biling\u00fce y la Etnoeducaci\u00f3n","url":"https:\/\/educacionbilingue.gob.ec\/","logo":{"@type":"ImageObject","inLanguage":"es","@id":"https:\/\/educacionbilingue.gob.ec\/#\/schema\/logo\/image\/","url":"https:\/\/educacionbilingue.gob.ec\/wp-content\/uploads\/2025\/05\/logo-horizontal@4x.png","contentUrl":"https:\/\/educacionbilingue.gob.ec\/wp-content\/uploads\/2025\/05\/logo-horizontal@4x.png","width":1889,"height":456,"caption":"SEIBE - Secretar\u00eda de Educaci\u00f3n Intercultural Biling\u00fce y la Etnoeducaci\u00f3n"},"image":{"@id":"https:\/\/educacionbilingue.gob.ec\/#\/schema\/logo\/image\/"},"sameAs":["https:\/\/www.facebook.com\/SEIBEec\/"]}]}},"_links":{"self":[{"href":"https:\/\/educacionbilingue.gob.ec\/index.php?rest_route=\/wp\/v2\/pages\/11401","targetHints":{"allow":["GET"]}}],"collection":[{"href":"https:\/\/educacionbilingue.gob.ec\/index.php?rest_route=\/wp\/v2\/pages"}],"about":[{"href":"https:\/\/educacionbilingue.gob.ec\/index.php?rest_route=\/wp\/v2\/types\/page"}],"author":[{"embeddable":true,"href":"https:\/\/educacionbilingue.gob.ec\/index.php?rest_route=\/wp\/v2\/users\/330"}],"replies":[{"embeddable":true,"href":"https:\/\/educacionbilingue.gob.ec\/index.php?rest_route=%2Fwp%2Fv2%2Fcomments&post=11401"}],"version-history":[{"count":6,"href":"https:\/\/educacionbilingue.gob.ec\/index.php?rest_route=\/wp\/v2\/pages\/11401\/revisions"}],"predecessor-version":[{"id":14251,"href":"https:\/\/educacionbilingue.gob.ec\/index.php?rest_route=\/wp\/v2\/pages\/11401\/revisions\/14251"}],"wp:attachment":[{"href":"https:\/\/educacionbilingue.gob.ec\/index.php?rest_route=%2Fwp%2Fv2%2Fmedia&parent=11401"}],"curies":[{"name":"wp","href":"https:\/\/api.w.org\/{rel}","templated":true}]}}