{"id":11719,"date":"2023-11-09T08:30:54","date_gmt":"2023-11-09T13:30:54","guid":{"rendered":"https:\/\/www.educacionbilingue.gob.ec\/?page_id=11719"},"modified":"2025-11-07T09:03:50","modified_gmt":"2025-11-07T14:03:50","slug":"consejo-plurinacional-normativa","status":"publish","type":"page","link":"https:\/\/educacionbilingue.gob.ec\/?page_id=11719","title":{"rendered":"Consejo Plurinacional-Normativa"},"content":{"rendered":"\t\t<div data-elementor-type=\"wp-page\" data-elementor-id=\"11719\" class=\"elementor elementor-11719\">\n\t\t\t\t\t\t<section class=\"elementor-section elementor-top-section elementor-element elementor-element-bcb9197 elementor-section-boxed elementor-section-height-default elementor-section-height-default\" data-id=\"bcb9197\" data-element_type=\"section\" data-e-type=\"section\">\n\t\t\t\t\t\t<div class=\"elementor-container elementor-column-gap-default\">\n\t\t\t\t\t<div class=\"elementor-column elementor-col-100 elementor-top-column elementor-element elementor-element-1be4e22\" data-id=\"1be4e22\" data-element_type=\"column\" data-e-type=\"column\">\n\t\t\t<div class=\"elementor-widget-wrap elementor-element-populated\">\n\t\t\t\t\t\t<div class=\"elementor-element elementor-element-551c99e elementor-widget elementor-widget-heading\" data-id=\"551c99e\" data-element_type=\"widget\" data-e-type=\"widget\" data-widget_type=\"heading.default\">\n\t\t\t\t<div class=\"elementor-widget-container\">\n\t\t\t\t\t<h1 class=\"elementor-heading-title elementor-size-default\">Consejo Plurinacional<\/h1>\t\t\t\t<\/div>\n\t\t\t\t<\/div>\n\t\t\t\t<div class=\"elementor-element elementor-element-944b0fb elementor-widget elementor-widget-heading\" data-id=\"944b0fb\" data-element_type=\"widget\" data-e-type=\"widget\" data-widget_type=\"heading.default\">\n\t\t\t\t<div class=\"elementor-widget-container\">\n\t\t\t\t\t<h5 class=\"elementor-heading-title elementor-size-default\">NORMATIVA<\/h5>\t\t\t\t<\/div>\n\t\t\t\t<\/div>\n\t\t\t\t\t<\/div>\n\t\t<\/div>\n\t\t\t\t\t<\/div>\n\t\t<\/section>\n\t\t\t\t<section class=\"elementor-section elementor-top-section elementor-element elementor-element-e2ae61f elementor-section-boxed elementor-section-height-default elementor-section-height-default\" data-id=\"e2ae61f\" data-element_type=\"section\" data-e-type=\"section\">\n\t\t\t\t\t\t<div class=\"elementor-container elementor-column-gap-default\">\n\t\t\t\t\t<div class=\"elementor-column elementor-col-100 elementor-top-column elementor-element elementor-element-2079197\" data-id=\"2079197\" data-element_type=\"column\" data-e-type=\"column\">\n\t\t\t<div class=\"elementor-widget-wrap elementor-element-populated\">\n\t\t\t\t\t\t<div class=\"elementor-element elementor-element-00bc338 elementor-widget elementor-widget-image\" data-id=\"00bc338\" data-element_type=\"widget\" data-e-type=\"widget\" data-widget_type=\"image.default\">\n\t\t\t\t<div class=\"elementor-widget-container\">\n\t\t\t\t\t\t\t\t\t\t\t\t\t\t\t<img fetchpriority=\"high\" decoding=\"async\" width=\"945\" height=\"724\" src=\"https:\/\/educacionbilingue.gob.ec\/wp-content\/uploads\/2024\/12\/ARTE-CONSEJO-PLURINACIONAL-min-03-1024x784.jpg\" class=\"attachment-large size-large wp-image-13488\" alt=\"\" srcset=\"https:\/\/educacionbilingue.gob.ec\/wp-content\/uploads\/2024\/12\/ARTE-CONSEJO-PLURINACIONAL-min-03-1024x784.jpg 1024w, https:\/\/educacionbilingue.gob.ec\/wp-content\/uploads\/2024\/12\/ARTE-CONSEJO-PLURINACIONAL-min-03-300x230.jpg 300w, https:\/\/educacionbilingue.gob.ec\/wp-content\/uploads\/2024\/12\/ARTE-CONSEJO-PLURINACIONAL-min-03-768x588.jpg 768w, https:\/\/educacionbilingue.gob.ec\/wp-content\/uploads\/2024\/12\/ARTE-CONSEJO-PLURINACIONAL-min-03.jpg 1465w\" sizes=\"(max-width: 945px) 100vw, 945px\" \/>\t\t\t\t\t\t\t\t\t\t\t\t\t\t\t<\/div>\n\t\t\t\t<\/div>\n\t\t\t\t\t<\/div>\n\t\t<\/div>\n\t\t\t\t\t<\/div>\n\t\t<\/section>\n\t\t<div class=\"elementor-element elementor-element-749860f e-flex e-con-boxed e-con e-parent\" data-id=\"749860f\" data-element_type=\"container\" data-e-type=\"container\">\n\t\t\t\t\t<div class=\"e-con-inner\">\n\t\t\t\t<div class=\"elementor-element elementor-element-44ffc50 elementor-widget-divider--separator-type-pattern elementor-widget-divider--view-line elementor-widget elementor-widget-divider\" data-id=\"44ffc50\" data-element_type=\"widget\" data-e-type=\"widget\" data-widget_type=\"divider.default\">\n\t\t\t\t<div class=\"elementor-widget-container\">\n\t\t\t\t\t\t\t<div class=\"elementor-divider\" style=\"--divider-pattern-url: url(&quot;data:image\/svg+xml,%3Csvg xmlns=&#039;http:\/\/www.w3.org\/2000\/svg&#039; preserveAspectRatio=&#039;none&#039; overflow=&#039;visible&#039; height=&#039;100%&#039; viewBox=&#039;0 0 24 24&#039; fill=&#039;none&#039; stroke=&#039;black&#039; stroke-width=&#039;1&#039; stroke-linecap=&#039;square&#039; stroke-miterlimit=&#039;10&#039;%3E%3Cpolyline points=&#039;0,18 12,6 24,18 &#039;\/%3E%3C\/svg%3E&quot;);\">\n\t\t\t<span class=\"elementor-divider-separator\">\n\t\t\t\t\t\t<\/span>\n\t\t<\/div>\n\t\t\t\t\t\t<\/div>\n\t\t\t\t<\/div>\n\t\t\t\t\t<\/div>\n\t\t\t\t<\/div>\n\t\t\t\t<section class=\"elementor-section elementor-top-section elementor-element elementor-element-a453ed0 elementor-section-boxed elementor-section-height-default elementor-section-height-default\" data-id=\"a453ed0\" data-element_type=\"section\" data-e-type=\"section\">\n\t\t\t\t\t\t<div class=\"elementor-container elementor-column-gap-default\">\n\t\t\t\t\t<div class=\"elementor-column elementor-col-50 elementor-top-column elementor-element elementor-element-23b2b46 elementor-invisible\" data-id=\"23b2b46\" data-element_type=\"column\" data-e-type=\"column\" data-settings=\"{&quot;animation&quot;:&quot;fadeInLeft&quot;}\">\n\t\t\t<div class=\"elementor-widget-wrap elementor-element-populated\">\n\t\t\t\t\t\t<div class=\"elementor-element elementor-element-97f00a2 elementor-widget elementor-widget-image\" data-id=\"97f00a2\" data-element_type=\"widget\" data-e-type=\"widget\" data-widget_type=\"image.default\">\n\t\t\t\t<div class=\"elementor-widget-container\">\n\t\t\t\t\t\t\t\t\t\t\t\t\t\t\t\t<a href=\"https:\/\/educacionbilingue.gob.ec\/wp-content\/uploads\/2025\/05\/INFORME-PRELIMINAR-SUBSANACION-DEF-29ab2025-signed.pdf\" target=\"_blank\">\n\t\t\t\t\t\t\t<img decoding=\"async\" width=\"768\" height=\"960\" src=\"https:\/\/educacionbilingue.gob.ec\/wp-content\/uploads\/2025\/05\/cronograma_Mesa-de-trabajo-1-768x960.jpg\" class=\"elementor-animation-shrink attachment-medium_large size-medium_large wp-image-14027\" alt=\"\" srcset=\"https:\/\/educacionbilingue.gob.ec\/wp-content\/uploads\/2025\/05\/cronograma_Mesa-de-trabajo-1-768x960.jpg 768w, https:\/\/educacionbilingue.gob.ec\/wp-content\/uploads\/2025\/05\/cronograma_Mesa-de-trabajo-1-560x700.jpg 560w, https:\/\/educacionbilingue.gob.ec\/wp-content\/uploads\/2025\/05\/cronograma_Mesa-de-trabajo-1-1619x2024.jpg 1619w, https:\/\/educacionbilingue.gob.ec\/wp-content\/uploads\/2025\/05\/cronograma_Mesa-de-trabajo-1-1229x1536.jpg 1229w, https:\/\/educacionbilingue.gob.ec\/wp-content\/uploads\/2025\/05\/cronograma_Mesa-de-trabajo-1-1638x2048.jpg 1638w, https:\/\/educacionbilingue.gob.ec\/wp-content\/uploads\/2025\/05\/cronograma_Mesa-de-trabajo-1-scaled.jpg 2048w\" sizes=\"(max-width: 768px) 100vw, 768px\" \/>\t\t\t\t\t\t\t\t<\/a>\n\t\t\t\t\t\t\t\t\t\t\t\t\t\t\t<\/div>\n\t\t\t\t<\/div>\n\t\t\t\t\t<\/div>\n\t\t<\/div>\n\t\t\t\t<div class=\"elementor-column elementor-col-50 elementor-top-column elementor-element elementor-element-c326f6e elementor-invisible\" data-id=\"c326f6e\" data-element_type=\"column\" data-e-type=\"column\" data-settings=\"{&quot;animation&quot;:&quot;fadeInRight&quot;}\">\n\t\t\t<div class=\"elementor-widget-wrap elementor-element-populated\">\n\t\t\t\t\t\t<div class=\"elementor-element elementor-element-d61def0 elementor-widget elementor-widget-heading\" data-id=\"d61def0\" data-element_type=\"widget\" data-e-type=\"widget\" data-widget_type=\"heading.default\">\n\t\t\t\t<div class=\"elementor-widget-container\">\n\t\t\t\t\t<h3 class=\"elementor-heading-title elementor-size-default\">INFORME PRELIMINAR<\/h3>\t\t\t\t<\/div>\n\t\t\t\t<\/div>\n\t\t\t\t<div class=\"elementor-element elementor-element-b2f1154 elementor-widget elementor-widget-text-editor\" data-id=\"b2f1154\" data-element_type=\"widget\" data-e-type=\"widget\" data-widget_type=\"text-editor.default\">\n\t\t\t\t<div class=\"elementor-widget-container\">\n\t\t\t\t\t\t\t\t\t<div class=\"page\" title=\"Page 18\"><div class=\"layoutArea\"><div class=\"column\"><p>Mediante Acta de Recepci\u00f3n de Postulaciones del Concurso CPSEIBE Nro. 001-CPSEIBE-2025 de 28 de abril de 2025, suscrita por el Secretario General del CPSEIBE, en las oficinas de la Secretar\u00eda de Educaci\u00f3n Intercultural Biling\u00fce y la Etnoeducaci\u00f3n (SEIBE), ubicadas en la Av. Amazonas N34-451 y Av. Atahualpa, edificio matriz del Ministerio de Educaci\u00f3n, cuarto piso, y en cumplimiento de lo dispuesto en la convocatoria p\u00fablica aprobada mediante Resoluci\u00f3n CPSEIBE-007-2025 para el Proceso de Selecci\u00f3n y Designaci\u00f3n del\/la Secretario\/a de Educaci\u00f3n Intercultural Biling\u00fce y la Etnoeducaci\u00f3n, se procede a dejar constancia de la recepci\u00f3n de las postulaciones.<\/p><\/div><\/div><\/div>\t\t\t\t\t\t\t\t<\/div>\n\t\t\t\t<\/div>\n\t\t\t\t<div class=\"elementor-element elementor-element-47c79a2 elementor-align-center elementor-widget elementor-widget-button\" data-id=\"47c79a2\" data-element_type=\"widget\" data-e-type=\"widget\" data-widget_type=\"button.default\">\n\t\t\t\t<div class=\"elementor-widget-container\">\n\t\t\t\t\t\t\t\t\t<div class=\"elementor-button-wrapper\">\n\t\t\t\t\t<a class=\"elementor-button elementor-button-link elementor-size-sm elementor-animation-grow\" href=\"https:\/\/educacionbilingue.gob.ec\/wp-content\/uploads\/2025\/05\/INFORME-PRELIMINAR-SUBSANACION-DEF-29ab2025-signed.pdf\" target=\"_blank\">\n\t\t\t\t\t\t<span class=\"elementor-button-content-wrapper\">\n\t\t\t\t\t\t<span class=\"elementor-button-icon\">\n\t\t\t\t<svg aria-hidden=\"true\" class=\"e-font-icon-svg e-fas-file-pdf\" viewBox=\"0 0 384 512\" xmlns=\"http:\/\/www.w3.org\/2000\/svg\"><path d=\"M181.9 256.1c-5-16-4.9-46.9-2-46.9 8.4 0 7.6 36.9 2 46.9zm-1.7 47.2c-7.7 20.2-17.3 43.3-28.4 62.7 18.3-7 39-17.2 62.9-21.9-12.7-9.6-24.9-23.4-34.5-40.8zM86.1 428.1c0 .8 13.2-5.4 34.9-40.2-6.7 6.3-29.1 24.5-34.9 40.2zM248 160h136v328c0 13.3-10.7 24-24 24H24c-13.3 0-24-10.7-24-24V24C0 10.7 10.7 0 24 0h200v136c0 13.2 10.8 24 24 24zm-8 171.8c-20-12.2-33.3-29-42.7-53.8 4.5-18.5 11.6-46.6 6.2-64.2-4.7-29.4-42.4-26.5-47.8-6.8-5 18.3-.4 44.1 8.1 77-11.6 27.6-28.7 64.6-40.8 85.8-.1 0-.1.1-.2.1-27.1 13.9-73.6 44.5-54.5 68 5.6 6.9 16 10 21.5 10 17.9 0 35.7-18 61.1-61.8 25.8-8.5 54.1-19.1 79-23.2 21.7 11.8 47.1 19.5 64 19.5 29.2 0 31.2-32 19.7-43.4-13.9-13.6-54.3-9.7-73.6-7.2zM377 105L279 7c-4.5-4.5-10.6-7-17-7h-6v128h128v-6.1c0-6.3-2.5-12.4-7-16.9zm-74.1 255.3c4.1-2.7-2.5-11.9-42.8-9 37.1 15.8 42.8 9 42.8 9z\"><\/path><\/svg>\t\t\t<\/span>\n\t\t\t\t\t\t\t\t\t<span class=\"elementor-button-text\">Ver Documento<\/span>\n\t\t\t\t\t<\/span>\n\t\t\t\t\t<\/a>\n\t\t\t\t<\/div>\n\t\t\t\t\t\t\t\t<\/div>\n\t\t\t\t<\/div>\n\t\t\t\t\t<\/div>\n\t\t<\/div>\n\t\t\t\t\t<\/div>\n\t\t<\/section>\n\t\t<div class=\"elementor-element elementor-element-a95a663 e-flex e-con-boxed e-con e-parent\" data-id=\"a95a663\" data-element_type=\"container\" data-e-type=\"container\">\n\t\t\t\t\t<div class=\"e-con-inner\">\n\t\t\t\t<div class=\"elementor-element elementor-element-04c513e elementor-widget elementor-widget-spacer\" data-id=\"04c513e\" data-element_type=\"widget\" data-e-type=\"widget\" data-widget_type=\"spacer.default\">\n\t\t\t\t<div class=\"elementor-widget-container\">\n\t\t\t\t\t\t\t<div class=\"elementor-spacer\">\n\t\t\t<div class=\"elementor-spacer-inner\"><\/div>\n\t\t<\/div>\n\t\t\t\t\t\t<\/div>\n\t\t\t\t<\/div>\n\t\t\t\t\t<\/div>\n\t\t\t\t<\/div>\n\t\t<div class=\"elementor-element elementor-element-cb0eed3 e-flex e-con-boxed e-con e-parent\" data-id=\"cb0eed3\" data-element_type=\"container\" data-e-type=\"container\">\n\t\t\t\t\t<div class=\"e-con-inner\">\n\t\t\t\t<div class=\"elementor-element elementor-element-479b8c3 eael-dual-header-content-align-center elementor-widget elementor-widget-eael-dual-color-header\" data-id=\"479b8c3\" data-element_type=\"widget\" data-e-type=\"widget\" data-widget_type=\"eael-dual-color-header.default\">\n\t\t\t\t<div class=\"elementor-widget-container\">\n\t\t\t\t\t\t\t\t<div class=\"eael-dual-header\">\n\t\t\t\t<h2 class=\"title eael-dch-title\"><span class=\"eael-dch-title-text eael-dch-title-lead lead solid-color\">DOCUMENTOS<\/span> <span class=\"eael-dch-title-text\">2025<\/span><\/h2>\t\t\t\t\t<span class=\"eael-dch-svg-icon\"><\/span>\t\t\t\t\t\t\t<\/div>\n\n\t\t\t\t\t\t<\/div>\n\t\t\t\t<\/div>\n\t\t\t\t\t<\/div>\n\t\t\t\t<\/div>\n\t\t<div class=\"elementor-element elementor-element-6e124ff e-flex e-con-boxed e-con e-parent\" data-id=\"6e124ff\" data-element_type=\"container\" data-e-type=\"container\">\n\t\t\t\t\t<div class=\"e-con-inner\">\n\t\t\t\t<div class=\"elementor-element elementor-element-fa305b6 e-n-tabs-mobile elementor-widget elementor-widget-n-tabs\" data-id=\"fa305b6\" data-element_type=\"widget\" data-e-type=\"widget\" data-settings=\"{&quot;horizontal_scroll&quot;:&quot;disable&quot;}\" data-widget_type=\"nested-tabs.default\">\n\t\t\t\t<div class=\"elementor-widget-container\">\n\t\t\t\t\t\t\t<div class=\"e-n-tabs\" data-widget-number=\"262342070\" aria-label=\"Pesta\u00f1as. Abre elementos con Intro o Espacio, ci\u00e9rralos con Escape y navega con las fechas.\">\n\t\t\t<div class=\"e-n-tabs-heading\" role=\"tablist\">\n\t\t\t\t\t<button id=\"e-n-tab-title-2623420701\" data-tab-title-id=\"e-n-tab-title-2623420701\" class=\"e-n-tab-title elementor-animation-grow\" aria-selected=\"true\" data-tab-index=\"1\" role=\"tab\" tabindex=\"0\" aria-controls=\"e-n-tab-content-2623420701\" style=\"--n-tabs-title-order: 1;\">\n\t\t\t\t\t\t<span class=\"e-n-tab-title-text\">\n\t\t\t\tACTA RESOLUTIVA\t\t\t<\/span>\n\t\t<\/button>\n\t\t\t\t<button id=\"e-n-tab-title-2623420702\" data-tab-title-id=\"e-n-tab-title-2623420702\" class=\"e-n-tab-title elementor-animation-grow\" aria-selected=\"false\" data-tab-index=\"2\" role=\"tab\" tabindex=\"-1\" aria-controls=\"e-n-tab-content-2623420702\" style=\"--n-tabs-title-order: 2;\">\n\t\t\t\t\t\t<span class=\"e-n-tab-title-text\">\n\t\t\t\tCRONOGRAMA ACTUALIZADO\t\t\t<\/span>\n\t\t<\/button>\n\t\t\t\t<button id=\"e-n-tab-title-2623420703\" data-tab-title-id=\"e-n-tab-title-2623420703\" class=\"e-n-tab-title elementor-animation-grow\" aria-selected=\"false\" data-tab-index=\"3\" role=\"tab\" tabindex=\"-1\" aria-controls=\"e-n-tab-content-2623420703\" style=\"--n-tabs-title-order: 3;\">\n\t\t\t\t\t\t<span class=\"e-n-tab-title-text\">\n\t\t\t\tASAMBLEA GENERAL\t\t\t<\/span>\n\t\t<\/button>\n\t\t\t\t\t<\/div>\n\t\t\t<div class=\"e-n-tabs-content\">\n\t\t\t\t<div id=\"e-n-tab-content-2623420701\" role=\"tabpanel\" aria-labelledby=\"e-n-tab-title-2623420701\" data-tab-index=\"1\" style=\"--n-tabs-title-order: 1;\" class=\"e-active elementor-element elementor-element-dd87440 e-con-full e-flex e-con e-child\" data-id=\"dd87440\" data-element_type=\"container\" data-e-type=\"container\">\n\t\t\t\t<div class=\"elementor-element elementor-element-da3ece6 elementor-widget elementor-widget-heading\" data-id=\"da3ece6\" data-element_type=\"widget\" data-e-type=\"widget\" data-widget_type=\"heading.default\">\n\t\t\t\t<div class=\"elementor-widget-container\">\n\t\t\t\t\t<h3 class=\"elementor-heading-title elementor-size-default\">Acta Resolutiva<\/h3>\t\t\t\t<\/div>\n\t\t\t\t<\/div>\n\t\t\t\t<div class=\"elementor-element elementor-element-73b9519 elementor-icon-list--layout-traditional elementor-list-item-link-full_width elementor-widget elementor-widget-icon-list\" data-id=\"73b9519\" data-element_type=\"widget\" data-e-type=\"widget\" data-widget_type=\"icon-list.default\">\n\t\t\t\t<div class=\"elementor-widget-container\">\n\t\t\t\t\t\t\t<ul class=\"elementor-icon-list-items\">\n\t\t\t\t\t\t\t<li class=\"elementor-icon-list-item\">\n\t\t\t\t\t\t\t\t\t\t\t<a href=\"https:\/\/educacionbilingue.gob.ec\/wp-content\/uploads\/2025\/05\/Acta-Resolutiva-Nro.-009-CPSEIBE-2025-signed-signed.pdf\" target=\"_blank\">\n\n\t\t\t\t\t\t\t\t\t\t\t\t<span class=\"elementor-icon-list-icon\">\n\t\t\t\t\t\t\t<svg aria-hidden=\"true\" class=\"e-font-icon-svg e-far-file-pdf\" viewBox=\"0 0 384 512\" xmlns=\"http:\/\/www.w3.org\/2000\/svg\"><path d=\"M369.9 97.9L286 14C277 5 264.8-.1 252.1-.1H48C21.5 0 0 21.5 0 48v416c0 26.5 21.5 48 48 48h288c26.5 0 48-21.5 48-48V131.9c0-12.7-5.1-25-14.1-34zM332.1 128H256V51.9l76.1 76.1zM48 464V48h160v104c0 13.3 10.7 24 24 24h104v288H48zm250.2-143.7c-12.2-12-47-8.7-64.4-6.5-17.2-10.5-28.7-25-36.8-46.3 3.9-16.1 10.1-40.6 5.4-56-4.2-26.2-37.8-23.6-42.6-5.9-4.4 16.1-.4 38.5 7 67.1-10 23.9-24.9 56-35.4 74.4-20 10.3-47 26.2-51 46.2-3.3 15.8 26 55.2 76.1-31.2 22.4-7.4 46.8-16.5 68.4-20.1 18.9 10.2 41 17 55.8 17 25.5 0 28-28.2 17.5-38.7zm-198.1 77.8c5.1-13.7 24.5-29.5 30.4-35-19 30.3-30.4 35.7-30.4 35zm81.6-190.6c7.4 0 6.7 32.1 1.8 40.8-4.4-13.9-4.3-40.8-1.8-40.8zm-24.4 136.6c9.7-16.9 18-37 24.7-54.7 8.3 15.1 18.9 27.2 30.1 35.5-20.8 4.3-38.9 13.1-54.8 19.2zm131.6-5s-5 6-37.3-7.8c35.1-2.6 40.9 5.4 37.3 7.8z\"><\/path><\/svg>\t\t\t\t\t\t<\/span>\n\t\t\t\t\t\t\t\t\t\t<span class=\"elementor-icon-list-text\">Acta Resolutiva Nro. 009-CPSEIBE-2025<\/span>\n\t\t\t\t\t\t\t\t\t\t\t<\/a>\n\t\t\t\t\t\t\t\t\t<\/li>\n\t\t\t\t\t\t<\/ul>\n\t\t\t\t\t\t<\/div>\n\t\t\t\t<\/div>\n\t\t\t\t<\/div>\n\t\t<div id=\"e-n-tab-content-2623420702\" role=\"tabpanel\" aria-labelledby=\"e-n-tab-title-2623420702\" data-tab-index=\"2\" style=\"--n-tabs-title-order: 2;\" class=\" elementor-element elementor-element-b7fbc72 e-con-full e-flex e-con e-child\" data-id=\"b7fbc72\" data-element_type=\"container\" data-e-type=\"container\">\n\t\t\t\t<div class=\"elementor-element elementor-element-9b4b5ab elementor-widget elementor-widget-heading\" data-id=\"9b4b5ab\" data-element_type=\"widget\" data-e-type=\"widget\" data-widget_type=\"heading.default\">\n\t\t\t\t<div class=\"elementor-widget-container\">\n\t\t\t\t\t<h3 class=\"elementor-heading-title elementor-size-default\">Cronograma <\/h3>\t\t\t\t<\/div>\n\t\t\t\t<\/div>\n\t\t\t\t<div class=\"elementor-element elementor-element-d161b90 elementor-icon-list--layout-traditional elementor-list-item-link-full_width elementor-invisible elementor-widget elementor-widget-icon-list\" data-id=\"d161b90\" data-element_type=\"widget\" data-e-type=\"widget\" data-settings=\"{&quot;_animation&quot;:&quot;bounceInLeft&quot;}\" data-widget_type=\"icon-list.default\">\n\t\t\t\t<div class=\"elementor-widget-container\">\n\t\t\t\t\t\t\t<ul class=\"elementor-icon-list-items\">\n\t\t\t\t\t\t\t<li class=\"elementor-icon-list-item\">\n\t\t\t\t\t\t\t\t\t\t\t<a href=\"https:\/\/educacionbilingue.gob.ec\/wp-content\/uploads\/2025\/05\/CRONOGRAMA-ACTUALIZADO-28-DE-ABRIL-DE-2025.pdf\" target=\"_blank\">\n\n\t\t\t\t\t\t\t\t\t\t\t\t<span class=\"elementor-icon-list-icon\">\n\t\t\t\t\t\t\t<svg aria-hidden=\"true\" class=\"e-font-icon-svg e-far-file-pdf\" viewBox=\"0 0 384 512\" xmlns=\"http:\/\/www.w3.org\/2000\/svg\"><path d=\"M369.9 97.9L286 14C277 5 264.8-.1 252.1-.1H48C21.5 0 0 21.5 0 48v416c0 26.5 21.5 48 48 48h288c26.5 0 48-21.5 48-48V131.9c0-12.7-5.1-25-14.1-34zM332.1 128H256V51.9l76.1 76.1zM48 464V48h160v104c0 13.3 10.7 24 24 24h104v288H48zm250.2-143.7c-12.2-12-47-8.7-64.4-6.5-17.2-10.5-28.7-25-36.8-46.3 3.9-16.1 10.1-40.6 5.4-56-4.2-26.2-37.8-23.6-42.6-5.9-4.4 16.1-.4 38.5 7 67.1-10 23.9-24.9 56-35.4 74.4-20 10.3-47 26.2-51 46.2-3.3 15.8 26 55.2 76.1-31.2 22.4-7.4 46.8-16.5 68.4-20.1 18.9 10.2 41 17 55.8 17 25.5 0 28-28.2 17.5-38.7zm-198.1 77.8c5.1-13.7 24.5-29.5 30.4-35-19 30.3-30.4 35.7-30.4 35zm81.6-190.6c7.4 0 6.7 32.1 1.8 40.8-4.4-13.9-4.3-40.8-1.8-40.8zm-24.4 136.6c9.7-16.9 18-37 24.7-54.7 8.3 15.1 18.9 27.2 30.1 35.5-20.8 4.3-38.9 13.1-54.8 19.2zm131.6-5s-5 6-37.3-7.8c35.1-2.6 40.9 5.4 37.3 7.8z\"><\/path><\/svg>\t\t\t\t\t\t<\/span>\n\t\t\t\t\t\t\t\t\t\t<span class=\"elementor-icon-list-text\">CRONOGRAMA ACTUALIZADO 28 DE ABRIL DE 2025<\/span>\n\t\t\t\t\t\t\t\t\t\t\t<\/a>\n\t\t\t\t\t\t\t\t\t<\/li>\n\t\t\t\t\t\t<\/ul>\n\t\t\t\t\t\t<\/div>\n\t\t\t\t<\/div>\n\t\t\t\t<\/div>\n\t\t<div id=\"e-n-tab-content-2623420703\" role=\"tabpanel\" aria-labelledby=\"e-n-tab-title-2623420703\" data-tab-index=\"3\" style=\"--n-tabs-title-order: 3;\" class=\" elementor-element elementor-element-cb622b4 e-con-full e-flex e-con e-child\" data-id=\"cb622b4\" data-element_type=\"container\" data-e-type=\"container\">\n\t\t\t\t<div class=\"elementor-element elementor-element-a0a38cf elementor-widget elementor-widget-heading\" data-id=\"a0a38cf\" data-element_type=\"widget\" data-e-type=\"widget\" data-widget_type=\"heading.default\">\n\t\t\t\t<div class=\"elementor-widget-container\">\n\t\t\t\t\t<h3 class=\"elementor-heading-title elementor-size-default\">Asamblea General Extraordinaria<\/h3>\t\t\t\t<\/div>\n\t\t\t\t<\/div>\n\t\t\t\t<div class=\"elementor-element elementor-element-7e64614 elementor-icon-list--layout-traditional elementor-list-item-link-full_width elementor-invisible elementor-widget elementor-widget-icon-list\" data-id=\"7e64614\" data-element_type=\"widget\" data-e-type=\"widget\" data-settings=\"{&quot;_animation&quot;:&quot;bounceInLeft&quot;}\" data-widget_type=\"icon-list.default\">\n\t\t\t\t<div class=\"elementor-widget-container\">\n\t\t\t\t\t\t\t<ul class=\"elementor-icon-list-items\">\n\t\t\t\t\t\t\t<li class=\"elementor-icon-list-item\">\n\t\t\t\t\t\t\t\t\t\t\t<a href=\"https:\/\/educacionbilingue.gob.ec\/wp-content\/uploads\/2025\/05\/ASAMBLEA-GENERAL-EXTRAORDINARIA-008-signed.pdf\" target=\"_blank\">\n\n\t\t\t\t\t\t\t\t\t\t\t\t<span class=\"elementor-icon-list-icon\">\n\t\t\t\t\t\t\t<svg aria-hidden=\"true\" class=\"e-font-icon-svg e-far-file-pdf\" viewBox=\"0 0 384 512\" xmlns=\"http:\/\/www.w3.org\/2000\/svg\"><path d=\"M369.9 97.9L286 14C277 5 264.8-.1 252.1-.1H48C21.5 0 0 21.5 0 48v416c0 26.5 21.5 48 48 48h288c26.5 0 48-21.5 48-48V131.9c0-12.7-5.1-25-14.1-34zM332.1 128H256V51.9l76.1 76.1zM48 464V48h160v104c0 13.3 10.7 24 24 24h104v288H48zm250.2-143.7c-12.2-12-47-8.7-64.4-6.5-17.2-10.5-28.7-25-36.8-46.3 3.9-16.1 10.1-40.6 5.4-56-4.2-26.2-37.8-23.6-42.6-5.9-4.4 16.1-.4 38.5 7 67.1-10 23.9-24.9 56-35.4 74.4-20 10.3-47 26.2-51 46.2-3.3 15.8 26 55.2 76.1-31.2 22.4-7.4 46.8-16.5 68.4-20.1 18.9 10.2 41 17 55.8 17 25.5 0 28-28.2 17.5-38.7zm-198.1 77.8c5.1-13.7 24.5-29.5 30.4-35-19 30.3-30.4 35.7-30.4 35zm81.6-190.6c7.4 0 6.7 32.1 1.8 40.8-4.4-13.9-4.3-40.8-1.8-40.8zm-24.4 136.6c9.7-16.9 18-37 24.7-54.7 8.3 15.1 18.9 27.2 30.1 35.5-20.8 4.3-38.9 13.1-54.8 19.2zm131.6-5s-5 6-37.3-7.8c35.1-2.6 40.9 5.4 37.3 7.8z\"><\/path><\/svg>\t\t\t\t\t\t<\/span>\n\t\t\t\t\t\t\t\t\t\t<span class=\"elementor-icon-list-text\">ASAMBLEA GENERAL EXTRAORDINARIA 008<\/span>\n\t\t\t\t\t\t\t\t\t\t\t<\/a>\n\t\t\t\t\t\t\t\t\t<\/li>\n\t\t\t\t\t\t<\/ul>\n\t\t\t\t\t\t<\/div>\n\t\t\t\t<\/div>\n\t\t\t\t<\/div>\n\t\t\t\t\t<\/div>\n\t\t<\/div>\n\t\t\t\t\t\t<\/div>\n\t\t\t\t<\/div>\n\t\t\t\t\t<\/div>\n\t\t\t\t<\/div>\n\t\t<div class=\"elementor-element elementor-element-be7585f e-flex e-con-boxed e-con e-parent\" data-id=\"be7585f\" data-element_type=\"container\" data-e-type=\"container\">\n\t\t\t\t\t<div class=\"e-con-inner\">\n\t\t\t\t<div class=\"elementor-element elementor-element-0948056 elementor-widget-divider--separator-type-pattern elementor-widget-divider--no-spacing elementor-widget-divider--view-line elementor-widget elementor-widget-divider\" data-id=\"0948056\" data-element_type=\"widget\" data-e-type=\"widget\" data-widget_type=\"divider.default\">\n\t\t\t\t<div class=\"elementor-widget-container\">\n\t\t\t\t\t\t\t<div class=\"elementor-divider\" style=\"--divider-pattern-url: url(&quot;data:image\/svg+xml,%3Csvg xmlns=&#039;http:\/\/www.w3.org\/2000\/svg&#039; preserveAspectRatio=&#039;xMidYMid meet&#039; overflow=&#039;visible&#039; height=&#039;100%&#039; viewBox=&#039;0 0 121 26&#039; fill=&#039;black&#039; stroke=&#039;none&#039;%3E%3Cpath d=&#039;M29.6,10.3l2.1,2.2l-3.6,3.3h7v2.9h-7l3.6,3.5l-2.1,1.7l-5.2-5.2h-5.8v-2.9h5.8L29.6,10.3z M70.9,9.6l2.1,1.7l-3.6,3.5h7v2.9h-7l3.6,3.3l-2.1,2.2l-5.2-5.5h-5.8v-2.9h5.8L70.9,9.6z M111.5,9.6l2.1,1.7l-3.6,3.5h7v2.9h-7l3.6,3.3l-2.1,2.2l-5.2-5.5h-5.8v-2.9h5.8L111.5,9.6z M50.2,2.7l2.1,1.7l-3.6,3.5h7v2.9h-7l3.6,3.3l-2.1,2.2L45,10.7h-5.8V7.9H45L50.2,2.7z M11,2l2.1,1.7L9.6,7.2h7V10h-7l3.6,3.3L11,15.5L5.8,10H0V7.2h5.8L11,2z M91.5,2l2.1,2.2l-3.6,3.3h7v2.9h-7l3.6,3.5l-2.1,1.7l-5.2-5.2h-5.8V7.5h5.8L91.5,2z&#039;\/%3E%3C\/svg%3E&quot;);\">\n\t\t\t<span class=\"elementor-divider-separator\">\n\t\t\t\t\t\t<\/span>\n\t\t<\/div>\n\t\t\t\t\t\t<\/div>\n\t\t\t\t<\/div>\n\t\t\t\t\t<\/div>\n\t\t\t\t<\/div>\n\t\t\t\t<section class=\"elementor-section elementor-top-section elementor-element elementor-element-6a37b24 elementor-section-boxed elementor-section-height-default elementor-section-height-default\" data-id=\"6a37b24\" data-element_type=\"section\" data-e-type=\"section\">\n\t\t\t\t\t\t<div class=\"elementor-container elementor-column-gap-default\">\n\t\t\t\t\t<div class=\"elementor-column elementor-col-50 elementor-top-column elementor-element elementor-element-353bd79 elementor-invisible\" data-id=\"353bd79\" data-element_type=\"column\" data-e-type=\"column\" data-settings=\"{&quot;animation&quot;:&quot;fadeInLeft&quot;}\">\n\t\t\t<div class=\"elementor-widget-wrap elementor-element-populated\">\n\t\t\t\t\t\t<div class=\"elementor-element elementor-element-206f34f elementor-widget elementor-widget-image\" data-id=\"206f34f\" data-element_type=\"widget\" data-e-type=\"widget\" data-widget_type=\"image.default\">\n\t\t\t\t<div class=\"elementor-widget-container\">\n\t\t\t\t\t\t\t\t\t\t\t\t\t\t\t\t<a href=\"https:\/\/educacionbilingue.gob.ec\/wp-content\/uploads\/2025\/04\/CODIFICACION-DE-LA-LEY-ORGANICA-DE-EDUCACION-INTERCULTURAL-1.pdf\" target=\"_blank\">\n\t\t\t\t\t\t\t<img decoding=\"async\" width=\"240\" height=\"300\" src=\"https:\/\/educacionbilingue.gob.ec\/wp-content\/uploads\/2024\/12\/ARTE-LEY-ORGANICA_Mesa-de-trabajo-1-240x300.jpg\" class=\"elementor-animation-shrink attachment-medium size-medium wp-image-13489\" alt=\"\" srcset=\"https:\/\/educacionbilingue.gob.ec\/wp-content\/uploads\/2024\/12\/ARTE-LEY-ORGANICA_Mesa-de-trabajo-1-240x300.jpg 240w, https:\/\/educacionbilingue.gob.ec\/wp-content\/uploads\/2024\/12\/ARTE-LEY-ORGANICA_Mesa-de-trabajo-1-819x1024.jpg 819w, https:\/\/educacionbilingue.gob.ec\/wp-content\/uploads\/2024\/12\/ARTE-LEY-ORGANICA_Mesa-de-trabajo-1-768x960.jpg 768w, https:\/\/educacionbilingue.gob.ec\/wp-content\/uploads\/2024\/12\/ARTE-LEY-ORGANICA_Mesa-de-trabajo-1.jpg 1080w\" sizes=\"(max-width: 240px) 100vw, 240px\" \/>\t\t\t\t\t\t\t\t<\/a>\n\t\t\t\t\t\t\t\t\t\t\t\t\t\t\t<\/div>\n\t\t\t\t<\/div>\n\t\t\t\t\t<\/div>\n\t\t<\/div>\n\t\t\t\t<div class=\"elementor-column elementor-col-50 elementor-top-column elementor-element elementor-element-d41de38 elementor-invisible\" data-id=\"d41de38\" data-element_type=\"column\" data-e-type=\"column\" data-settings=\"{&quot;animation&quot;:&quot;fadeInRight&quot;}\">\n\t\t\t<div class=\"elementor-widget-wrap elementor-element-populated\">\n\t\t\t\t\t\t<div class=\"elementor-element elementor-element-052539e elementor-widget elementor-widget-heading\" data-id=\"052539e\" data-element_type=\"widget\" data-e-type=\"widget\" data-widget_type=\"heading.default\">\n\t\t\t\t<div class=\"elementor-widget-container\">\n\t\t\t\t\t<h3 class=\"elementor-heading-title elementor-size-default\">DOCUMENTO OFICIAL<\/h3>\t\t\t\t<\/div>\n\t\t\t\t<\/div>\n\t\t\t\t<div class=\"elementor-element elementor-element-fb7cb45 elementor-widget elementor-widget-text-editor\" data-id=\"fb7cb45\" data-element_type=\"widget\" data-e-type=\"widget\" data-widget_type=\"text-editor.default\">\n\t\t\t\t<div class=\"elementor-widget-container\">\n\t\t\t\t\t\t\t\t\t<div class=\"page\" title=\"Page 18\"><div class=\"layoutArea\"><div class=\"column\"><p>La Coordinacio\u0301n Nacional Te\u0301cnica de Procesos Electorales, procedera\u0301 a elaborar el cronograma para la eleccio\u0301n de los representantes del Consejo Plurinacional del Sistema de Educacio\u0301n Intercultural Bilingu\u0308e y Etnoeducacio\u0301n, y la Direccio\u0301n Nacional de Asesori\u0301a Juri\u0301dica elaborara\u0301 la Convocatoria respectiva, que sera\u0301n puestas en conocimiento del Pleno del Consejo Nacional Electoral.<\/p><\/div><p>Revisa el documento y ent\u00e9rate de todo lo que debes saber para ser parte de este proceso.<\/p><\/div><\/div>\t\t\t\t\t\t\t\t<\/div>\n\t\t\t\t<\/div>\n\t\t\t\t<div class=\"elementor-element elementor-element-74bd1f1 elementor-align-center elementor-widget elementor-widget-button\" data-id=\"74bd1f1\" data-element_type=\"widget\" data-e-type=\"widget\" data-widget_type=\"button.default\">\n\t\t\t\t<div class=\"elementor-widget-container\">\n\t\t\t\t\t\t\t\t\t<div class=\"elementor-button-wrapper\">\n\t\t\t\t\t<a class=\"elementor-button elementor-button-link elementor-size-sm elementor-animation-grow\" href=\"https:\/\/educacionbilingue.gob.ec\/wp-content\/uploads\/2025\/04\/CODIFICACION-DE-LA-LEY-ORGANICA-DE-EDUCACION-INTERCULTURAL-1.pdf\" target=\"_blank\">\n\t\t\t\t\t\t<span class=\"elementor-button-content-wrapper\">\n\t\t\t\t\t\t<span class=\"elementor-button-icon\">\n\t\t\t\t<svg aria-hidden=\"true\" class=\"e-font-icon-svg e-fas-file-pdf\" viewBox=\"0 0 384 512\" xmlns=\"http:\/\/www.w3.org\/2000\/svg\"><path d=\"M181.9 256.1c-5-16-4.9-46.9-2-46.9 8.4 0 7.6 36.9 2 46.9zm-1.7 47.2c-7.7 20.2-17.3 43.3-28.4 62.7 18.3-7 39-17.2 62.9-21.9-12.7-9.6-24.9-23.4-34.5-40.8zM86.1 428.1c0 .8 13.2-5.4 34.9-40.2-6.7 6.3-29.1 24.5-34.9 40.2zM248 160h136v328c0 13.3-10.7 24-24 24H24c-13.3 0-24-10.7-24-24V24C0 10.7 10.7 0 24 0h200v136c0 13.2 10.8 24 24 24zm-8 171.8c-20-12.2-33.3-29-42.7-53.8 4.5-18.5 11.6-46.6 6.2-64.2-4.7-29.4-42.4-26.5-47.8-6.8-5 18.3-.4 44.1 8.1 77-11.6 27.6-28.7 64.6-40.8 85.8-.1 0-.1.1-.2.1-27.1 13.9-73.6 44.5-54.5 68 5.6 6.9 16 10 21.5 10 17.9 0 35.7-18 61.1-61.8 25.8-8.5 54.1-19.1 79-23.2 21.7 11.8 47.1 19.5 64 19.5 29.2 0 31.2-32 19.7-43.4-13.9-13.6-54.3-9.7-73.6-7.2zM377 105L279 7c-4.5-4.5-10.6-7-17-7h-6v128h128v-6.1c0-6.3-2.5-12.4-7-16.9zm-74.1 255.3c4.1-2.7-2.5-11.9-42.8-9 37.1 15.8 42.8 9 42.8 9z\"><\/path><\/svg>\t\t\t<\/span>\n\t\t\t\t\t\t\t\t\t<span class=\"elementor-button-text\">Ver Documento<\/span>\n\t\t\t\t\t<\/span>\n\t\t\t\t\t<\/a>\n\t\t\t\t<\/div>\n\t\t\t\t\t\t\t\t<\/div>\n\t\t\t\t<\/div>\n\t\t\t\t\t<\/div>\n\t\t<\/div>\n\t\t\t\t\t<\/div>\n\t\t<\/section>\n\t\t\t\t<section class=\"elementor-section elementor-top-section elementor-element elementor-element-09d710d elementor-section-boxed elementor-section-height-default elementor-section-height-default\" data-id=\"09d710d\" data-element_type=\"section\" data-e-type=\"section\">\n\t\t\t\t\t\t<div class=\"elementor-container elementor-column-gap-default\">\n\t\t\t\t\t<div class=\"elementor-column elementor-col-50 elementor-top-column elementor-element elementor-element-9599181 elementor-invisible\" data-id=\"9599181\" data-element_type=\"column\" data-e-type=\"column\" data-settings=\"{&quot;animation&quot;:&quot;fadeInLeft&quot;}\">\n\t\t\t<div class=\"elementor-widget-wrap elementor-element-populated\">\n\t\t\t\t\t\t<div class=\"elementor-element elementor-element-74dd7bd elementor-widget elementor-widget-image\" data-id=\"74dd7bd\" data-element_type=\"widget\" data-e-type=\"widget\" data-widget_type=\"image.default\">\n\t\t\t\t<div class=\"elementor-widget-container\">\n\t\t\t\t\t\t\t\t\t\t\t\t\t\t\t\t<a href=\"https:\/\/educacionbilingue.gob.ec\/wp-content\/uploads\/2023\/11\/registrooficial.pdf\" target=\"_blank\">\n\t\t\t\t\t\t\t<img loading=\"lazy\" decoding=\"async\" width=\"219\" height=\"300\" src=\"https:\/\/educacionbilingue.gob.ec\/wp-content\/uploads\/2023\/11\/Captura-de-Pantalla-2023-11-09-a-las-08.00.08-219x300.png\" class=\"elementor-animation-shrink attachment-medium size-medium wp-image-11720\" alt=\"\" srcset=\"https:\/\/educacionbilingue.gob.ec\/wp-content\/uploads\/2023\/11\/Captura-de-Pantalla-2023-11-09-a-las-08.00.08-219x300.png 219w, https:\/\/educacionbilingue.gob.ec\/wp-content\/uploads\/2023\/11\/Captura-de-Pantalla-2023-11-09-a-las-08.00.08-747x1024.png 747w, https:\/\/educacionbilingue.gob.ec\/wp-content\/uploads\/2023\/11\/Captura-de-Pantalla-2023-11-09-a-las-08.00.08-768x1053.png 768w, https:\/\/educacionbilingue.gob.ec\/wp-content\/uploads\/2023\/11\/Captura-de-Pantalla-2023-11-09-a-las-08.00.08-1120x1536.png 1120w, https:\/\/educacionbilingue.gob.ec\/wp-content\/uploads\/2023\/11\/Captura-de-Pantalla-2023-11-09-a-las-08.00.08-1494x2048.png 1494w, https:\/\/educacionbilingue.gob.ec\/wp-content\/uploads\/2023\/11\/Captura-de-Pantalla-2023-11-09-a-las-08.00.08.png 1800w\" sizes=\"(max-width: 219px) 100vw, 219px\" \/>\t\t\t\t\t\t\t\t<\/a>\n\t\t\t\t\t\t\t\t\t\t\t\t\t\t\t<\/div>\n\t\t\t\t<\/div>\n\t\t\t\t\t<\/div>\n\t\t<\/div>\n\t\t\t\t<div class=\"elementor-column elementor-col-50 elementor-top-column elementor-element elementor-element-5b9b957 elementor-invisible\" data-id=\"5b9b957\" data-element_type=\"column\" data-e-type=\"column\" data-settings=\"{&quot;animation&quot;:&quot;fadeInRight&quot;}\">\n\t\t\t<div class=\"elementor-widget-wrap elementor-element-populated\">\n\t\t\t\t\t\t<div class=\"elementor-element elementor-element-58eb74e elementor-widget elementor-widget-heading\" data-id=\"58eb74e\" data-element_type=\"widget\" data-e-type=\"widget\" data-widget_type=\"heading.default\">\n\t\t\t\t<div class=\"elementor-widget-container\">\n\t\t\t\t\t<h3 class=\"elementor-heading-title elementor-size-default\">DOCUMENTO OFICIAL<\/h3>\t\t\t\t<\/div>\n\t\t\t\t<\/div>\n\t\t\t\t<div class=\"elementor-element elementor-element-3ea0487 elementor-widget elementor-widget-text-editor\" data-id=\"3ea0487\" data-element_type=\"widget\" data-e-type=\"widget\" data-widget_type=\"text-editor.default\">\n\t\t\t\t<div class=\"elementor-widget-container\">\n\t\t\t\t\t\t\t\t\t<div class=\"page\" title=\"Page 18\"><div class=\"layoutArea\"><div class=\"column\"><p>La Coordinacio\u0301n Nacional Te\u0301cnica de Procesos Electorales, procedera\u0301 a elaborar el cronograma para la eleccio\u0301n de los representantes del Consejo Plurinacional del Sistema de Educacio\u0301n Intercultural Bilingu\u0308e y Etnoeducacio\u0301n, y la Direccio\u0301n Nacional de Asesori\u0301a Juri\u0301dica elaborara\u0301 la Convocatoria respectiva, que sera\u0301n puestas en conocimiento del Pleno del Consejo Nacional Electoral.<\/p><\/div><p>Revisa el documento y ent\u00e9rate de todo lo que debes saber para ser parte de este proceso.<\/p><\/div><\/div><p>\u00a0<\/p>\t\t\t\t\t\t\t\t<\/div>\n\t\t\t\t<\/div>\n\t\t\t\t<div class=\"elementor-element elementor-element-3c80ccb elementor-align-center elementor-widget elementor-widget-button\" data-id=\"3c80ccb\" data-element_type=\"widget\" data-e-type=\"widget\" data-widget_type=\"button.default\">\n\t\t\t\t<div class=\"elementor-widget-container\">\n\t\t\t\t\t\t\t\t\t<div class=\"elementor-button-wrapper\">\n\t\t\t\t\t<a class=\"elementor-button elementor-button-link elementor-size-sm elementor-animation-grow\" href=\"https:\/\/educacionbilingue.gob.ec\/wp-content\/uploads\/2023\/11\/registrooficial.pdf\" target=\"_blank\">\n\t\t\t\t\t\t<span class=\"elementor-button-content-wrapper\">\n\t\t\t\t\t\t<span class=\"elementor-button-icon\">\n\t\t\t\t<svg aria-hidden=\"true\" class=\"e-font-icon-svg e-fas-file-pdf\" viewBox=\"0 0 384 512\" xmlns=\"http:\/\/www.w3.org\/2000\/svg\"><path d=\"M181.9 256.1c-5-16-4.9-46.9-2-46.9 8.4 0 7.6 36.9 2 46.9zm-1.7 47.2c-7.7 20.2-17.3 43.3-28.4 62.7 18.3-7 39-17.2 62.9-21.9-12.7-9.6-24.9-23.4-34.5-40.8zM86.1 428.1c0 .8 13.2-5.4 34.9-40.2-6.7 6.3-29.1 24.5-34.9 40.2zM248 160h136v328c0 13.3-10.7 24-24 24H24c-13.3 0-24-10.7-24-24V24C0 10.7 10.7 0 24 0h200v136c0 13.2 10.8 24 24 24zm-8 171.8c-20-12.2-33.3-29-42.7-53.8 4.5-18.5 11.6-46.6 6.2-64.2-4.7-29.4-42.4-26.5-47.8-6.8-5 18.3-.4 44.1 8.1 77-11.6 27.6-28.7 64.6-40.8 85.8-.1 0-.1.1-.2.1-27.1 13.9-73.6 44.5-54.5 68 5.6 6.9 16 10 21.5 10 17.9 0 35.7-18 61.1-61.8 25.8-8.5 54.1-19.1 79-23.2 21.7 11.8 47.1 19.5 64 19.5 29.2 0 31.2-32 19.7-43.4-13.9-13.6-54.3-9.7-73.6-7.2zM377 105L279 7c-4.5-4.5-10.6-7-17-7h-6v128h128v-6.1c0-6.3-2.5-12.4-7-16.9zm-74.1 255.3c4.1-2.7-2.5-11.9-42.8-9 37.1 15.8 42.8 9 42.8 9z\"><\/path><\/svg>\t\t\t<\/span>\n\t\t\t\t\t\t\t\t\t<span class=\"elementor-button-text\">Ver Documento<\/span>\n\t\t\t\t\t<\/span>\n\t\t\t\t\t<\/a>\n\t\t\t\t<\/div>\n\t\t\t\t\t\t\t\t<\/div>\n\t\t\t\t<\/div>\n\t\t\t\t\t<\/div>\n\t\t<\/div>\n\t\t\t\t\t<\/div>\n\t\t<\/section>\n\t\t<div class=\"elementor-element elementor-element-c3d8ef6 e-flex e-con-boxed e-con e-parent\" data-id=\"c3d8ef6\" data-element_type=\"container\" data-e-type=\"container\">\n\t\t\t\t\t<div class=\"e-con-inner\">\n\t\t\t\t<div class=\"elementor-element elementor-element-ecc7fc3 elementor-widget-divider--separator-type-pattern elementor-widget-divider--no-spacing elementor-widget-divider--view-line elementor-widget elementor-widget-divider\" data-id=\"ecc7fc3\" data-element_type=\"widget\" data-e-type=\"widget\" data-widget_type=\"divider.default\">\n\t\t\t\t<div class=\"elementor-widget-container\">\n\t\t\t\t\t\t\t<div class=\"elementor-divider\" style=\"--divider-pattern-url: url(&quot;data:image\/svg+xml,%3Csvg xmlns=&#039;http:\/\/www.w3.org\/2000\/svg&#039; preserveAspectRatio=&#039;xMidYMid meet&#039; overflow=&#039;visible&#039; height=&#039;100%&#039; viewBox=&#039;0 0 120 26&#039; fill=&#039;black&#039; stroke=&#039;none&#039;%3E%3Cpath d=&#039;M54,1.6V26h-9V2.5L54,1.6z M69,1.6v23.3L60,26V1.6H69z M24,1.6v23.5l-9-0.6V1.6H24z M30,0l9,0.7v24.5h-9V0z M9,2.5v22H0V3.7L9,2.5z M75,1.6l9,0.9v22h-9V1.6z M99,2.7v21.7h-9V3.8L99,2.7z M114,3.8v20.7l-9-0.5V3.8L114,3.8z&#039;\/%3E%3C\/svg%3E&quot;);\">\n\t\t\t<span class=\"elementor-divider-separator\">\n\t\t\t\t\t\t<\/span>\n\t\t<\/div>\n\t\t\t\t\t\t<\/div>\n\t\t\t\t<\/div>\n\t\t\t\t\t<\/div>\n\t\t\t\t<\/div>\n\t\t<div class=\"elementor-element elementor-element-5c59e97 e-flex e-con-boxed e-con e-parent\" data-id=\"5c59e97\" data-element_type=\"container\" data-e-type=\"container\">\n\t\t\t\t\t<div class=\"e-con-inner\">\n\t\t\t\t<div class=\"elementor-element elementor-element-2f8e56f elementor-widget elementor-widget-heading\" data-id=\"2f8e56f\" data-element_type=\"widget\" data-e-type=\"widget\" data-widget_type=\"heading.default\">\n\t\t\t\t<div class=\"elementor-widget-container\">\n\t\t\t\t\t<h2 class=\"elementor-heading-title elementor-size-default\">Dignidades del Consejo Plurinacional<\/h2>\t\t\t\t<\/div>\n\t\t\t\t<\/div>\n\t\t\t\t\t<\/div>\n\t\t\t\t<\/div>\n\t\t\t\t<section class=\"elementor-section elementor-top-section elementor-element elementor-element-4bb483a elementor-section-boxed elementor-section-height-default elementor-section-height-default elementor-invisible\" data-id=\"4bb483a\" data-element_type=\"section\" data-e-type=\"section\" data-settings=\"{&quot;animation&quot;:&quot;fadeInLeft&quot;}\">\n\t\t\t\t\t\t<div class=\"elementor-container elementor-column-gap-default\">\n\t\t\t\t\t<div class=\"elementor-column elementor-col-33 elementor-top-column elementor-element elementor-element-198e33c\" data-id=\"198e33c\" data-element_type=\"column\" data-e-type=\"column\">\n\t\t\t<div class=\"elementor-widget-wrap elementor-element-populated\">\n\t\t\t\t\t\t<div class=\"elementor-element elementor-element-bdb0d5d elementor-widget elementor-widget-image\" data-id=\"bdb0d5d\" data-element_type=\"widget\" data-e-type=\"widget\" data-widget_type=\"image.default\">\n\t\t\t\t<div class=\"elementor-widget-container\">\n\t\t\t\t\t\t\t\t\t\t\t\t\t\t\t<img loading=\"lazy\" decoding=\"async\" width=\"945\" height=\"945\" src=\"https:\/\/educacionbilingue.gob.ec\/wp-content\/uploads\/2025\/04\/JULIA-ELIZABET-PALMA-FARFAN-_DELEGADA-SENESCYT-1024x1024.jpg\" class=\"attachment-large size-large wp-image-13709\" alt=\"\" srcset=\"https:\/\/educacionbilingue.gob.ec\/wp-content\/uploads\/2025\/04\/JULIA-ELIZABET-PALMA-FARFAN-_DELEGADA-SENESCYT-1024x1024.jpg 1024w, https:\/\/educacionbilingue.gob.ec\/wp-content\/uploads\/2025\/04\/JULIA-ELIZABET-PALMA-FARFAN-_DELEGADA-SENESCYT-300x300.jpg 300w, https:\/\/educacionbilingue.gob.ec\/wp-content\/uploads\/2025\/04\/JULIA-ELIZABET-PALMA-FARFAN-_DELEGADA-SENESCYT-150x150.jpg 150w, https:\/\/educacionbilingue.gob.ec\/wp-content\/uploads\/2025\/04\/JULIA-ELIZABET-PALMA-FARFAN-_DELEGADA-SENESCYT-768x768.jpg 768w, https:\/\/educacionbilingue.gob.ec\/wp-content\/uploads\/2025\/04\/JULIA-ELIZABET-PALMA-FARFAN-_DELEGADA-SENESCYT-100x100.jpg 100w, https:\/\/educacionbilingue.gob.ec\/wp-content\/uploads\/2025\/04\/JULIA-ELIZABET-PALMA-FARFAN-_DELEGADA-SENESCYT.jpg 1080w\" sizes=\"(max-width: 945px) 100vw, 945px\" \/>\t\t\t\t\t\t\t\t\t\t\t\t\t\t\t<\/div>\n\t\t\t\t<\/div>\n\t\t\t\t<div class=\"elementor-element elementor-element-c303c2c elementor-widget elementor-widget-heading\" data-id=\"c303c2c\" data-element_type=\"widget\" data-e-type=\"widget\" data-widget_type=\"heading.default\">\n\t\t\t\t<div class=\"elementor-widget-container\">\n\t\t\t\t\t<h3 class=\"elementor-heading-title elementor-size-default\">JULIA ELIZABET PALMA FARFAN<\/h3>\t\t\t\t<\/div>\n\t\t\t\t<\/div>\n\t\t\t\t<div class=\"elementor-element elementor-element-4b6f346 elementor-widget elementor-widget-heading\" data-id=\"4b6f346\" data-element_type=\"widget\" data-e-type=\"widget\" data-widget_type=\"heading.default\">\n\t\t\t\t<div class=\"elementor-widget-container\">\n\t\t\t\t\t<h4 class=\"elementor-heading-title elementor-size-default\">DELEGADA SENESCYT<\/h4>\t\t\t\t<\/div>\n\t\t\t\t<\/div>\n\t\t\t\t\t<\/div>\n\t\t<\/div>\n\t\t\t\t<div class=\"elementor-column elementor-col-33 elementor-top-column elementor-element elementor-element-d9d11ea\" data-id=\"d9d11ea\" data-element_type=\"column\" data-e-type=\"column\">\n\t\t\t<div class=\"elementor-widget-wrap elementor-element-populated\">\n\t\t\t\t\t\t<div class=\"elementor-element elementor-element-8048982 elementor-widget elementor-widget-image\" data-id=\"8048982\" data-element_type=\"widget\" data-e-type=\"widget\" data-widget_type=\"image.default\">\n\t\t\t\t<div class=\"elementor-widget-container\">\n\t\t\t\t\t\t\t\t\t\t\t\t\t\t\t<img loading=\"lazy\" decoding=\"async\" width=\"945\" height=\"945\" src=\"https:\/\/educacionbilingue.gob.ec\/wp-content\/uploads\/2025\/11\/FOTOS-WEB-AUTORIDADES-SEIBE-14.jpg\" class=\"attachment-large size-large wp-image-14740\" alt=\"\" srcset=\"https:\/\/educacionbilingue.gob.ec\/wp-content\/uploads\/2025\/11\/FOTOS-WEB-AUTORIDADES-SEIBE-14.jpg 1080w, https:\/\/educacionbilingue.gob.ec\/wp-content\/uploads\/2025\/11\/FOTOS-WEB-AUTORIDADES-SEIBE-14-700x700.jpg 700w, https:\/\/educacionbilingue.gob.ec\/wp-content\/uploads\/2025\/11\/FOTOS-WEB-AUTORIDADES-SEIBE-14-250x250.jpg 250w, https:\/\/educacionbilingue.gob.ec\/wp-content\/uploads\/2025\/11\/FOTOS-WEB-AUTORIDADES-SEIBE-14-768x768.jpg 768w, https:\/\/educacionbilingue.gob.ec\/wp-content\/uploads\/2025\/11\/FOTOS-WEB-AUTORIDADES-SEIBE-14-100x100.jpg 100w\" sizes=\"(max-width: 945px) 100vw, 945px\" \/>\t\t\t\t\t\t\t\t\t\t\t\t\t\t\t<\/div>\n\t\t\t\t<\/div>\n\t\t\t\t<div class=\"elementor-element elementor-element-77f0345 elementor-widget elementor-widget-heading\" data-id=\"77f0345\" data-element_type=\"widget\" data-e-type=\"widget\" data-widget_type=\"heading.default\">\n\t\t\t\t<div class=\"elementor-widget-container\">\n\t\t\t\t\t<h3 class=\"elementor-heading-title elementor-size-default\">JOS\u00c9 ASCENCIO ATUPA\u00d1A TOCTO<\/h3>\t\t\t\t<\/div>\n\t\t\t\t<\/div>\n\t\t\t\t<div class=\"elementor-element elementor-element-a276daa elementor-widget elementor-widget-heading\" data-id=\"a276daa\" data-element_type=\"widget\" data-e-type=\"widget\" data-widget_type=\"heading.default\">\n\t\t\t\t<div class=\"elementor-widget-container\">\n\t\t\t\t\t<h4 class=\"elementor-heading-title elementor-size-default\">SECRETARIO SEIBE<\/h4>\t\t\t\t<\/div>\n\t\t\t\t<\/div>\n\t\t\t\t\t<\/div>\n\t\t<\/div>\n\t\t\t\t<div class=\"elementor-column elementor-col-33 elementor-top-column elementor-element elementor-element-71bf0b4\" data-id=\"71bf0b4\" data-element_type=\"column\" data-e-type=\"column\">\n\t\t\t<div class=\"elementor-widget-wrap elementor-element-populated\">\n\t\t\t\t\t\t<div class=\"elementor-element elementor-element-2292dde elementor-widget elementor-widget-image\" data-id=\"2292dde\" data-element_type=\"widget\" data-e-type=\"widget\" data-widget_type=\"image.default\">\n\t\t\t\t<div class=\"elementor-widget-container\">\n\t\t\t\t\t\t\t\t\t\t\t\t\t\t\t<img loading=\"lazy\" decoding=\"async\" width=\"945\" height=\"945\" src=\"https:\/\/educacionbilingue.gob.ec\/wp-content\/uploads\/2025\/04\/JAIME-RODRIGO-NUNEZ-BURBANO_DELEGADO-MINEDUC-1024x1024.jpg\" class=\"attachment-large size-large wp-image-13708\" alt=\"\" srcset=\"https:\/\/educacionbilingue.gob.ec\/wp-content\/uploads\/2025\/04\/JAIME-RODRIGO-NUNEZ-BURBANO_DELEGADO-MINEDUC-1024x1024.jpg 1024w, https:\/\/educacionbilingue.gob.ec\/wp-content\/uploads\/2025\/04\/JAIME-RODRIGO-NUNEZ-BURBANO_DELEGADO-MINEDUC-300x300.jpg 300w, https:\/\/educacionbilingue.gob.ec\/wp-content\/uploads\/2025\/04\/JAIME-RODRIGO-NUNEZ-BURBANO_DELEGADO-MINEDUC-150x150.jpg 150w, https:\/\/educacionbilingue.gob.ec\/wp-content\/uploads\/2025\/04\/JAIME-RODRIGO-NUNEZ-BURBANO_DELEGADO-MINEDUC-768x768.jpg 768w, https:\/\/educacionbilingue.gob.ec\/wp-content\/uploads\/2025\/04\/JAIME-RODRIGO-NUNEZ-BURBANO_DELEGADO-MINEDUC-100x100.jpg 100w, https:\/\/educacionbilingue.gob.ec\/wp-content\/uploads\/2025\/04\/JAIME-RODRIGO-NUNEZ-BURBANO_DELEGADO-MINEDUC.jpg 1080w\" sizes=\"(max-width: 945px) 100vw, 945px\" \/>\t\t\t\t\t\t\t\t\t\t\t\t\t\t\t<\/div>\n\t\t\t\t<\/div>\n\t\t\t\t<div class=\"elementor-element elementor-element-d212030 elementor-widget elementor-widget-heading\" data-id=\"d212030\" data-element_type=\"widget\" data-e-type=\"widget\" data-widget_type=\"heading.default\">\n\t\t\t\t<div class=\"elementor-widget-container\">\n\t\t\t\t\t<h3 class=\"elementor-heading-title elementor-size-default\">JAIME RODRIGO NUN\u0303EZ BURBANO<\/h3>\t\t\t\t<\/div>\n\t\t\t\t<\/div>\n\t\t\t\t<div class=\"elementor-element elementor-element-eef29a3 elementor-widget elementor-widget-heading\" data-id=\"eef29a3\" data-element_type=\"widget\" data-e-type=\"widget\" data-widget_type=\"heading.default\">\n\t\t\t\t<div class=\"elementor-widget-container\">\n\t\t\t\t\t<h4 class=\"elementor-heading-title elementor-size-default\">DELEGADO MINEDUC<\/h4>\t\t\t\t<\/div>\n\t\t\t\t<\/div>\n\t\t\t\t\t<\/div>\n\t\t<\/div>\n\t\t\t\t\t<\/div>\n\t\t<\/section>\n\t\t<div class=\"elementor-element elementor-element-73b24cb e-flex e-con-boxed e-con e-parent\" data-id=\"73b24cb\" data-element_type=\"container\" data-e-type=\"container\">\n\t\t\t\t\t<div class=\"e-con-inner\">\n\t\t\t\t<div class=\"elementor-element elementor-element-9e11f25 elementor-widget elementor-widget-spacer\" data-id=\"9e11f25\" data-element_type=\"widget\" data-e-type=\"widget\" data-widget_type=\"spacer.default\">\n\t\t\t\t<div class=\"elementor-widget-container\">\n\t\t\t\t\t\t\t<div class=\"elementor-spacer\">\n\t\t\t<div class=\"elementor-spacer-inner\"><\/div>\n\t\t<\/div>\n\t\t\t\t\t\t<\/div>\n\t\t\t\t<\/div>\n\t\t\t\t\t<\/div>\n\t\t\t\t<\/div>\n\t\t\t\t<section class=\"elementor-section elementor-top-section elementor-element elementor-element-7f687f4 elementor-section-boxed elementor-section-height-default elementor-section-height-default elementor-invisible\" data-id=\"7f687f4\" data-element_type=\"section\" data-e-type=\"section\" data-settings=\"{&quot;animation&quot;:&quot;fadeInRight&quot;}\">\n\t\t\t\t\t\t<div class=\"elementor-container elementor-column-gap-default\">\n\t\t\t\t\t<div class=\"elementor-column elementor-col-33 elementor-top-column elementor-element elementor-element-5db22cc\" data-id=\"5db22cc\" data-element_type=\"column\" data-e-type=\"column\">\n\t\t\t<div class=\"elementor-widget-wrap elementor-element-populated\">\n\t\t\t\t\t\t<div class=\"elementor-element elementor-element-2538d60 elementor-widget elementor-widget-image\" data-id=\"2538d60\" data-element_type=\"widget\" data-e-type=\"widget\" data-widget_type=\"image.default\">\n\t\t\t\t<div class=\"elementor-widget-container\">\n\t\t\t\t\t\t\t\t\t\t\t\t\t\t\t<img loading=\"lazy\" decoding=\"async\" width=\"945\" height=\"945\" src=\"https:\/\/educacionbilingue.gob.ec\/wp-content\/uploads\/2025\/04\/EDWIN-PAULINO-SUMBA-LUSERO_DELEGADO-SNP-1024x1024.jpg\" class=\"attachment-large size-large wp-image-13703\" alt=\"\" srcset=\"https:\/\/educacionbilingue.gob.ec\/wp-content\/uploads\/2025\/04\/EDWIN-PAULINO-SUMBA-LUSERO_DELEGADO-SNP-1024x1024.jpg 1024w, https:\/\/educacionbilingue.gob.ec\/wp-content\/uploads\/2025\/04\/EDWIN-PAULINO-SUMBA-LUSERO_DELEGADO-SNP-300x300.jpg 300w, https:\/\/educacionbilingue.gob.ec\/wp-content\/uploads\/2025\/04\/EDWIN-PAULINO-SUMBA-LUSERO_DELEGADO-SNP-150x150.jpg 150w, https:\/\/educacionbilingue.gob.ec\/wp-content\/uploads\/2025\/04\/EDWIN-PAULINO-SUMBA-LUSERO_DELEGADO-SNP-768x768.jpg 768w, https:\/\/educacionbilingue.gob.ec\/wp-content\/uploads\/2025\/04\/EDWIN-PAULINO-SUMBA-LUSERO_DELEGADO-SNP-100x100.jpg 100w, https:\/\/educacionbilingue.gob.ec\/wp-content\/uploads\/2025\/04\/EDWIN-PAULINO-SUMBA-LUSERO_DELEGADO-SNP.jpg 1080w\" sizes=\"(max-width: 945px) 100vw, 945px\" \/>\t\t\t\t\t\t\t\t\t\t\t\t\t\t\t<\/div>\n\t\t\t\t<\/div>\n\t\t\t\t<div class=\"elementor-element elementor-element-5252305 elementor-widget elementor-widget-heading\" data-id=\"5252305\" data-element_type=\"widget\" data-e-type=\"widget\" data-widget_type=\"heading.default\">\n\t\t\t\t<div class=\"elementor-widget-container\">\n\t\t\t\t\t<h3 class=\"elementor-heading-title elementor-size-default\">EDWIN PAULINO SUMBA LUSERO<\/h3>\t\t\t\t<\/div>\n\t\t\t\t<\/div>\n\t\t\t\t<div class=\"elementor-element elementor-element-ea31c73 elementor-widget elementor-widget-heading\" data-id=\"ea31c73\" data-element_type=\"widget\" data-e-type=\"widget\" data-widget_type=\"heading.default\">\n\t\t\t\t<div class=\"elementor-widget-container\">\n\t\t\t\t\t<h4 class=\"elementor-heading-title elementor-size-default\">DELEGADO SNP<\/h4>\t\t\t\t<\/div>\n\t\t\t\t<\/div>\n\t\t\t\t\t<\/div>\n\t\t<\/div>\n\t\t\t\t<div class=\"elementor-column elementor-col-33 elementor-top-column elementor-element elementor-element-ffcee68\" data-id=\"ffcee68\" data-element_type=\"column\" data-e-type=\"column\">\n\t\t\t<div class=\"elementor-widget-wrap elementor-element-populated\">\n\t\t\t\t\t\t<div class=\"elementor-element elementor-element-e3847de elementor-widget elementor-widget-image\" data-id=\"e3847de\" data-element_type=\"widget\" data-e-type=\"widget\" data-widget_type=\"image.default\">\n\t\t\t\t<div class=\"elementor-widget-container\">\n\t\t\t\t\t\t\t\t\t\t\t\t\t\t\t<img loading=\"lazy\" decoding=\"async\" width=\"945\" height=\"945\" src=\"https:\/\/educacionbilingue.gob.ec\/wp-content\/uploads\/2025\/11\/FOTOS-WEB-AUTORIDADES-SEIBE-15.jpg\" class=\"attachment-large size-large wp-image-14741\" alt=\"\" srcset=\"https:\/\/educacionbilingue.gob.ec\/wp-content\/uploads\/2025\/11\/FOTOS-WEB-AUTORIDADES-SEIBE-15.jpg 1080w, https:\/\/educacionbilingue.gob.ec\/wp-content\/uploads\/2025\/11\/FOTOS-WEB-AUTORIDADES-SEIBE-15-700x700.jpg 700w, https:\/\/educacionbilingue.gob.ec\/wp-content\/uploads\/2025\/11\/FOTOS-WEB-AUTORIDADES-SEIBE-15-250x250.jpg 250w, https:\/\/educacionbilingue.gob.ec\/wp-content\/uploads\/2025\/11\/FOTOS-WEB-AUTORIDADES-SEIBE-15-768x768.jpg 768w, https:\/\/educacionbilingue.gob.ec\/wp-content\/uploads\/2025\/11\/FOTOS-WEB-AUTORIDADES-SEIBE-15-100x100.jpg 100w\" sizes=\"(max-width: 945px) 100vw, 945px\" \/>\t\t\t\t\t\t\t\t\t\t\t\t\t\t\t<\/div>\n\t\t\t\t<\/div>\n\t\t\t\t<div class=\"elementor-element elementor-element-04489e3 elementor-widget elementor-widget-heading\" data-id=\"04489e3\" data-element_type=\"widget\" data-e-type=\"widget\" data-widget_type=\"heading.default\">\n\t\t\t\t<div class=\"elementor-widget-container\">\n\t\t\t\t\t<h3 class=\"elementor-heading-title elementor-size-default\">Jeimy Sugey Hernandez Martinez<\/h3>\t\t\t\t<\/div>\n\t\t\t\t<\/div>\n\t\t\t\t<div class=\"elementor-element elementor-element-87b750c elementor-widget elementor-widget-heading\" data-id=\"87b750c\" data-element_type=\"widget\" data-e-type=\"widget\" data-widget_type=\"heading.default\">\n\t\t\t\t<div class=\"elementor-widget-container\">\n\t\t\t\t\t<h4 class=\"elementor-heading-title elementor-size-default\">DIRECTORA DE LA ETNOEDUCACI\u00d3N<\/h4>\t\t\t\t<\/div>\n\t\t\t\t<\/div>\n\t\t\t\t\t<\/div>\n\t\t<\/div>\n\t\t\t\t<div class=\"elementor-column elementor-col-33 elementor-top-column elementor-element elementor-element-1908e53\" data-id=\"1908e53\" data-element_type=\"column\" data-e-type=\"column\">\n\t\t\t<div class=\"elementor-widget-wrap elementor-element-populated\">\n\t\t\t\t\t\t<div class=\"elementor-element elementor-element-7f4167c elementor-widget elementor-widget-image\" data-id=\"7f4167c\" data-element_type=\"widget\" data-e-type=\"widget\" data-widget_type=\"image.default\">\n\t\t\t\t<div class=\"elementor-widget-container\">\n\t\t\t\t\t\t\t\t\t\t\t\t\t\t\t<img loading=\"lazy\" decoding=\"async\" width=\"945\" height=\"945\" src=\"https:\/\/educacionbilingue.gob.ec\/wp-content\/uploads\/2025\/05\/sin_Mesa-de-trabajo-1.jpg\" class=\"attachment-large size-large wp-image-14064\" alt=\"\" srcset=\"https:\/\/educacionbilingue.gob.ec\/wp-content\/uploads\/2025\/05\/sin_Mesa-de-trabajo-1.jpg 1080w, https:\/\/educacionbilingue.gob.ec\/wp-content\/uploads\/2025\/05\/sin_Mesa-de-trabajo-1-700x700.jpg 700w, https:\/\/educacionbilingue.gob.ec\/wp-content\/uploads\/2025\/05\/sin_Mesa-de-trabajo-1-250x250.jpg 250w, https:\/\/educacionbilingue.gob.ec\/wp-content\/uploads\/2025\/05\/sin_Mesa-de-trabajo-1-768x768.jpg 768w, https:\/\/educacionbilingue.gob.ec\/wp-content\/uploads\/2025\/05\/sin_Mesa-de-trabajo-1-100x100.jpg 100w\" sizes=\"(max-width: 945px) 100vw, 945px\" \/>\t\t\t\t\t\t\t\t\t\t\t\t\t\t\t<\/div>\n\t\t\t\t<\/div>\n\t\t\t\t<div class=\"elementor-element elementor-element-e5a7d90 elementor-widget elementor-widget-heading\" data-id=\"e5a7d90\" data-element_type=\"widget\" data-e-type=\"widget\" data-widget_type=\"heading.default\">\n\t\t\t\t<div class=\"elementor-widget-container\">\n\t\t\t\t\t<h3 class=\"elementor-heading-title elementor-size-default\">n\/n<\/h3>\t\t\t\t<\/div>\n\t\t\t\t<\/div>\n\t\t\t\t<div class=\"elementor-element elementor-element-d976de8 elementor-widget elementor-widget-heading\" data-id=\"d976de8\" data-element_type=\"widget\" data-e-type=\"widget\" data-widget_type=\"heading.default\">\n\t\t\t\t<div class=\"elementor-widget-container\">\n\t\t\t\t\t<h4 class=\"elementor-heading-title elementor-size-default\">SECRETARIO CONSEJO PLURINACIONAL<\/h4>\t\t\t\t<\/div>\n\t\t\t\t<\/div>\n\t\t\t\t\t<\/div>\n\t\t<\/div>\n\t\t\t\t\t<\/div>\n\t\t<\/section>\n\t\t<div class=\"elementor-element elementor-element-bb193cf e-flex e-con-boxed e-con e-parent\" data-id=\"bb193cf\" data-element_type=\"container\" data-e-type=\"container\">\n\t\t\t\t\t<div class=\"e-con-inner\">\n\t\t\t\t<div class=\"elementor-element elementor-element-c1159ac elementor-widget elementor-widget-spacer\" data-id=\"c1159ac\" data-element_type=\"widget\" data-e-type=\"widget\" data-widget_type=\"spacer.default\">\n\t\t\t\t<div class=\"elementor-widget-container\">\n\t\t\t\t\t\t\t<div class=\"elementor-spacer\">\n\t\t\t<div class=\"elementor-spacer-inner\"><\/div>\n\t\t<\/div>\n\t\t\t\t\t\t<\/div>\n\t\t\t\t<\/div>\n\t\t\t\t\t<\/div>\n\t\t\t\t<\/div>\n\t\t\t\t<section class=\"elementor-section elementor-top-section elementor-element elementor-element-cbeedf7 elementor-section-boxed elementor-section-height-default elementor-section-height-default elementor-invisible\" data-id=\"cbeedf7\" data-element_type=\"section\" data-e-type=\"section\" data-settings=\"{&quot;animation&quot;:&quot;fadeInLeft&quot;}\">\n\t\t\t\t\t\t<div class=\"elementor-container elementor-column-gap-default\">\n\t\t\t\t\t<div class=\"elementor-column elementor-col-33 elementor-top-column elementor-element elementor-element-4a4267a\" data-id=\"4a4267a\" data-element_type=\"column\" data-e-type=\"column\">\n\t\t\t<div class=\"elementor-widget-wrap elementor-element-populated\">\n\t\t\t\t\t\t<div class=\"elementor-element elementor-element-9c797e3 elementor-widget elementor-widget-image\" data-id=\"9c797e3\" data-element_type=\"widget\" data-e-type=\"widget\" data-widget_type=\"image.default\">\n\t\t\t\t<div class=\"elementor-widget-container\">\n\t\t\t\t\t\t\t\t\t\t\t\t\t\t\t<img loading=\"lazy\" decoding=\"async\" width=\"945\" height=\"945\" src=\"https:\/\/educacionbilingue.gob.ec\/wp-content\/uploads\/2025\/04\/OSCAR-NAYAP-MANDU-CALLERA-_-NACIONALIDAD-ASHUAR-1024x1024.jpg\" class=\"attachment-large size-large wp-image-13714\" alt=\"\" srcset=\"https:\/\/educacionbilingue.gob.ec\/wp-content\/uploads\/2025\/04\/OSCAR-NAYAP-MANDU-CALLERA-_-NACIONALIDAD-ASHUAR-1024x1024.jpg 1024w, https:\/\/educacionbilingue.gob.ec\/wp-content\/uploads\/2025\/04\/OSCAR-NAYAP-MANDU-CALLERA-_-NACIONALIDAD-ASHUAR-300x300.jpg 300w, https:\/\/educacionbilingue.gob.ec\/wp-content\/uploads\/2025\/04\/OSCAR-NAYAP-MANDU-CALLERA-_-NACIONALIDAD-ASHUAR-150x150.jpg 150w, https:\/\/educacionbilingue.gob.ec\/wp-content\/uploads\/2025\/04\/OSCAR-NAYAP-MANDU-CALLERA-_-NACIONALIDAD-ASHUAR-768x768.jpg 768w, https:\/\/educacionbilingue.gob.ec\/wp-content\/uploads\/2025\/04\/OSCAR-NAYAP-MANDU-CALLERA-_-NACIONALIDAD-ASHUAR-100x100.jpg 100w, https:\/\/educacionbilingue.gob.ec\/wp-content\/uploads\/2025\/04\/OSCAR-NAYAP-MANDU-CALLERA-_-NACIONALIDAD-ASHUAR.jpg 1080w\" sizes=\"(max-width: 945px) 100vw, 945px\" \/>\t\t\t\t\t\t\t\t\t\t\t\t\t\t\t<\/div>\n\t\t\t\t<\/div>\n\t\t\t\t<div class=\"elementor-element elementor-element-2ac0e80 elementor-widget elementor-widget-heading\" data-id=\"2ac0e80\" data-element_type=\"widget\" data-e-type=\"widget\" data-widget_type=\"heading.default\">\n\t\t\t\t<div class=\"elementor-widget-container\">\n\t\t\t\t\t<h3 class=\"elementor-heading-title elementor-size-default\">OSCAR NAYAP MANDU CALLERA <\/h3>\t\t\t\t<\/div>\n\t\t\t\t<\/div>\n\t\t\t\t<div class=\"elementor-element elementor-element-8cc6f71 elementor-widget elementor-widget-heading\" data-id=\"8cc6f71\" data-element_type=\"widget\" data-e-type=\"widget\" data-widget_type=\"heading.default\">\n\t\t\t\t<div class=\"elementor-widget-container\">\n\t\t\t\t\t<h4 class=\"elementor-heading-title elementor-size-default\">NACIONALIDAD ACHUAR<\/h4>\t\t\t\t<\/div>\n\t\t\t\t<\/div>\n\t\t\t\t\t<\/div>\n\t\t<\/div>\n\t\t\t\t<div class=\"elementor-column elementor-col-33 elementor-top-column elementor-element elementor-element-aeb0a01\" data-id=\"aeb0a01\" data-element_type=\"column\" data-e-type=\"column\">\n\t\t\t<div class=\"elementor-widget-wrap elementor-element-populated\">\n\t\t\t\t\t\t<div class=\"elementor-element elementor-element-9a880b7 elementor-widget elementor-widget-image\" data-id=\"9a880b7\" data-element_type=\"widget\" data-e-type=\"widget\" data-widget_type=\"image.default\">\n\t\t\t\t<div class=\"elementor-widget-container\">\n\t\t\t\t\t\t\t\t\t\t\t\t\t\t\t<img loading=\"lazy\" decoding=\"async\" width=\"945\" height=\"945\" src=\"https:\/\/educacionbilingue.gob.ec\/wp-content\/uploads\/2025\/04\/EFREN-NANGO-TSETSEKIP-1024x1024.jpg\" class=\"attachment-large size-large wp-image-13704\" alt=\"\" srcset=\"https:\/\/educacionbilingue.gob.ec\/wp-content\/uploads\/2025\/04\/EFREN-NANGO-TSETSEKIP-1024x1024.jpg 1024w, https:\/\/educacionbilingue.gob.ec\/wp-content\/uploads\/2025\/04\/EFREN-NANGO-TSETSEKIP-300x300.jpg 300w, https:\/\/educacionbilingue.gob.ec\/wp-content\/uploads\/2025\/04\/EFREN-NANGO-TSETSEKIP-150x150.jpg 150w, https:\/\/educacionbilingue.gob.ec\/wp-content\/uploads\/2025\/04\/EFREN-NANGO-TSETSEKIP-768x768.jpg 768w, https:\/\/educacionbilingue.gob.ec\/wp-content\/uploads\/2025\/04\/EFREN-NANGO-TSETSEKIP-100x100.jpg 100w, https:\/\/educacionbilingue.gob.ec\/wp-content\/uploads\/2025\/04\/EFREN-NANGO-TSETSEKIP.jpg 1080w\" sizes=\"(max-width: 945px) 100vw, 945px\" \/>\t\t\t\t\t\t\t\t\t\t\t\t\t\t\t<\/div>\n\t\t\t\t<\/div>\n\t\t\t\t<div class=\"elementor-element elementor-element-c3cb47e elementor-widget elementor-widget-heading\" data-id=\"c3cb47e\" data-element_type=\"widget\" data-e-type=\"widget\" data-widget_type=\"heading.default\">\n\t\t\t\t<div class=\"elementor-widget-container\">\n\t\t\t\t\t<h3 class=\"elementor-heading-title elementor-size-default\">EFRE\u0301N NANGO TSETSEKIP<\/h3>\t\t\t\t<\/div>\n\t\t\t\t<\/div>\n\t\t\t\t<div class=\"elementor-element elementor-element-2596b0f elementor-widget elementor-widget-heading\" data-id=\"2596b0f\" data-element_type=\"widget\" data-e-type=\"widget\" data-widget_type=\"heading.default\">\n\t\t\t\t<div class=\"elementor-widget-container\">\n\t\t\t\t\t<h4 class=\"elementor-heading-title elementor-size-default\">NACIONALIDAD SHIWIAR<\/h4>\t\t\t\t<\/div>\n\t\t\t\t<\/div>\n\t\t\t\t\t<\/div>\n\t\t<\/div>\n\t\t\t\t<div class=\"elementor-column elementor-col-33 elementor-top-column elementor-element elementor-element-edf2f81\" data-id=\"edf2f81\" data-element_type=\"column\" data-e-type=\"column\">\n\t\t\t<div class=\"elementor-widget-wrap elementor-element-populated\">\n\t\t\t\t\t\t<div class=\"elementor-element elementor-element-a10f26d elementor-widget elementor-widget-image\" data-id=\"a10f26d\" data-element_type=\"widget\" data-e-type=\"widget\" data-widget_type=\"image.default\">\n\t\t\t\t<div class=\"elementor-widget-container\">\n\t\t\t\t\t\t\t\t\t\t\t\t\t\t\t<img loading=\"lazy\" decoding=\"async\" width=\"945\" height=\"945\" src=\"https:\/\/educacionbilingue.gob.ec\/wp-content\/uploads\/2025\/05\/sin_Mesa-de-trabajo-1.jpg\" class=\"attachment-large size-large wp-image-14064\" alt=\"\" srcset=\"https:\/\/educacionbilingue.gob.ec\/wp-content\/uploads\/2025\/05\/sin_Mesa-de-trabajo-1.jpg 1080w, https:\/\/educacionbilingue.gob.ec\/wp-content\/uploads\/2025\/05\/sin_Mesa-de-trabajo-1-700x700.jpg 700w, https:\/\/educacionbilingue.gob.ec\/wp-content\/uploads\/2025\/05\/sin_Mesa-de-trabajo-1-250x250.jpg 250w, https:\/\/educacionbilingue.gob.ec\/wp-content\/uploads\/2025\/05\/sin_Mesa-de-trabajo-1-768x768.jpg 768w, https:\/\/educacionbilingue.gob.ec\/wp-content\/uploads\/2025\/05\/sin_Mesa-de-trabajo-1-100x100.jpg 100w\" sizes=\"(max-width: 945px) 100vw, 945px\" \/>\t\t\t\t\t\t\t\t\t\t\t\t\t\t\t<\/div>\n\t\t\t\t<\/div>\n\t\t\t\t<div class=\"elementor-element elementor-element-0758ce9 elementor-widget elementor-widget-heading\" data-id=\"0758ce9\" data-element_type=\"widget\" data-e-type=\"widget\" data-widget_type=\"heading.default\">\n\t\t\t\t<div class=\"elementor-widget-container\">\n\t\t\t\t\t<h3 class=\"elementor-heading-title elementor-size-default\">n\/n<\/h3>\t\t\t\t<\/div>\n\t\t\t\t<\/div>\n\t\t\t\t<div class=\"elementor-element elementor-element-128d056 elementor-widget elementor-widget-heading\" data-id=\"128d056\" data-element_type=\"widget\" data-e-type=\"widget\" data-widget_type=\"heading.default\">\n\t\t\t\t<div class=\"elementor-widget-container\">\n\t\t\t\t\t<h4 class=\"elementor-heading-title elementor-size-default\">PUEBLO AFROECUATORIANO<\/h4>\t\t\t\t<\/div>\n\t\t\t\t<\/div>\n\t\t\t\t\t<\/div>\n\t\t<\/div>\n\t\t\t\t\t<\/div>\n\t\t<\/section>\n\t\t<div class=\"elementor-element elementor-element-52050e4 e-flex e-con-boxed e-con e-parent\" data-id=\"52050e4\" data-element_type=\"container\" data-e-type=\"container\">\n\t\t\t\t\t<div class=\"e-con-inner\">\n\t\t\t\t<div class=\"elementor-element elementor-element-5202055 elementor-widget elementor-widget-spacer\" data-id=\"5202055\" data-element_type=\"widget\" data-e-type=\"widget\" data-widget_type=\"spacer.default\">\n\t\t\t\t<div class=\"elementor-widget-container\">\n\t\t\t\t\t\t\t<div class=\"elementor-spacer\">\n\t\t\t<div class=\"elementor-spacer-inner\"><\/div>\n\t\t<\/div>\n\t\t\t\t\t\t<\/div>\n\t\t\t\t<\/div>\n\t\t\t\t\t<\/div>\n\t\t\t\t<\/div>\n\t\t\t\t<section class=\"elementor-section elementor-top-section elementor-element elementor-element-afb4e87 elementor-section-boxed elementor-section-height-default elementor-section-height-default elementor-invisible\" data-id=\"afb4e87\" data-element_type=\"section\" data-e-type=\"section\" data-settings=\"{&quot;animation&quot;:&quot;fadeInRight&quot;}\">\n\t\t\t\t\t\t<div class=\"elementor-container elementor-column-gap-default\">\n\t\t\t\t\t<div class=\"elementor-column elementor-col-33 elementor-top-column elementor-element elementor-element-e3b9212\" data-id=\"e3b9212\" data-element_type=\"column\" data-e-type=\"column\">\n\t\t\t<div class=\"elementor-widget-wrap elementor-element-populated\">\n\t\t\t\t\t\t<div class=\"elementor-element elementor-element-fa5c656 elementor-widget elementor-widget-image\" data-id=\"fa5c656\" data-element_type=\"widget\" data-e-type=\"widget\" data-widget_type=\"image.default\">\n\t\t\t\t<div class=\"elementor-widget-container\">\n\t\t\t\t\t\t\t\t\t\t\t\t\t\t\t<img loading=\"lazy\" decoding=\"async\" width=\"945\" height=\"945\" src=\"https:\/\/educacionbilingue.gob.ec\/wp-content\/uploads\/2025\/04\/LEVINSON-YESMAN-LUSITANDE-PIAGUAJE_NACIONALIDAD-SIEKOPAAI-1024x1024.jpg\" class=\"attachment-large size-large wp-image-13712\" alt=\"\" srcset=\"https:\/\/educacionbilingue.gob.ec\/wp-content\/uploads\/2025\/04\/LEVINSON-YESMAN-LUSITANDE-PIAGUAJE_NACIONALIDAD-SIEKOPAAI-1024x1024.jpg 1024w, https:\/\/educacionbilingue.gob.ec\/wp-content\/uploads\/2025\/04\/LEVINSON-YESMAN-LUSITANDE-PIAGUAJE_NACIONALIDAD-SIEKOPAAI-300x300.jpg 300w, https:\/\/educacionbilingue.gob.ec\/wp-content\/uploads\/2025\/04\/LEVINSON-YESMAN-LUSITANDE-PIAGUAJE_NACIONALIDAD-SIEKOPAAI-150x150.jpg 150w, https:\/\/educacionbilingue.gob.ec\/wp-content\/uploads\/2025\/04\/LEVINSON-YESMAN-LUSITANDE-PIAGUAJE_NACIONALIDAD-SIEKOPAAI-768x768.jpg 768w, https:\/\/educacionbilingue.gob.ec\/wp-content\/uploads\/2025\/04\/LEVINSON-YESMAN-LUSITANDE-PIAGUAJE_NACIONALIDAD-SIEKOPAAI-100x100.jpg 100w, https:\/\/educacionbilingue.gob.ec\/wp-content\/uploads\/2025\/04\/LEVINSON-YESMAN-LUSITANDE-PIAGUAJE_NACIONALIDAD-SIEKOPAAI.jpg 1080w\" sizes=\"(max-width: 945px) 100vw, 945px\" \/>\t\t\t\t\t\t\t\t\t\t\t\t\t\t\t<\/div>\n\t\t\t\t<\/div>\n\t\t\t\t<div class=\"elementor-element elementor-element-8da0c12 elementor-widget elementor-widget-heading\" data-id=\"8da0c12\" data-element_type=\"widget\" data-e-type=\"widget\" data-widget_type=\"heading.default\">\n\t\t\t\t<div class=\"elementor-widget-container\">\n\t\t\t\t\t<h3 class=\"elementor-heading-title elementor-size-default\">LEVINSON YESMAN LUSITANDE PIAGUAJE<\/h3>\t\t\t\t<\/div>\n\t\t\t\t<\/div>\n\t\t\t\t<div class=\"elementor-element elementor-element-5c1ee25 elementor-widget elementor-widget-heading\" data-id=\"5c1ee25\" data-element_type=\"widget\" data-e-type=\"widget\" data-widget_type=\"heading.default\">\n\t\t\t\t<div class=\"elementor-widget-container\">\n\t\t\t\t\t<h4 class=\"elementor-heading-title elementor-size-default\">NACIONALIDAD SIEKOPAAI<\/h4>\t\t\t\t<\/div>\n\t\t\t\t<\/div>\n\t\t\t\t\t<\/div>\n\t\t<\/div>\n\t\t\t\t<div class=\"elementor-column elementor-col-33 elementor-top-column elementor-element elementor-element-f774ce4\" data-id=\"f774ce4\" data-element_type=\"column\" data-e-type=\"column\">\n\t\t\t<div class=\"elementor-widget-wrap elementor-element-populated\">\n\t\t\t\t\t\t<div class=\"elementor-element elementor-element-caf3bcc elementor-widget elementor-widget-image\" data-id=\"caf3bcc\" data-element_type=\"widget\" data-e-type=\"widget\" data-widget_type=\"image.default\">\n\t\t\t\t<div class=\"elementor-widget-container\">\n\t\t\t\t\t\t\t\t\t\t\t\t\t\t\t<img loading=\"lazy\" decoding=\"async\" width=\"945\" height=\"945\" src=\"https:\/\/educacionbilingue.gob.ec\/wp-content\/uploads\/2025\/04\/SEGUNDA-MERCY-LOMBEIDA-ROJAS_PUEBLO-MONTUBIO-1024x1024.jpg\" class=\"attachment-large size-large wp-image-13716\" alt=\"\" srcset=\"https:\/\/educacionbilingue.gob.ec\/wp-content\/uploads\/2025\/04\/SEGUNDA-MERCY-LOMBEIDA-ROJAS_PUEBLO-MONTUBIO-1024x1024.jpg 1024w, https:\/\/educacionbilingue.gob.ec\/wp-content\/uploads\/2025\/04\/SEGUNDA-MERCY-LOMBEIDA-ROJAS_PUEBLO-MONTUBIO-300x300.jpg 300w, https:\/\/educacionbilingue.gob.ec\/wp-content\/uploads\/2025\/04\/SEGUNDA-MERCY-LOMBEIDA-ROJAS_PUEBLO-MONTUBIO-150x150.jpg 150w, https:\/\/educacionbilingue.gob.ec\/wp-content\/uploads\/2025\/04\/SEGUNDA-MERCY-LOMBEIDA-ROJAS_PUEBLO-MONTUBIO-768x768.jpg 768w, https:\/\/educacionbilingue.gob.ec\/wp-content\/uploads\/2025\/04\/SEGUNDA-MERCY-LOMBEIDA-ROJAS_PUEBLO-MONTUBIO-100x100.jpg 100w, https:\/\/educacionbilingue.gob.ec\/wp-content\/uploads\/2025\/04\/SEGUNDA-MERCY-LOMBEIDA-ROJAS_PUEBLO-MONTUBIO.jpg 1080w\" sizes=\"(max-width: 945px) 100vw, 945px\" \/>\t\t\t\t\t\t\t\t\t\t\t\t\t\t\t<\/div>\n\t\t\t\t<\/div>\n\t\t\t\t<div class=\"elementor-element elementor-element-6e55c4a elementor-widget elementor-widget-heading\" data-id=\"6e55c4a\" data-element_type=\"widget\" data-e-type=\"widget\" data-widget_type=\"heading.default\">\n\t\t\t\t<div class=\"elementor-widget-container\">\n\t\t\t\t\t<h3 class=\"elementor-heading-title elementor-size-default\">SEGUNDA MERCY LOMBEIDA ROJAS<\/h3>\t\t\t\t<\/div>\n\t\t\t\t<\/div>\n\t\t\t\t<div class=\"elementor-element elementor-element-bec5f43 elementor-widget elementor-widget-heading\" data-id=\"bec5f43\" data-element_type=\"widget\" data-e-type=\"widget\" data-widget_type=\"heading.default\">\n\t\t\t\t<div class=\"elementor-widget-container\">\n\t\t\t\t\t<h4 class=\"elementor-heading-title elementor-size-default\">PUEBLO MONTUBIO<\/h4>\t\t\t\t<\/div>\n\t\t\t\t<\/div>\n\t\t\t\t\t<\/div>\n\t\t<\/div>\n\t\t\t\t<div class=\"elementor-column elementor-col-33 elementor-top-column elementor-element elementor-element-1632ad8\" data-id=\"1632ad8\" data-element_type=\"column\" data-e-type=\"column\">\n\t\t\t<div class=\"elementor-widget-wrap elementor-element-populated\">\n\t\t\t\t\t\t<div class=\"elementor-element elementor-element-d25102f elementor-widget elementor-widget-image\" data-id=\"d25102f\" data-element_type=\"widget\" data-e-type=\"widget\" data-widget_type=\"image.default\">\n\t\t\t\t<div class=\"elementor-widget-container\">\n\t\t\t\t\t\t\t\t\t\t\t\t\t\t\t<img loading=\"lazy\" decoding=\"async\" width=\"945\" height=\"945\" src=\"https:\/\/educacionbilingue.gob.ec\/wp-content\/uploads\/2025\/04\/LEANDRO-CANTICUZ-PAI_NACIONALIDAD-AWA-1024x1024.jpg\" class=\"attachment-large size-large wp-image-13711\" alt=\"\" srcset=\"https:\/\/educacionbilingue.gob.ec\/wp-content\/uploads\/2025\/04\/LEANDRO-CANTICUZ-PAI_NACIONALIDAD-AWA-1024x1024.jpg 1024w, https:\/\/educacionbilingue.gob.ec\/wp-content\/uploads\/2025\/04\/LEANDRO-CANTICUZ-PAI_NACIONALIDAD-AWA-300x300.jpg 300w, https:\/\/educacionbilingue.gob.ec\/wp-content\/uploads\/2025\/04\/LEANDRO-CANTICUZ-PAI_NACIONALIDAD-AWA-150x150.jpg 150w, https:\/\/educacionbilingue.gob.ec\/wp-content\/uploads\/2025\/04\/LEANDRO-CANTICUZ-PAI_NACIONALIDAD-AWA-768x768.jpg 768w, https:\/\/educacionbilingue.gob.ec\/wp-content\/uploads\/2025\/04\/LEANDRO-CANTICUZ-PAI_NACIONALIDAD-AWA-100x100.jpg 100w, https:\/\/educacionbilingue.gob.ec\/wp-content\/uploads\/2025\/04\/LEANDRO-CANTICUZ-PAI_NACIONALIDAD-AWA.jpg 1080w\" sizes=\"(max-width: 945px) 100vw, 945px\" \/>\t\t\t\t\t\t\t\t\t\t\t\t\t\t\t<\/div>\n\t\t\t\t<\/div>\n\t\t\t\t<div class=\"elementor-element elementor-element-df54c83 elementor-widget elementor-widget-heading\" data-id=\"df54c83\" data-element_type=\"widget\" data-e-type=\"widget\" data-widget_type=\"heading.default\">\n\t\t\t\t<div class=\"elementor-widget-container\">\n\t\t\t\t\t<h3 class=\"elementor-heading-title elementor-size-default\">LEANDRO CANTICUZ PAI<\/h3>\t\t\t\t<\/div>\n\t\t\t\t<\/div>\n\t\t\t\t<div class=\"elementor-element elementor-element-4ba0828 elementor-widget elementor-widget-heading\" data-id=\"4ba0828\" data-element_type=\"widget\" data-e-type=\"widget\" data-widget_type=\"heading.default\">\n\t\t\t\t<div class=\"elementor-widget-container\">\n\t\t\t\t\t<h4 class=\"elementor-heading-title elementor-size-default\">NACIONALIDAD AWA<\/h4>\t\t\t\t<\/div>\n\t\t\t\t<\/div>\n\t\t\t\t\t<\/div>\n\t\t<\/div>\n\t\t\t\t\t<\/div>\n\t\t<\/section>\n\t\t<div class=\"elementor-element elementor-element-d4fe1c9 e-flex e-con-boxed e-con e-parent\" data-id=\"d4fe1c9\" data-element_type=\"container\" data-e-type=\"container\">\n\t\t\t\t\t<div class=\"e-con-inner\">\n\t\t\t\t<div class=\"elementor-element elementor-element-457846f elementor-widget elementor-widget-spacer\" data-id=\"457846f\" data-element_type=\"widget\" data-e-type=\"widget\" data-widget_type=\"spacer.default\">\n\t\t\t\t<div class=\"elementor-widget-container\">\n\t\t\t\t\t\t\t<div class=\"elementor-spacer\">\n\t\t\t<div class=\"elementor-spacer-inner\"><\/div>\n\t\t<\/div>\n\t\t\t\t\t\t<\/div>\n\t\t\t\t<\/div>\n\t\t\t\t\t<\/div>\n\t\t\t\t<\/div>\n\t\t\t\t<section class=\"elementor-section elementor-top-section elementor-element elementor-element-8d8f8b7 elementor-section-boxed elementor-section-height-default elementor-section-height-default elementor-invisible\" data-id=\"8d8f8b7\" data-element_type=\"section\" data-e-type=\"section\" data-settings=\"{&quot;animation&quot;:&quot;fadeInLeft&quot;}\">\n\t\t\t\t\t\t<div class=\"elementor-container elementor-column-gap-default\">\n\t\t\t\t\t<div class=\"elementor-column elementor-col-33 elementor-top-column elementor-element elementor-element-c58750d\" data-id=\"c58750d\" data-element_type=\"column\" data-e-type=\"column\">\n\t\t\t<div class=\"elementor-widget-wrap elementor-element-populated\">\n\t\t\t\t\t\t<div class=\"elementor-element elementor-element-d42ee33 elementor-widget elementor-widget-image\" data-id=\"d42ee33\" data-element_type=\"widget\" data-e-type=\"widget\" data-widget_type=\"image.default\">\n\t\t\t\t<div class=\"elementor-widget-container\">\n\t\t\t\t\t\t\t\t\t\t\t\t\t\t\t<img loading=\"lazy\" decoding=\"async\" width=\"945\" height=\"945\" src=\"https:\/\/educacionbilingue.gob.ec\/wp-content\/uploads\/2025\/04\/OSCAR-MIGUEL-CHIRIPUA-MEJIA_NACIONALIDAD-EPERARA-1024x1024.jpg\" class=\"attachment-large size-large wp-image-13713\" alt=\"\" srcset=\"https:\/\/educacionbilingue.gob.ec\/wp-content\/uploads\/2025\/04\/OSCAR-MIGUEL-CHIRIPUA-MEJIA_NACIONALIDAD-EPERARA-1024x1024.jpg 1024w, https:\/\/educacionbilingue.gob.ec\/wp-content\/uploads\/2025\/04\/OSCAR-MIGUEL-CHIRIPUA-MEJIA_NACIONALIDAD-EPERARA-300x300.jpg 300w, https:\/\/educacionbilingue.gob.ec\/wp-content\/uploads\/2025\/04\/OSCAR-MIGUEL-CHIRIPUA-MEJIA_NACIONALIDAD-EPERARA-150x150.jpg 150w, https:\/\/educacionbilingue.gob.ec\/wp-content\/uploads\/2025\/04\/OSCAR-MIGUEL-CHIRIPUA-MEJIA_NACIONALIDAD-EPERARA-768x768.jpg 768w, https:\/\/educacionbilingue.gob.ec\/wp-content\/uploads\/2025\/04\/OSCAR-MIGUEL-CHIRIPUA-MEJIA_NACIONALIDAD-EPERARA-100x100.jpg 100w, https:\/\/educacionbilingue.gob.ec\/wp-content\/uploads\/2025\/04\/OSCAR-MIGUEL-CHIRIPUA-MEJIA_NACIONALIDAD-EPERARA.jpg 1080w\" sizes=\"(max-width: 945px) 100vw, 945px\" \/>\t\t\t\t\t\t\t\t\t\t\t\t\t\t\t<\/div>\n\t\t\t\t<\/div>\n\t\t\t\t<div class=\"elementor-element elementor-element-124d160 elementor-widget elementor-widget-heading\" data-id=\"124d160\" data-element_type=\"widget\" data-e-type=\"widget\" data-widget_type=\"heading.default\">\n\t\t\t\t<div class=\"elementor-widget-container\">\n\t\t\t\t\t<h3 class=\"elementor-heading-title elementor-size-default\">OSCAR MIGUEL CHIRIPUA MEJI\u0301A<\/h3>\t\t\t\t<\/div>\n\t\t\t\t<\/div>\n\t\t\t\t<div class=\"elementor-element elementor-element-2b6e07d elementor-widget elementor-widget-heading\" data-id=\"2b6e07d\" data-element_type=\"widget\" data-e-type=\"widget\" data-widget_type=\"heading.default\">\n\t\t\t\t<div class=\"elementor-widget-container\">\n\t\t\t\t\t<h4 class=\"elementor-heading-title elementor-size-default\">NACIONALIDAD EPERARA<\/h4>\t\t\t\t<\/div>\n\t\t\t\t<\/div>\n\t\t\t\t\t<\/div>\n\t\t<\/div>\n\t\t\t\t<div class=\"elementor-column elementor-col-33 elementor-top-column elementor-element elementor-element-5a8920c\" data-id=\"5a8920c\" data-element_type=\"column\" data-e-type=\"column\">\n\t\t\t<div class=\"elementor-widget-wrap elementor-element-populated\">\n\t\t\t\t\t\t<div class=\"elementor-element elementor-element-a57439a elementor-widget elementor-widget-image\" data-id=\"a57439a\" data-element_type=\"widget\" data-e-type=\"widget\" data-widget_type=\"image.default\">\n\t\t\t\t<div class=\"elementor-widget-container\">\n\t\t\t\t\t\t\t\t\t\t\t\t\t\t\t<img loading=\"lazy\" decoding=\"async\" width=\"945\" height=\"945\" src=\"https:\/\/educacionbilingue.gob.ec\/wp-content\/uploads\/2025\/11\/FOTOS-WEB-AUTORIDADES-SEIBE-16.jpg\" class=\"attachment-large size-large wp-image-14742\" alt=\"\" srcset=\"https:\/\/educacionbilingue.gob.ec\/wp-content\/uploads\/2025\/11\/FOTOS-WEB-AUTORIDADES-SEIBE-16.jpg 1080w, https:\/\/educacionbilingue.gob.ec\/wp-content\/uploads\/2025\/11\/FOTOS-WEB-AUTORIDADES-SEIBE-16-700x700.jpg 700w, https:\/\/educacionbilingue.gob.ec\/wp-content\/uploads\/2025\/11\/FOTOS-WEB-AUTORIDADES-SEIBE-16-250x250.jpg 250w, https:\/\/educacionbilingue.gob.ec\/wp-content\/uploads\/2025\/11\/FOTOS-WEB-AUTORIDADES-SEIBE-16-768x768.jpg 768w, https:\/\/educacionbilingue.gob.ec\/wp-content\/uploads\/2025\/11\/FOTOS-WEB-AUTORIDADES-SEIBE-16-100x100.jpg 100w\" sizes=\"(max-width: 945px) 100vw, 945px\" \/>\t\t\t\t\t\t\t\t\t\t\t\t\t\t\t<\/div>\n\t\t\t\t<\/div>\n\t\t\t\t<div class=\"elementor-element elementor-element-e266443 elementor-widget elementor-widget-heading\" data-id=\"e266443\" data-element_type=\"widget\" data-e-type=\"widget\" data-widget_type=\"heading.default\">\n\t\t\t\t<div class=\"elementor-widget-container\">\n\t\t\t\t\t<h3 class=\"elementor-heading-title elementor-size-default\">YOLANDA ESPERANZA MORALES SIZA<\/h3>\t\t\t\t<\/div>\n\t\t\t\t<\/div>\n\t\t\t\t<div class=\"elementor-element elementor-element-08541a9 elementor-widget elementor-widget-heading\" data-id=\"08541a9\" data-element_type=\"widget\" data-e-type=\"widget\" data-widget_type=\"heading.default\">\n\t\t\t\t<div class=\"elementor-widget-container\">\n\t\t\t\t\t<h4 class=\"elementor-heading-title elementor-size-default\">NACIONALIDAD KICHWA<\/h4>\t\t\t\t<\/div>\n\t\t\t\t<\/div>\n\t\t\t\t\t<\/div>\n\t\t<\/div>\n\t\t\t\t<div class=\"elementor-column elementor-col-33 elementor-top-column elementor-element elementor-element-5405617\" data-id=\"5405617\" data-element_type=\"column\" data-e-type=\"column\">\n\t\t\t<div class=\"elementor-widget-wrap elementor-element-populated\">\n\t\t\t\t\t\t<div class=\"elementor-element elementor-element-72f9405 elementor-widget elementor-widget-image\" data-id=\"72f9405\" data-element_type=\"widget\" data-e-type=\"widget\" data-widget_type=\"image.default\">\n\t\t\t\t<div class=\"elementor-widget-container\">\n\t\t\t\t\t\t\t\t\t\t\t\t\t\t\t<img loading=\"lazy\" decoding=\"async\" width=\"945\" height=\"945\" src=\"https:\/\/educacionbilingue.gob.ec\/wp-content\/uploads\/2025\/04\/CESAR-TAPUYO-PIANCHICHE_NACIONALIDAD-CHACHI-1024x1024.jpg\" class=\"attachment-large size-large wp-image-13700\" alt=\"\" srcset=\"https:\/\/educacionbilingue.gob.ec\/wp-content\/uploads\/2025\/04\/CESAR-TAPUYO-PIANCHICHE_NACIONALIDAD-CHACHI-1024x1024.jpg 1024w, https:\/\/educacionbilingue.gob.ec\/wp-content\/uploads\/2025\/04\/CESAR-TAPUYO-PIANCHICHE_NACIONALIDAD-CHACHI-300x300.jpg 300w, https:\/\/educacionbilingue.gob.ec\/wp-content\/uploads\/2025\/04\/CESAR-TAPUYO-PIANCHICHE_NACIONALIDAD-CHACHI-150x150.jpg 150w, https:\/\/educacionbilingue.gob.ec\/wp-content\/uploads\/2025\/04\/CESAR-TAPUYO-PIANCHICHE_NACIONALIDAD-CHACHI-768x768.jpg 768w, https:\/\/educacionbilingue.gob.ec\/wp-content\/uploads\/2025\/04\/CESAR-TAPUYO-PIANCHICHE_NACIONALIDAD-CHACHI-100x100.jpg 100w, https:\/\/educacionbilingue.gob.ec\/wp-content\/uploads\/2025\/04\/CESAR-TAPUYO-PIANCHICHE_NACIONALIDAD-CHACHI.jpg 1080w\" sizes=\"(max-width: 945px) 100vw, 945px\" \/>\t\t\t\t\t\t\t\t\t\t\t\t\t\t\t<\/div>\n\t\t\t\t<\/div>\n\t\t\t\t<div class=\"elementor-element elementor-element-d1ba95e elementor-widget elementor-widget-heading\" data-id=\"d1ba95e\" data-element_type=\"widget\" data-e-type=\"widget\" data-widget_type=\"heading.default\">\n\t\t\t\t<div class=\"elementor-widget-container\">\n\t\t\t\t\t<h3 class=\"elementor-heading-title elementor-size-default\">CESAR TAPUYO PIANCHICHE<\/h3>\t\t\t\t<\/div>\n\t\t\t\t<\/div>\n\t\t\t\t<div class=\"elementor-element elementor-element-372f6d2 elementor-widget elementor-widget-heading\" data-id=\"372f6d2\" data-element_type=\"widget\" data-e-type=\"widget\" data-widget_type=\"heading.default\">\n\t\t\t\t<div class=\"elementor-widget-container\">\n\t\t\t\t\t<h4 class=\"elementor-heading-title elementor-size-default\">NACIONALIDAD CHACHI<\/h4>\t\t\t\t<\/div>\n\t\t\t\t<\/div>\n\t\t\t\t\t<\/div>\n\t\t<\/div>\n\t\t\t\t\t<\/div>\n\t\t<\/section>\n\t\t<div class=\"elementor-element elementor-element-86b573a e-flex e-con-boxed e-con e-parent\" data-id=\"86b573a\" data-element_type=\"container\" data-e-type=\"container\">\n\t\t\t\t\t<div class=\"e-con-inner\">\n\t\t\t\t<div class=\"elementor-element elementor-element-7cd24b3 elementor-widget elementor-widget-spacer\" data-id=\"7cd24b3\" data-element_type=\"widget\" data-e-type=\"widget\" data-widget_type=\"spacer.default\">\n\t\t\t\t<div class=\"elementor-widget-container\">\n\t\t\t\t\t\t\t<div class=\"elementor-spacer\">\n\t\t\t<div class=\"elementor-spacer-inner\"><\/div>\n\t\t<\/div>\n\t\t\t\t\t\t<\/div>\n\t\t\t\t<\/div>\n\t\t\t\t\t<\/div>\n\t\t\t\t<\/div>\n\t\t\t\t<section class=\"elementor-section elementor-top-section elementor-element elementor-element-7c644b0 elementor-section-boxed elementor-section-height-default elementor-section-height-default elementor-invisible\" data-id=\"7c644b0\" data-element_type=\"section\" data-e-type=\"section\" data-settings=\"{&quot;animation&quot;:&quot;fadeInRight&quot;}\">\n\t\t\t\t\t\t<div class=\"elementor-container elementor-column-gap-default\">\n\t\t\t\t\t<div class=\"elementor-column elementor-col-33 elementor-top-column elementor-element elementor-element-9448967\" data-id=\"9448967\" data-element_type=\"column\" data-e-type=\"column\">\n\t\t\t<div class=\"elementor-widget-wrap elementor-element-populated\">\n\t\t\t\t\t\t<div class=\"elementor-element elementor-element-9cb362e elementor-widget elementor-widget-image\" data-id=\"9cb362e\" data-element_type=\"widget\" data-e-type=\"widget\" data-widget_type=\"image.default\">\n\t\t\t\t<div class=\"elementor-widget-container\">\n\t\t\t\t\t\t\t\t\t\t\t\t\t\t\t<img loading=\"lazy\" decoding=\"async\" width=\"945\" height=\"945\" src=\"https:\/\/educacionbilingue.gob.ec\/wp-content\/uploads\/2025\/04\/GLORIA-PAULINA-MALAVER-SANTAMARIA-_NACIONALIDAD-ANDWA-1024x1024.jpg\" class=\"attachment-large size-large wp-image-13707\" alt=\"\" srcset=\"https:\/\/educacionbilingue.gob.ec\/wp-content\/uploads\/2025\/04\/GLORIA-PAULINA-MALAVER-SANTAMARIA-_NACIONALIDAD-ANDWA-1024x1024.jpg 1024w, https:\/\/educacionbilingue.gob.ec\/wp-content\/uploads\/2025\/04\/GLORIA-PAULINA-MALAVER-SANTAMARIA-_NACIONALIDAD-ANDWA-300x300.jpg 300w, https:\/\/educacionbilingue.gob.ec\/wp-content\/uploads\/2025\/04\/GLORIA-PAULINA-MALAVER-SANTAMARIA-_NACIONALIDAD-ANDWA-150x150.jpg 150w, https:\/\/educacionbilingue.gob.ec\/wp-content\/uploads\/2025\/04\/GLORIA-PAULINA-MALAVER-SANTAMARIA-_NACIONALIDAD-ANDWA-768x768.jpg 768w, https:\/\/educacionbilingue.gob.ec\/wp-content\/uploads\/2025\/04\/GLORIA-PAULINA-MALAVER-SANTAMARIA-_NACIONALIDAD-ANDWA-100x100.jpg 100w, https:\/\/educacionbilingue.gob.ec\/wp-content\/uploads\/2025\/04\/GLORIA-PAULINA-MALAVER-SANTAMARIA-_NACIONALIDAD-ANDWA.jpg 1080w\" sizes=\"(max-width: 945px) 100vw, 945px\" \/>\t\t\t\t\t\t\t\t\t\t\t\t\t\t\t<\/div>\n\t\t\t\t<\/div>\n\t\t\t\t<div class=\"elementor-element elementor-element-861cd31 elementor-widget elementor-widget-heading\" data-id=\"861cd31\" data-element_type=\"widget\" data-e-type=\"widget\" data-widget_type=\"heading.default\">\n\t\t\t\t<div class=\"elementor-widget-container\">\n\t\t\t\t\t<h3 class=\"elementor-heading-title elementor-size-default\">GLORIA PAULINA MALAVER SANTAMARIA <\/h3>\t\t\t\t<\/div>\n\t\t\t\t<\/div>\n\t\t\t\t<div class=\"elementor-element elementor-element-00592e3 elementor-widget elementor-widget-heading\" data-id=\"00592e3\" data-element_type=\"widget\" data-e-type=\"widget\" data-widget_type=\"heading.default\">\n\t\t\t\t<div class=\"elementor-widget-container\">\n\t\t\t\t\t<h4 class=\"elementor-heading-title elementor-size-default\">NACIONALIDAD ANDWA<\/h4>\t\t\t\t<\/div>\n\t\t\t\t<\/div>\n\t\t\t\t\t<\/div>\n\t\t<\/div>\n\t\t\t\t<div class=\"elementor-column elementor-col-33 elementor-top-column elementor-element elementor-element-8832a81\" data-id=\"8832a81\" data-element_type=\"column\" data-e-type=\"column\">\n\t\t\t<div class=\"elementor-widget-wrap elementor-element-populated\">\n\t\t\t\t\t\t<div class=\"elementor-element elementor-element-9ba51c2 elementor-widget elementor-widget-image\" data-id=\"9ba51c2\" data-element_type=\"widget\" data-e-type=\"widget\" data-widget_type=\"image.default\">\n\t\t\t\t<div class=\"elementor-widget-container\">\n\t\t\t\t\t\t\t\t\t\t\t\t\t\t\t<img loading=\"lazy\" decoding=\"async\" width=\"945\" height=\"945\" src=\"https:\/\/educacionbilingue.gob.ec\/wp-content\/uploads\/2025\/04\/FRANCISCO-DOMINGO-GREFA-TANGUILA_NACIONALIDAD-KIJOS-1024x1024.jpg\" class=\"attachment-large size-large wp-image-13706\" alt=\"\" srcset=\"https:\/\/educacionbilingue.gob.ec\/wp-content\/uploads\/2025\/04\/FRANCISCO-DOMINGO-GREFA-TANGUILA_NACIONALIDAD-KIJOS-1024x1024.jpg 1024w, https:\/\/educacionbilingue.gob.ec\/wp-content\/uploads\/2025\/04\/FRANCISCO-DOMINGO-GREFA-TANGUILA_NACIONALIDAD-KIJOS-300x300.jpg 300w, https:\/\/educacionbilingue.gob.ec\/wp-content\/uploads\/2025\/04\/FRANCISCO-DOMINGO-GREFA-TANGUILA_NACIONALIDAD-KIJOS-150x150.jpg 150w, https:\/\/educacionbilingue.gob.ec\/wp-content\/uploads\/2025\/04\/FRANCISCO-DOMINGO-GREFA-TANGUILA_NACIONALIDAD-KIJOS-768x768.jpg 768w, https:\/\/educacionbilingue.gob.ec\/wp-content\/uploads\/2025\/04\/FRANCISCO-DOMINGO-GREFA-TANGUILA_NACIONALIDAD-KIJOS-100x100.jpg 100w, https:\/\/educacionbilingue.gob.ec\/wp-content\/uploads\/2025\/04\/FRANCISCO-DOMINGO-GREFA-TANGUILA_NACIONALIDAD-KIJOS.jpg 1080w\" sizes=\"(max-width: 945px) 100vw, 945px\" \/>\t\t\t\t\t\t\t\t\t\t\t\t\t\t\t<\/div>\n\t\t\t\t<\/div>\n\t\t\t\t<div class=\"elementor-element elementor-element-f5f063c elementor-widget elementor-widget-heading\" data-id=\"f5f063c\" data-element_type=\"widget\" data-e-type=\"widget\" data-widget_type=\"heading.default\">\n\t\t\t\t<div class=\"elementor-widget-container\">\n\t\t\t\t\t<h3 class=\"elementor-heading-title elementor-size-default\">FRANCISCO DOMINGO GREFA TANGUILA<\/h3>\t\t\t\t<\/div>\n\t\t\t\t<\/div>\n\t\t\t\t<div class=\"elementor-element elementor-element-bc6c3ba elementor-widget elementor-widget-heading\" data-id=\"bc6c3ba\" data-element_type=\"widget\" data-e-type=\"widget\" data-widget_type=\"heading.default\">\n\t\t\t\t<div class=\"elementor-widget-container\">\n\t\t\t\t\t<h4 class=\"elementor-heading-title elementor-size-default\">NACIONALIDAD KIJOS<\/h4>\t\t\t\t<\/div>\n\t\t\t\t<\/div>\n\t\t\t\t\t<\/div>\n\t\t<\/div>\n\t\t\t\t<div class=\"elementor-column elementor-col-33 elementor-top-column elementor-element elementor-element-252cf4d\" data-id=\"252cf4d\" data-element_type=\"column\" data-e-type=\"column\">\n\t\t\t<div class=\"elementor-widget-wrap elementor-element-populated\">\n\t\t\t\t\t\t<div class=\"elementor-element elementor-element-39fed34 elementor-widget elementor-widget-image\" data-id=\"39fed34\" data-element_type=\"widget\" data-e-type=\"widget\" data-widget_type=\"image.default\">\n\t\t\t\t<div class=\"elementor-widget-container\">\n\t\t\t\t\t\t\t\t\t\t\t\t\t\t\t<img loading=\"lazy\" decoding=\"async\" width=\"945\" height=\"945\" src=\"https:\/\/educacionbilingue.gob.ec\/wp-content\/uploads\/2025\/05\/cronograma-05.jpg\" class=\"attachment-large size-large wp-image-14048\" alt=\"\" srcset=\"https:\/\/educacionbilingue.gob.ec\/wp-content\/uploads\/2025\/05\/cronograma-05.jpg 1080w, https:\/\/educacionbilingue.gob.ec\/wp-content\/uploads\/2025\/05\/cronograma-05-700x700.jpg 700w, https:\/\/educacionbilingue.gob.ec\/wp-content\/uploads\/2025\/05\/cronograma-05-250x250.jpg 250w, https:\/\/educacionbilingue.gob.ec\/wp-content\/uploads\/2025\/05\/cronograma-05-768x768.jpg 768w, https:\/\/educacionbilingue.gob.ec\/wp-content\/uploads\/2025\/05\/cronograma-05-100x100.jpg 100w\" sizes=\"(max-width: 945px) 100vw, 945px\" \/>\t\t\t\t\t\t\t\t\t\t\t\t\t\t\t<\/div>\n\t\t\t\t<\/div>\n\t\t\t\t<div class=\"elementor-element elementor-element-5b6f948 elementor-widget elementor-widget-heading\" data-id=\"5b6f948\" data-element_type=\"widget\" data-e-type=\"widget\" data-widget_type=\"heading.default\">\n\t\t\t\t<div class=\"elementor-widget-container\">\n\t\t\t\t\t<h3 class=\"elementor-heading-title elementor-size-default\">Maritza Maribel Criollo Merino<\/h3>\t\t\t\t<\/div>\n\t\t\t\t<\/div>\n\t\t\t\t<div class=\"elementor-element elementor-element-9c0f8df elementor-widget elementor-widget-heading\" data-id=\"9c0f8df\" data-element_type=\"widget\" data-e-type=\"widget\" data-widget_type=\"heading.default\">\n\t\t\t\t<div class=\"elementor-widget-container\">\n\t\t\t\t\t<h4 class=\"elementor-heading-title elementor-size-default\">NACIONALIDAD SIONA BAI<\/h4>\t\t\t\t<\/div>\n\t\t\t\t<\/div>\n\t\t\t\t\t<\/div>\n\t\t<\/div>\n\t\t\t\t\t<\/div>\n\t\t<\/section>\n\t\t<div class=\"elementor-element elementor-element-e85f26b e-flex e-con-boxed e-con e-parent\" data-id=\"e85f26b\" data-element_type=\"container\" data-e-type=\"container\">\n\t\t\t\t\t<div class=\"e-con-inner\">\n\t\t\t\t<div class=\"elementor-element elementor-element-48b6600 elementor-widget elementor-widget-spacer\" data-id=\"48b6600\" data-element_type=\"widget\" data-e-type=\"widget\" data-widget_type=\"spacer.default\">\n\t\t\t\t<div class=\"elementor-widget-container\">\n\t\t\t\t\t\t\t<div class=\"elementor-spacer\">\n\t\t\t<div class=\"elementor-spacer-inner\"><\/div>\n\t\t<\/div>\n\t\t\t\t\t\t<\/div>\n\t\t\t\t<\/div>\n\t\t\t\t\t<\/div>\n\t\t\t\t<\/div>\n\t\t\t\t<section class=\"elementor-section elementor-top-section elementor-element elementor-element-0d1e293 elementor-section-boxed elementor-section-height-default elementor-section-height-default elementor-invisible\" data-id=\"0d1e293\" data-element_type=\"section\" data-e-type=\"section\" data-settings=\"{&quot;animation&quot;:&quot;fadeInLeft&quot;}\">\n\t\t\t\t\t\t<div class=\"elementor-container elementor-column-gap-default\">\n\t\t\t\t\t<div class=\"elementor-column elementor-col-33 elementor-top-column elementor-element elementor-element-becbccd\" data-id=\"becbccd\" data-element_type=\"column\" data-e-type=\"column\">\n\t\t\t<div class=\"elementor-widget-wrap elementor-element-populated\">\n\t\t\t\t\t\t<div class=\"elementor-element elementor-element-a8b39e3 elementor-widget elementor-widget-image\" data-id=\"a8b39e3\" data-element_type=\"widget\" data-e-type=\"widget\" data-widget_type=\"image.default\">\n\t\t\t\t<div class=\"elementor-widget-container\">\n\t\t\t\t\t\t\t\t\t\t\t\t\t\t\t<img loading=\"lazy\" decoding=\"async\" width=\"945\" height=\"945\" src=\"https:\/\/educacionbilingue.gob.ec\/wp-content\/uploads\/2025\/04\/DAVID-SAUL-AGUAVIL-CALAZACON_NACIONALIDAD-TSACHILA-1024x1024.jpg\" class=\"attachment-large size-large wp-image-13702\" alt=\"\" srcset=\"https:\/\/educacionbilingue.gob.ec\/wp-content\/uploads\/2025\/04\/DAVID-SAUL-AGUAVIL-CALAZACON_NACIONALIDAD-TSACHILA-1024x1024.jpg 1024w, https:\/\/educacionbilingue.gob.ec\/wp-content\/uploads\/2025\/04\/DAVID-SAUL-AGUAVIL-CALAZACON_NACIONALIDAD-TSACHILA-300x300.jpg 300w, https:\/\/educacionbilingue.gob.ec\/wp-content\/uploads\/2025\/04\/DAVID-SAUL-AGUAVIL-CALAZACON_NACIONALIDAD-TSACHILA-150x150.jpg 150w, https:\/\/educacionbilingue.gob.ec\/wp-content\/uploads\/2025\/04\/DAVID-SAUL-AGUAVIL-CALAZACON_NACIONALIDAD-TSACHILA-768x768.jpg 768w, https:\/\/educacionbilingue.gob.ec\/wp-content\/uploads\/2025\/04\/DAVID-SAUL-AGUAVIL-CALAZACON_NACIONALIDAD-TSACHILA-100x100.jpg 100w, https:\/\/educacionbilingue.gob.ec\/wp-content\/uploads\/2025\/04\/DAVID-SAUL-AGUAVIL-CALAZACON_NACIONALIDAD-TSACHILA.jpg 1080w\" sizes=\"(max-width: 945px) 100vw, 945px\" \/>\t\t\t\t\t\t\t\t\t\t\t\t\t\t\t<\/div>\n\t\t\t\t<\/div>\n\t\t\t\t<div class=\"elementor-element elementor-element-8646532 elementor-widget elementor-widget-heading\" data-id=\"8646532\" data-element_type=\"widget\" data-e-type=\"widget\" data-widget_type=\"heading.default\">\n\t\t\t\t<div class=\"elementor-widget-container\">\n\t\t\t\t\t<h3 class=\"elementor-heading-title elementor-size-default\">DAVID SAU\u0301L AGUAVIL CALAZACO\u0301N<\/h3>\t\t\t\t<\/div>\n\t\t\t\t<\/div>\n\t\t\t\t<div class=\"elementor-element elementor-element-e7596b9 elementor-widget elementor-widget-heading\" data-id=\"e7596b9\" data-element_type=\"widget\" data-e-type=\"widget\" data-widget_type=\"heading.default\">\n\t\t\t\t<div class=\"elementor-widget-container\">\n\t\t\t\t\t<h4 class=\"elementor-heading-title elementor-size-default\">NACIONALIDAD TSA\u0301CHILA<\/h4>\t\t\t\t<\/div>\n\t\t\t\t<\/div>\n\t\t\t\t\t<\/div>\n\t\t<\/div>\n\t\t\t\t<div class=\"elementor-column elementor-col-33 elementor-top-column elementor-element elementor-element-f3a81f2\" data-id=\"f3a81f2\" data-element_type=\"column\" data-e-type=\"column\">\n\t\t\t<div class=\"elementor-widget-wrap elementor-element-populated\">\n\t\t\t\t\t\t<div class=\"elementor-element elementor-element-ac96a77 elementor-widget elementor-widget-image\" data-id=\"ac96a77\" data-element_type=\"widget\" data-e-type=\"widget\" data-widget_type=\"image.default\">\n\t\t\t\t<div class=\"elementor-widget-container\">\n\t\t\t\t\t\t\t\t\t\t\t\t\t\t\t<img loading=\"lazy\" decoding=\"async\" width=\"945\" height=\"945\" src=\"https:\/\/educacionbilingue.gob.ec\/wp-content\/uploads\/2025\/04\/KLEVER-TUNTUAM-KAJEKAI-JUWA_NACIONALIDAD-SHUAR-1024x1024.jpg\" class=\"attachment-large size-large wp-image-13710\" alt=\"\" srcset=\"https:\/\/educacionbilingue.gob.ec\/wp-content\/uploads\/2025\/04\/KLEVER-TUNTUAM-KAJEKAI-JUWA_NACIONALIDAD-SHUAR-1024x1024.jpg 1024w, https:\/\/educacionbilingue.gob.ec\/wp-content\/uploads\/2025\/04\/KLEVER-TUNTUAM-KAJEKAI-JUWA_NACIONALIDAD-SHUAR-300x300.jpg 300w, https:\/\/educacionbilingue.gob.ec\/wp-content\/uploads\/2025\/04\/KLEVER-TUNTUAM-KAJEKAI-JUWA_NACIONALIDAD-SHUAR-150x150.jpg 150w, https:\/\/educacionbilingue.gob.ec\/wp-content\/uploads\/2025\/04\/KLEVER-TUNTUAM-KAJEKAI-JUWA_NACIONALIDAD-SHUAR-768x768.jpg 768w, https:\/\/educacionbilingue.gob.ec\/wp-content\/uploads\/2025\/04\/KLEVER-TUNTUAM-KAJEKAI-JUWA_NACIONALIDAD-SHUAR-100x100.jpg 100w, https:\/\/educacionbilingue.gob.ec\/wp-content\/uploads\/2025\/04\/KLEVER-TUNTUAM-KAJEKAI-JUWA_NACIONALIDAD-SHUAR.jpg 1080w\" sizes=\"(max-width: 945px) 100vw, 945px\" \/>\t\t\t\t\t\t\t\t\t\t\t\t\t\t\t<\/div>\n\t\t\t\t<\/div>\n\t\t\t\t<div class=\"elementor-element elementor-element-b07775d elementor-widget elementor-widget-heading\" data-id=\"b07775d\" data-element_type=\"widget\" data-e-type=\"widget\" data-widget_type=\"heading.default\">\n\t\t\t\t<div class=\"elementor-widget-container\">\n\t\t\t\t\t<h3 class=\"elementor-heading-title elementor-size-default\">KLEVER TUNTUAM KAJEKAI JUWA<\/h3>\t\t\t\t<\/div>\n\t\t\t\t<\/div>\n\t\t\t\t<div class=\"elementor-element elementor-element-b35db55 elementor-widget elementor-widget-heading\" data-id=\"b35db55\" data-element_type=\"widget\" data-e-type=\"widget\" data-widget_type=\"heading.default\">\n\t\t\t\t<div class=\"elementor-widget-container\">\n\t\t\t\t\t<h4 class=\"elementor-heading-title elementor-size-default\">NACIONALIDAD SHUAR<\/h4>\t\t\t\t<\/div>\n\t\t\t\t<\/div>\n\t\t\t\t\t<\/div>\n\t\t<\/div>\n\t\t\t\t<div class=\"elementor-column elementor-col-33 elementor-top-column elementor-element elementor-element-082a721\" data-id=\"082a721\" data-element_type=\"column\" data-e-type=\"column\">\n\t\t\t<div class=\"elementor-widget-wrap elementor-element-populated\">\n\t\t\t\t\t\t<div class=\"elementor-element elementor-element-b447f21 elementor-widget elementor-widget-image\" data-id=\"b447f21\" data-element_type=\"widget\" data-e-type=\"widget\" data-widget_type=\"image.default\">\n\t\t\t\t<div class=\"elementor-widget-container\">\n\t\t\t\t\t\t\t\t\t\t\t\t\t\t\t<img loading=\"lazy\" decoding=\"async\" width=\"945\" height=\"945\" src=\"https:\/\/educacionbilingue.gob.ec\/wp-content\/uploads\/2025\/04\/ZORAIDA-RAQUEL-MENDUA-ORTIZ-03-1024x1024.jpg\" class=\"attachment-large size-large wp-image-13718\" alt=\"\" srcset=\"https:\/\/educacionbilingue.gob.ec\/wp-content\/uploads\/2025\/04\/ZORAIDA-RAQUEL-MENDUA-ORTIZ-03-1024x1024.jpg 1024w, https:\/\/educacionbilingue.gob.ec\/wp-content\/uploads\/2025\/04\/ZORAIDA-RAQUEL-MENDUA-ORTIZ-03-300x300.jpg 300w, https:\/\/educacionbilingue.gob.ec\/wp-content\/uploads\/2025\/04\/ZORAIDA-RAQUEL-MENDUA-ORTIZ-03-150x150.jpg 150w, https:\/\/educacionbilingue.gob.ec\/wp-content\/uploads\/2025\/04\/ZORAIDA-RAQUEL-MENDUA-ORTIZ-03-768x768.jpg 768w, https:\/\/educacionbilingue.gob.ec\/wp-content\/uploads\/2025\/04\/ZORAIDA-RAQUEL-MENDUA-ORTIZ-03-100x100.jpg 100w, https:\/\/educacionbilingue.gob.ec\/wp-content\/uploads\/2025\/04\/ZORAIDA-RAQUEL-MENDUA-ORTIZ-03.jpg 1080w\" sizes=\"(max-width: 945px) 100vw, 945px\" \/>\t\t\t\t\t\t\t\t\t\t\t\t\t\t\t<\/div>\n\t\t\t\t<\/div>\n\t\t\t\t<div class=\"elementor-element elementor-element-07edbf7 elementor-widget elementor-widget-heading\" data-id=\"07edbf7\" data-element_type=\"widget\" data-e-type=\"widget\" data-widget_type=\"heading.default\">\n\t\t\t\t<div class=\"elementor-widget-container\">\n\t\t\t\t\t<h3 class=\"elementor-heading-title elementor-size-default\">ZORAIDA RAQUEL MENDU\u0301A ORTIZ<\/h3>\t\t\t\t<\/div>\n\t\t\t\t<\/div>\n\t\t\t\t<div class=\"elementor-element elementor-element-6d1645b elementor-widget elementor-widget-heading\" data-id=\"6d1645b\" data-element_type=\"widget\" data-e-type=\"widget\" data-widget_type=\"heading.default\">\n\t\t\t\t<div class=\"elementor-widget-container\">\n\t\t\t\t\t<h4 class=\"elementor-heading-title elementor-size-default\">NACIONALIDAD A\u00b4I KOFAN<br><\/h4>\t\t\t\t<\/div>\n\t\t\t\t<\/div>\n\t\t\t\t\t<\/div>\n\t\t<\/div>\n\t\t\t\t\t<\/div>\n\t\t<\/section>\n\t\t<div class=\"elementor-element elementor-element-8e39e92 e-flex e-con-boxed e-con e-parent\" data-id=\"8e39e92\" data-element_type=\"container\" data-e-type=\"container\">\n\t\t\t\t\t<div class=\"e-con-inner\">\n\t\t\t\t<div class=\"elementor-element elementor-element-3da8c3a elementor-widget elementor-widget-spacer\" data-id=\"3da8c3a\" data-element_type=\"widget\" data-e-type=\"widget\" data-widget_type=\"spacer.default\">\n\t\t\t\t<div class=\"elementor-widget-container\">\n\t\t\t\t\t\t\t<div class=\"elementor-spacer\">\n\t\t\t<div class=\"elementor-spacer-inner\"><\/div>\n\t\t<\/div>\n\t\t\t\t\t\t<\/div>\n\t\t\t\t<\/div>\n\t\t\t\t\t<\/div>\n\t\t\t\t<\/div>\n\t\t\t\t<section class=\"elementor-section elementor-top-section elementor-element elementor-element-d17956d elementor-section-boxed elementor-section-height-default elementor-section-height-default elementor-invisible\" data-id=\"d17956d\" data-element_type=\"section\" data-e-type=\"section\" data-settings=\"{&quot;animation&quot;:&quot;fadeInRight&quot;}\">\n\t\t\t\t\t\t<div class=\"elementor-container elementor-column-gap-default\">\n\t\t\t\t\t<div class=\"elementor-column elementor-col-33 elementor-top-column elementor-element elementor-element-5759012\" data-id=\"5759012\" data-element_type=\"column\" data-e-type=\"column\">\n\t\t\t<div class=\"elementor-widget-wrap elementor-element-populated\">\n\t\t\t\t\t\t<div class=\"elementor-element elementor-element-6d405bd elementor-widget elementor-widget-image\" data-id=\"6d405bd\" data-element_type=\"widget\" data-e-type=\"widget\" data-widget_type=\"image.default\">\n\t\t\t\t<div class=\"elementor-widget-container\">\n\t\t\t\t\t\t\t\t\t\t\t\t\t\t\t<img loading=\"lazy\" decoding=\"async\" width=\"945\" height=\"945\" src=\"https:\/\/educacionbilingue.gob.ec\/wp-content\/uploads\/2025\/05\/sapa_Mesa-de-trabajo-1.jpg\" class=\"attachment-large size-large wp-image-14063\" alt=\"\" srcset=\"https:\/\/educacionbilingue.gob.ec\/wp-content\/uploads\/2025\/05\/sapa_Mesa-de-trabajo-1.jpg 1080w, https:\/\/educacionbilingue.gob.ec\/wp-content\/uploads\/2025\/05\/sapa_Mesa-de-trabajo-1-700x700.jpg 700w, https:\/\/educacionbilingue.gob.ec\/wp-content\/uploads\/2025\/05\/sapa_Mesa-de-trabajo-1-250x250.jpg 250w, https:\/\/educacionbilingue.gob.ec\/wp-content\/uploads\/2025\/05\/sapa_Mesa-de-trabajo-1-768x768.jpg 768w, https:\/\/educacionbilingue.gob.ec\/wp-content\/uploads\/2025\/05\/sapa_Mesa-de-trabajo-1-100x100.jpg 100w\" sizes=\"(max-width: 945px) 100vw, 945px\" \/>\t\t\t\t\t\t\t\t\t\t\t\t\t\t\t<\/div>\n\t\t\t\t<\/div>\n\t\t\t\t<div class=\"elementor-element elementor-element-25afca3 elementor-widget elementor-widget-heading\" data-id=\"25afca3\" data-element_type=\"widget\" data-e-type=\"widget\" data-widget_type=\"heading.default\">\n\t\t\t\t<div class=\"elementor-widget-container\">\n\t\t\t\t\t<h3 class=\"elementor-heading-title elementor-size-default\">Ricardo Livino Ushigua Santi <\/h3>\t\t\t\t<\/div>\n\t\t\t\t<\/div>\n\t\t\t\t<div class=\"elementor-element elementor-element-bb39abe elementor-widget elementor-widget-heading\" data-id=\"bb39abe\" data-element_type=\"widget\" data-e-type=\"widget\" data-widget_type=\"heading.default\">\n\t\t\t\t<div class=\"elementor-widget-container\">\n\t\t\t\t\t<h4 class=\"elementor-heading-title elementor-size-default\">NACIONALIDAD SAPARA<\/h4>\t\t\t\t<\/div>\n\t\t\t\t<\/div>\n\t\t\t\t\t<\/div>\n\t\t<\/div>\n\t\t\t\t<div class=\"elementor-column elementor-col-33 elementor-top-column elementor-element elementor-element-0e88272\" data-id=\"0e88272\" data-element_type=\"column\" data-e-type=\"column\">\n\t\t\t<div class=\"elementor-widget-wrap elementor-element-populated\">\n\t\t\t\t\t\t<div class=\"elementor-element elementor-element-a431c22 elementor-widget elementor-widget-image\" data-id=\"a431c22\" data-element_type=\"widget\" data-e-type=\"widget\" data-widget_type=\"image.default\">\n\t\t\t\t<div class=\"elementor-widget-container\">\n\t\t\t\t\t\t\t\t\t\t\t\t\t\t\t<img loading=\"lazy\" decoding=\"async\" width=\"945\" height=\"945\" src=\"https:\/\/educacionbilingue.gob.ec\/wp-content\/uploads\/2025\/05\/sin_Mesa-de-trabajo-1.jpg\" class=\"attachment-large size-large wp-image-14064\" alt=\"\" srcset=\"https:\/\/educacionbilingue.gob.ec\/wp-content\/uploads\/2025\/05\/sin_Mesa-de-trabajo-1.jpg 1080w, https:\/\/educacionbilingue.gob.ec\/wp-content\/uploads\/2025\/05\/sin_Mesa-de-trabajo-1-700x700.jpg 700w, https:\/\/educacionbilingue.gob.ec\/wp-content\/uploads\/2025\/05\/sin_Mesa-de-trabajo-1-250x250.jpg 250w, https:\/\/educacionbilingue.gob.ec\/wp-content\/uploads\/2025\/05\/sin_Mesa-de-trabajo-1-768x768.jpg 768w, https:\/\/educacionbilingue.gob.ec\/wp-content\/uploads\/2025\/05\/sin_Mesa-de-trabajo-1-100x100.jpg 100w\" sizes=\"(max-width: 945px) 100vw, 945px\" \/>\t\t\t\t\t\t\t\t\t\t\t\t\t\t\t<\/div>\n\t\t\t\t<\/div>\n\t\t\t\t<div class=\"elementor-element elementor-element-bf8d082 elementor-widget elementor-widget-heading\" data-id=\"bf8d082\" data-element_type=\"widget\" data-e-type=\"widget\" data-widget_type=\"heading.default\">\n\t\t\t\t<div class=\"elementor-widget-container\">\n\t\t\t\t\t<h3 class=\"elementor-heading-title elementor-size-default\">ROSA MINA GABA CAIGA<\/h3>\t\t\t\t<\/div>\n\t\t\t\t<\/div>\n\t\t\t\t<div class=\"elementor-element elementor-element-49fe74a elementor-widget elementor-widget-heading\" data-id=\"49fe74a\" data-element_type=\"widget\" data-e-type=\"widget\" data-widget_type=\"heading.default\">\n\t\t\t\t<div class=\"elementor-widget-container\">\n\t\t\t\t\t<h4 class=\"elementor-heading-title elementor-size-default\">NACIONALIDAD WAORANI<\/h4>\t\t\t\t<\/div>\n\t\t\t\t<\/div>\n\t\t\t\t\t<\/div>\n\t\t<\/div>\n\t\t\t\t<div class=\"elementor-column elementor-col-33 elementor-top-column elementor-element elementor-element-4cceab7\" data-id=\"4cceab7\" data-element_type=\"column\" data-e-type=\"column\">\n\t\t\t<div class=\"elementor-widget-wrap\">\n\t\t\t\t\t\t\t<\/div>\n\t\t<\/div>\n\t\t\t\t\t<\/div>\n\t\t<\/section>\n\t\t\t\t<\/div>\n\t\t","protected":false},"excerpt":{"rendered":"<p class=\"excerpt\">Consejo Plurinacional NORMATIVA INFORME PRELIMINAR Mediante Acta de Recepci\u00f3n de Postulaciones del Concurso CPSEIBE Nro. 001-CPSEIBE-2025 de 28 de abril de 2025, suscrita por el Secretario General del CPSEIBE, en las oficinas de la Secretar\u00eda de Educaci\u00f3n Intercultural Biling\u00fce y la Etnoeducaci\u00f3n (SEIBE), ubicadas en la Av. Amazonas N34-451 y Av. Atahualpa, edificio matriz del Ministerio de Educaci\u00f3n, cuarto piso,&hellip; <a href=\"https:\/\/educacionbilingue.gob.ec\/?page_id=11719\">Read more &rarr;<\/a><\/p>\n","protected":false},"author":330,"featured_media":0,"parent":0,"menu_order":0,"comment_status":"closed","ping_status":"closed","template":"","meta":{"footnotes":""},"class_list":["post-11719","page","type-page","status-publish","hentry","xfolkentry"],"yoast_head":"<!-- This site is optimized with the Yoast SEO plugin v27.4 - https:\/\/yoast.com\/product\/yoast-seo-wordpress\/ -->\n<title>Consejo Plurinacional-Normativa - SEIBE - Secretar\u00eda de Educaci\u00f3n Intercultural Biling\u00fce y la Etnoeducaci\u00f3n<\/title>\n<meta name=\"robots\" content=\"index, follow, max-snippet:-1, max-image-preview:large, max-video-preview:-1\" \/>\n<link rel=\"canonical\" href=\"https:\/\/educacionbilingue.gob.ec\/?page_id=11719\" \/>\n<meta property=\"og:locale\" content=\"es_ES\" \/>\n<meta property=\"og:type\" content=\"article\" \/>\n<meta property=\"og:title\" content=\"Consejo Plurinacional-Normativa - SEIBE - Secretar\u00eda de Educaci\u00f3n Intercultural Biling\u00fce y la Etnoeducaci\u00f3n\" \/>\n<meta property=\"og:description\" content=\"Consejo Plurinacional NORMATIVA INFORME PRELIMINAR Mediante Acta de Recepci\u00f3n de Postulaciones del Concurso CPSEIBE Nro. 001-CPSEIBE-2025 de 28 de abril de 2025, suscrita por el Secretario General del CPSEIBE, en las oficinas de la Secretar\u00eda de Educaci\u00f3n Intercultural Biling\u00fce y la Etnoeducaci\u00f3n (SEIBE), ubicadas en la Av. Amazonas N34-451 y Av. Atahualpa, edificio matriz del Ministerio de Educaci\u00f3n, cuarto piso,&hellip; Read more &rarr;\" \/>\n<meta property=\"og:url\" content=\"https:\/\/educacionbilingue.gob.ec\/?page_id=11719\" \/>\n<meta property=\"og:site_name\" content=\"SEIBE - Secretar\u00eda de Educaci\u00f3n Intercultural Biling\u00fce y la Etnoeducaci\u00f3n\" \/>\n<meta property=\"article:publisher\" content=\"https:\/\/www.facebook.com\/SEIBEec\/\" \/>\n<meta property=\"article:modified_time\" content=\"2025-11-07T14:03:50+00:00\" \/>\n<meta property=\"og:image\" content=\"https:\/\/educacionbilingue.gob.ec\/wp-content\/uploads\/2024\/12\/ARTE-CONSEJO-PLURINACIONAL-min-03.jpg\" \/>\n\t<meta property=\"og:image:width\" content=\"1465\" \/>\n\t<meta property=\"og:image:height\" content=\"1122\" \/>\n\t<meta property=\"og:image:type\" content=\"image\/jpeg\" \/>\n<meta name=\"twitter:card\" content=\"summary_large_image\" \/>\n<meta name=\"twitter:label1\" content=\"Tiempo de lectura\" \/>\n\t<meta name=\"twitter:data1\" content=\"8 minutos\" \/>\n<script type=\"application\/ld+json\" class=\"yoast-schema-graph\">{\"@context\":\"https:\\\/\\\/schema.org\",\"@graph\":[{\"@type\":\"WebPage\",\"@id\":\"https:\\\/\\\/educacionbilingue.gob.ec\\\/?page_id=11719\",\"url\":\"https:\\\/\\\/educacionbilingue.gob.ec\\\/?page_id=11719\",\"name\":\"Consejo Plurinacional-Normativa - SEIBE - Secretar\u00eda de Educaci\u00f3n Intercultural Biling\u00fce y la Etnoeducaci\u00f3n\",\"isPartOf\":{\"@id\":\"https:\\\/\\\/educacionbilingue.gob.ec\\\/#website\"},\"primaryImageOfPage\":{\"@id\":\"https:\\\/\\\/educacionbilingue.gob.ec\\\/?page_id=11719#primaryimage\"},\"image\":{\"@id\":\"https:\\\/\\\/educacionbilingue.gob.ec\\\/?page_id=11719#primaryimage\"},\"thumbnailUrl\":\"https:\\\/\\\/educacionbilingue.gob.ec\\\/wp-content\\\/uploads\\\/2024\\\/12\\\/ARTE-CONSEJO-PLURINACIONAL-min-03-1024x784.jpg\",\"datePublished\":\"2023-11-09T13:30:54+00:00\",\"dateModified\":\"2025-11-07T14:03:50+00:00\",\"breadcrumb\":{\"@id\":\"https:\\\/\\\/educacionbilingue.gob.ec\\\/?page_id=11719#breadcrumb\"},\"inLanguage\":\"es\",\"potentialAction\":[{\"@type\":\"ReadAction\",\"target\":[\"https:\\\/\\\/educacionbilingue.gob.ec\\\/?page_id=11719\"]}]},{\"@type\":\"ImageObject\",\"inLanguage\":\"es\",\"@id\":\"https:\\\/\\\/educacionbilingue.gob.ec\\\/?page_id=11719#primaryimage\",\"url\":\"https:\\\/\\\/educacionbilingue.gob.ec\\\/wp-content\\\/uploads\\\/2024\\\/12\\\/ARTE-CONSEJO-PLURINACIONAL-min-03.jpg\",\"contentUrl\":\"https:\\\/\\\/educacionbilingue.gob.ec\\\/wp-content\\\/uploads\\\/2024\\\/12\\\/ARTE-CONSEJO-PLURINACIONAL-min-03.jpg\",\"width\":1465,\"height\":1122},{\"@type\":\"BreadcrumbList\",\"@id\":\"https:\\\/\\\/educacionbilingue.gob.ec\\\/?page_id=11719#breadcrumb\",\"itemListElement\":[{\"@type\":\"ListItem\",\"position\":1,\"name\":\"Portada\",\"item\":\"https:\\\/\\\/educacionbilingue.gob.ec\\\/\"},{\"@type\":\"ListItem\",\"position\":2,\"name\":\"Consejo Plurinacional-Normativa\"}]},{\"@type\":\"WebSite\",\"@id\":\"https:\\\/\\\/educacionbilingue.gob.ec\\\/#website\",\"url\":\"https:\\\/\\\/educacionbilingue.gob.ec\\\/\",\"name\":\"SEIBE - Secretar\u00eda de Educaci\u00f3n Intercultural Biling\u00fce y la Etnoeducaci\u00f3n\",\"description\":\"Secretar\u00eda de Educaci\u00f3n Intercultural Biling\u00fce y la Etnoeducaci\u00f3n\",\"publisher\":{\"@id\":\"https:\\\/\\\/educacionbilingue.gob.ec\\\/#organization\"},\"alternateName\":\"SEIBE\",\"potentialAction\":[{\"@type\":\"SearchAction\",\"target\":{\"@type\":\"EntryPoint\",\"urlTemplate\":\"https:\\\/\\\/educacionbilingue.gob.ec\\\/?s={search_term_string}\"},\"query-input\":{\"@type\":\"PropertyValueSpecification\",\"valueRequired\":true,\"valueName\":\"search_term_string\"}}],\"inLanguage\":\"es\"},{\"@type\":\"Organization\",\"@id\":\"https:\\\/\\\/educacionbilingue.gob.ec\\\/#organization\",\"name\":\"SEIBE - Secretar\u00eda de Educaci\u00f3n Intercultural Biling\u00fce y la Etnoeducaci\u00f3n\",\"url\":\"https:\\\/\\\/educacionbilingue.gob.ec\\\/\",\"logo\":{\"@type\":\"ImageObject\",\"inLanguage\":\"es\",\"@id\":\"https:\\\/\\\/educacionbilingue.gob.ec\\\/#\\\/schema\\\/logo\\\/image\\\/\",\"url\":\"https:\\\/\\\/educacionbilingue.gob.ec\\\/wp-content\\\/uploads\\\/2025\\\/05\\\/logo-horizontal@4x.png\",\"contentUrl\":\"https:\\\/\\\/educacionbilingue.gob.ec\\\/wp-content\\\/uploads\\\/2025\\\/05\\\/logo-horizontal@4x.png\",\"width\":1889,\"height\":456,\"caption\":\"SEIBE - Secretar\u00eda de Educaci\u00f3n Intercultural Biling\u00fce y la Etnoeducaci\u00f3n\"},\"image\":{\"@id\":\"https:\\\/\\\/educacionbilingue.gob.ec\\\/#\\\/schema\\\/logo\\\/image\\\/\"},\"sameAs\":[\"https:\\\/\\\/www.facebook.com\\\/SEIBEec\\\/\"]}]}<\/script>\n<!-- \/ Yoast SEO plugin. -->","yoast_head_json":{"title":"Consejo Plurinacional-Normativa - SEIBE - Secretar\u00eda de Educaci\u00f3n Intercultural Biling\u00fce y la Etnoeducaci\u00f3n","robots":{"index":"index","follow":"follow","max-snippet":"max-snippet:-1","max-image-preview":"max-image-preview:large","max-video-preview":"max-video-preview:-1"},"canonical":"https:\/\/educacionbilingue.gob.ec\/?page_id=11719","og_locale":"es_ES","og_type":"article","og_title":"Consejo Plurinacional-Normativa - SEIBE - Secretar\u00eda de Educaci\u00f3n Intercultural Biling\u00fce y la Etnoeducaci\u00f3n","og_description":"Consejo Plurinacional NORMATIVA INFORME PRELIMINAR Mediante Acta de Recepci\u00f3n de Postulaciones del Concurso CPSEIBE Nro. 001-CPSEIBE-2025 de 28 de abril de 2025, suscrita por el Secretario General del CPSEIBE, en las oficinas de la Secretar\u00eda de Educaci\u00f3n Intercultural Biling\u00fce y la Etnoeducaci\u00f3n (SEIBE), ubicadas en la Av. Amazonas N34-451 y Av. Atahualpa, edificio matriz del Ministerio de Educaci\u00f3n, cuarto piso,&hellip; Read more &rarr;","og_url":"https:\/\/educacionbilingue.gob.ec\/?page_id=11719","og_site_name":"SEIBE - Secretar\u00eda de Educaci\u00f3n Intercultural Biling\u00fce y la Etnoeducaci\u00f3n","article_publisher":"https:\/\/www.facebook.com\/SEIBEec\/","article_modified_time":"2025-11-07T14:03:50+00:00","og_image":[{"width":1465,"height":1122,"url":"https:\/\/educacionbilingue.gob.ec\/wp-content\/uploads\/2024\/12\/ARTE-CONSEJO-PLURINACIONAL-min-03.jpg","type":"image\/jpeg"}],"twitter_card":"summary_large_image","twitter_misc":{"Tiempo de lectura":"8 minutos"},"schema":{"@context":"https:\/\/schema.org","@graph":[{"@type":"WebPage","@id":"https:\/\/educacionbilingue.gob.ec\/?page_id=11719","url":"https:\/\/educacionbilingue.gob.ec\/?page_id=11719","name":"Consejo Plurinacional-Normativa - SEIBE - Secretar\u00eda de Educaci\u00f3n Intercultural Biling\u00fce y la Etnoeducaci\u00f3n","isPartOf":{"@id":"https:\/\/educacionbilingue.gob.ec\/#website"},"primaryImageOfPage":{"@id":"https:\/\/educacionbilingue.gob.ec\/?page_id=11719#primaryimage"},"image":{"@id":"https:\/\/educacionbilingue.gob.ec\/?page_id=11719#primaryimage"},"thumbnailUrl":"https:\/\/educacionbilingue.gob.ec\/wp-content\/uploads\/2024\/12\/ARTE-CONSEJO-PLURINACIONAL-min-03-1024x784.jpg","datePublished":"2023-11-09T13:30:54+00:00","dateModified":"2025-11-07T14:03:50+00:00","breadcrumb":{"@id":"https:\/\/educacionbilingue.gob.ec\/?page_id=11719#breadcrumb"},"inLanguage":"es","potentialAction":[{"@type":"ReadAction","target":["https:\/\/educacionbilingue.gob.ec\/?page_id=11719"]}]},{"@type":"ImageObject","inLanguage":"es","@id":"https:\/\/educacionbilingue.gob.ec\/?page_id=11719#primaryimage","url":"https:\/\/educacionbilingue.gob.ec\/wp-content\/uploads\/2024\/12\/ARTE-CONSEJO-PLURINACIONAL-min-03.jpg","contentUrl":"https:\/\/educacionbilingue.gob.ec\/wp-content\/uploads\/2024\/12\/ARTE-CONSEJO-PLURINACIONAL-min-03.jpg","width":1465,"height":1122},{"@type":"BreadcrumbList","@id":"https:\/\/educacionbilingue.gob.ec\/?page_id=11719#breadcrumb","itemListElement":[{"@type":"ListItem","position":1,"name":"Portada","item":"https:\/\/educacionbilingue.gob.ec\/"},{"@type":"ListItem","position":2,"name":"Consejo Plurinacional-Normativa"}]},{"@type":"WebSite","@id":"https:\/\/educacionbilingue.gob.ec\/#website","url":"https:\/\/educacionbilingue.gob.ec\/","name":"SEIBE - Secretar\u00eda de Educaci\u00f3n Intercultural Biling\u00fce y la Etnoeducaci\u00f3n","description":"Secretar\u00eda de Educaci\u00f3n Intercultural Biling\u00fce y la Etnoeducaci\u00f3n","publisher":{"@id":"https:\/\/educacionbilingue.gob.ec\/#organization"},"alternateName":"SEIBE","potentialAction":[{"@type":"SearchAction","target":{"@type":"EntryPoint","urlTemplate":"https:\/\/educacionbilingue.gob.ec\/?s={search_term_string}"},"query-input":{"@type":"PropertyValueSpecification","valueRequired":true,"valueName":"search_term_string"}}],"inLanguage":"es"},{"@type":"Organization","@id":"https:\/\/educacionbilingue.gob.ec\/#organization","name":"SEIBE - Secretar\u00eda de Educaci\u00f3n Intercultural Biling\u00fce y la Etnoeducaci\u00f3n","url":"https:\/\/educacionbilingue.gob.ec\/","logo":{"@type":"ImageObject","inLanguage":"es","@id":"https:\/\/educacionbilingue.gob.ec\/#\/schema\/logo\/image\/","url":"https:\/\/educacionbilingue.gob.ec\/wp-content\/uploads\/2025\/05\/logo-horizontal@4x.png","contentUrl":"https:\/\/educacionbilingue.gob.ec\/wp-content\/uploads\/2025\/05\/logo-horizontal@4x.png","width":1889,"height":456,"caption":"SEIBE - Secretar\u00eda de Educaci\u00f3n Intercultural Biling\u00fce y la Etnoeducaci\u00f3n"},"image":{"@id":"https:\/\/educacionbilingue.gob.ec\/#\/schema\/logo\/image\/"},"sameAs":["https:\/\/www.facebook.com\/SEIBEec\/"]}]}},"_links":{"self":[{"href":"https:\/\/educacionbilingue.gob.ec\/index.php?rest_route=\/wp\/v2\/pages\/11719","targetHints":{"allow":["GET"]}}],"collection":[{"href":"https:\/\/educacionbilingue.gob.ec\/index.php?rest_route=\/wp\/v2\/pages"}],"about":[{"href":"https:\/\/educacionbilingue.gob.ec\/index.php?rest_route=\/wp\/v2\/types\/page"}],"author":[{"embeddable":true,"href":"https:\/\/educacionbilingue.gob.ec\/index.php?rest_route=\/wp\/v2\/users\/330"}],"replies":[{"embeddable":true,"href":"https:\/\/educacionbilingue.gob.ec\/index.php?rest_route=%2Fwp%2Fv2%2Fcomments&post=11719"}],"version-history":[{"count":69,"href":"https:\/\/educacionbilingue.gob.ec\/index.php?rest_route=\/wp\/v2\/pages\/11719\/revisions"}],"predecessor-version":[{"id":14745,"href":"https:\/\/educacionbilingue.gob.ec\/index.php?rest_route=\/wp\/v2\/pages\/11719\/revisions\/14745"}],"wp:attachment":[{"href":"https:\/\/educacionbilingue.gob.ec\/index.php?rest_route=%2Fwp%2Fv2%2Fmedia&parent=11719"}],"curies":[{"name":"wp","href":"https:\/\/api.w.org\/{rel}","templated":true}]}}