{"id":13062,"date":"2024-07-29T09:49:41","date_gmt":"2024-07-29T14:49:41","guid":{"rendered":"https:\/\/educacionbilingue.gob.ec?page_id=13062"},"modified":"2025-05-09T12:19:50","modified_gmt":"2025-05-09T17:19:50","slug":"kundaents","status":"publish","type":"page","link":"https:\/\/educacionbilingue.gob.ec\/?page_id=13062","title":{"rendered":"KUNDAENTS"},"content":{"rendered":"\t\t<div data-elementor-type=\"wp-page\" data-elementor-id=\"13062\" class=\"elementor elementor-13062\">\n\t\t\t\t\t\t<section class=\"elementor-section elementor-top-section elementor-element elementor-element-0157627 elementor-section-boxed elementor-section-height-default elementor-section-height-default\" data-id=\"0157627\" data-element_type=\"section\" data-e-type=\"section\">\n\t\t\t\t\t\t<div class=\"elementor-container elementor-column-gap-default\">\n\t\t\t\t\t<div class=\"elementor-column elementor-col-100 elementor-top-column elementor-element elementor-element-aa60183\" data-id=\"aa60183\" data-element_type=\"column\" data-e-type=\"column\">\n\t\t\t<div class=\"elementor-widget-wrap elementor-element-populated\">\n\t\t\t\t\t\t<div class=\"elementor-element elementor-element-48f21cd elementor-widget elementor-widget-image\" data-id=\"48f21cd\" data-element_type=\"widget\" data-e-type=\"widget\" data-widget_type=\"image.default\">\n\t\t\t\t<div class=\"elementor-widget-container\">\n\t\t\t\t\t\t\t\t\t\t\t\t\t\t\t<img fetchpriority=\"high\" decoding=\"async\" width=\"945\" height=\"100\" src=\"https:\/\/educacionbilingue.gob.ec\/wp-content\/uploads\/2024\/07\/logo-1024x108.png\" class=\"attachment-large size-large wp-image-13075\" alt=\"\" srcset=\"https:\/\/educacionbilingue.gob.ec\/wp-content\/uploads\/2024\/07\/logo-1024x108.png 1024w, https:\/\/educacionbilingue.gob.ec\/wp-content\/uploads\/2024\/07\/logo-300x32.png 300w, https:\/\/educacionbilingue.gob.ec\/wp-content\/uploads\/2024\/07\/logo-768x81.png 768w, https:\/\/educacionbilingue.gob.ec\/wp-content\/uploads\/2024\/07\/logo-1536x163.png 1536w, https:\/\/educacionbilingue.gob.ec\/wp-content\/uploads\/2024\/07\/logo-2048x217.png 2048w\" sizes=\"(max-width: 945px) 100vw, 945px\" \/>\t\t\t\t\t\t\t\t\t\t\t\t\t\t\t<\/div>\n\t\t\t\t<\/div>\n\t\t\t\t<div class=\"elementor-element elementor-element-2e3baa1 elementor-widget-divider--separator-type-pattern elementor-widget-divider--no-spacing elementor-widget-divider--view-line elementor-widget elementor-widget-divider\" data-id=\"2e3baa1\" data-element_type=\"widget\" data-e-type=\"widget\" data-widget_type=\"divider.default\">\n\t\t\t\t<div class=\"elementor-widget-container\">\n\t\t\t\t\t\t\t<div class=\"elementor-divider\" style=\"--divider-pattern-url: url(&quot;data:image\/svg+xml,%3Csvg xmlns=&#039;http:\/\/www.w3.org\/2000\/svg&#039; preserveAspectRatio=&#039;xMidYMid meet&#039; overflow=&#039;visible&#039; height=&#039;100%&#039; viewBox=&#039;0 0 126 26&#039; fill=&#039;black&#039; stroke=&#039;none&#039;%3E%3Cpath d=&#039;M3,10.2c2.6,0,2.6,2,2.6,3.2S4.4,16.5,3,16.5s-3-1.4-3-3.2S0.4,10.2,3,10.2z M18.8,10.2c1.7,0,3.2,1.4,3.2,3.2s-1.4,3.2-3.2,3.2c-1.7,0-3.2-1.4-3.2-3.2S17,10.2,18.8,10.2z M34.6,10.2c1.5,0,2.6,1.4,2.6,3.2s-0.5,3.2-1.9,3.2c-1.5,0-3.4-1.4-3.4-3.2S33.1,10.2,34.6,10.2z M50.5,10.2c1.7,0,3.2,1.4,3.2,3.2s-1.4,3.2-3.2,3.2c-1.7,0-3.3-0.9-3.3-2.6S48.7,10.2,50.5,10.2z M66.2,10.2c1.5,0,3.4,1.4,3.4,3.2s-1.9,3.2-3.4,3.2c-1.5,0-2.6-0.4-2.6-2.1S64.8,10.2,66.2,10.2z M82.2,10.2c1.7,0.8,2.6,1.4,2.6,3.2s-0.1,3.2-1.6,3.2c-1.5,0-3.7-1.4-3.7-3.2S80.5,9.4,82.2,10.2zM98.6,10.2c1.5,0,2.6,0.4,2.6,2.1s-1.2,4.2-2.6,4.2c-1.5,0-3.7-0.4-3.7-2.1S97.1,10.2,98.6,10.2z M113.4,10.2c1.2,0,2.2,0.9,2.2,3.2s-0.1,3.2-1.3,3.2s-3.1-1.4-3.1-3.2S112.2,10.2,113.4,10.2z&#039;\/%3E%3C\/svg%3E&quot;);\">\n\t\t\t<span class=\"elementor-divider-separator\">\n\t\t\t\t\t\t<\/span>\n\t\t<\/div>\n\t\t\t\t\t\t<\/div>\n\t\t\t\t<\/div>\n\t\t\t\t<div class=\"elementor-element elementor-element-464f43d elementor-widget elementor-widget-image\" data-id=\"464f43d\" data-element_type=\"widget\" data-e-type=\"widget\" data-widget_type=\"image.default\">\n\t\t\t\t<div class=\"elementor-widget-container\">\n\t\t\t\t\t\t\t\t\t\t\t\t\t\t\t<img decoding=\"async\" width=\"945\" height=\"631\" src=\"https:\/\/educacionbilingue.gob.ec\/wp-content\/uploads\/2024\/07\/BANNER-KUNDAENTS-1024x684.jpg\" class=\"attachment-large size-large wp-image-13063\" alt=\"\" srcset=\"https:\/\/educacionbilingue.gob.ec\/wp-content\/uploads\/2024\/07\/BANNER-KUNDAENTS-1024x684.jpg 1024w, https:\/\/educacionbilingue.gob.ec\/wp-content\/uploads\/2024\/07\/BANNER-KUNDAENTS-300x200.jpg 300w, https:\/\/educacionbilingue.gob.ec\/wp-content\/uploads\/2024\/07\/BANNER-KUNDAENTS-768x513.jpg 768w, https:\/\/educacionbilingue.gob.ec\/wp-content\/uploads\/2024\/07\/BANNER-KUNDAENTS-1536x1026.jpg 1536w, https:\/\/educacionbilingue.gob.ec\/wp-content\/uploads\/2024\/07\/BANNER-KUNDAENTS-2048x1368.jpg 2048w\" sizes=\"(max-width: 945px) 100vw, 945px\" \/>\t\t\t\t\t\t\t\t\t\t\t\t\t\t\t<\/div>\n\t\t\t\t<\/div>\n\t\t\t\t<div class=\"elementor-element elementor-element-1b07ad0 elementor-widget elementor-widget-text-editor\" data-id=\"1b07ad0\" data-element_type=\"widget\" data-e-type=\"widget\" data-widget_type=\"text-editor.default\">\n\t\t\t\t<div class=\"elementor-widget-container\">\n\t\t\t\t\t\t\t\t\t<div class=\"page\" title=\"Page 1\"><div class=\"layoutArea\"><div class=\"column\"><div class=\"page\" title=\"Page 1\"><div class=\"layoutArea\"><div class=\"column\"><p>La Secretari\u0301a de Educacio\u0301n Intercultural Biling\u00fce y la Etnoeducacio\u0301n invita a investigadores, docentes y p\u00fablico en general a ser parte del fortalecimiento del patrimonio documental del pai\u0301s a trav\u00e9s del <strong>Repositorio Digital KUNDAENTS.<\/strong> Este repositorio, implementado en cumplimiento de la normativa legal vigente y dise\u00f1ado especi\u0301ficamente para salvaguardar y difundir la documentacio\u0301n producida por la Direccio\u0301n Acad\u00e9mica de Investigacio\u0301n Intercultural Biling\u00fce, permite el acceso a investigaciones, documentos digitalizados y archivos electr\u00f3nicos de manera virtual. KUNDAENTS garantiza la conservaci\u00f3n, clasificacio\u0301n y disponibilidad de los documentos, promoviendo la capacidad investigativa, sociocultural y educativa del Ecuador.<\/p><\/div><\/div><\/div><\/div><\/div><\/div>\t\t\t\t\t\t\t\t<\/div>\n\t\t\t\t<\/div>\n\t\t\t\t<div class=\"elementor-element elementor-element-0927119 elementor-align-center elementor-widget elementor-widget-button\" data-id=\"0927119\" data-element_type=\"widget\" data-e-type=\"widget\" data-widget_type=\"button.default\">\n\t\t\t\t<div class=\"elementor-widget-container\">\n\t\t\t\t\t\t\t\t\t<div class=\"elementor-button-wrapper\">\n\t\t\t\t\t<a class=\"elementor-button elementor-button-link elementor-size-sm elementor-animation-grow\" href=\"https:\/\/repositorio.educacionbilingue.gob.ec\/home\">\n\t\t\t\t\t\t<span class=\"elementor-button-content-wrapper\">\n\t\t\t\t\t\t<span class=\"elementor-button-icon\">\n\t\t\t\t<svg aria-hidden=\"true\" class=\"e-font-icon-svg e-fab-chrome\" viewBox=\"0 0 496 512\" xmlns=\"http:\/\/www.w3.org\/2000\/svg\"><path d=\"M131.5 217.5L55.1 100.1c47.6-59.2 119-91.8 192-92.1 42.3-.3 85.5 10.5 124.8 33.2 43.4 25.2 76.4 61.4 97.4 103L264 133.4c-58.1-3.4-113.4 29.3-132.5 84.1zm32.9 38.5c0 46.2 37.4 83.6 83.6 83.6s83.6-37.4 83.6-83.6-37.4-83.6-83.6-83.6-83.6 37.3-83.6 83.6zm314.9-89.2L339.6 174c37.9 44.3 38.5 108.2 6.6 157.2L234.1 503.6c46.5 2.5 94.4-7.7 137.8-32.9 107.4-62 150.9-192 107.4-303.9zM133.7 303.6L40.4 120.1C14.9 159.1 0 205.9 0 256c0 124 90.8 226.7 209.5 244.9l63.7-124.8c-57.6 10.8-113.2-20.8-139.5-72.5z\"><\/path><\/svg>\t\t\t<\/span>\n\t\t\t\t\t\t\t\t\t<span class=\"elementor-button-text\">VISITAR LA P\u00c1GINA<\/span>\n\t\t\t\t\t<\/span>\n\t\t\t\t\t<\/a>\n\t\t\t\t<\/div>\n\t\t\t\t\t\t\t\t<\/div>\n\t\t\t\t<\/div>\n\t\t\t\t\t<\/div>\n\t\t<\/div>\n\t\t\t\t\t<\/div>\n\t\t<\/section>\n\t\t\t\t<\/div>\n\t\t","protected":false},"excerpt":{"rendered":"<p class=\"excerpt\">La Secretari\u0301a de Educacio\u0301n Intercultural Biling\u00fce y la Etnoeducacio\u0301n invita a investigadores, docentes y p\u00fablico en general a ser parte del fortalecimiento del patrimonio documental del pai\u0301s a trav\u00e9s del Repositorio Digital KUNDAENTS. Este repositorio, implementado en cumplimiento de la normativa legal vigente y dise\u00f1ado especi\u0301ficamente para salvaguardar y difundir la documentacio\u0301n producida por la Direccio\u0301n Acad\u00e9mica de Investigacio\u0301n Intercultural&hellip; <a href=\"https:\/\/educacionbilingue.gob.ec\/?page_id=13062\">Read more &rarr;<\/a><\/p>\n","protected":false},"author":2,"featured_media":0,"parent":0,"menu_order":0,"comment_status":"closed","ping_status":"closed","template":"","meta":{"footnotes":""},"class_list":["post-13062","page","type-page","status-publish","hentry","xfolkentry"],"yoast_head":"<!-- This site is optimized with the Yoast SEO plugin v27.4 - https:\/\/yoast.com\/product\/yoast-seo-wordpress\/ -->\n<title>KUNDAENTS - SEIBE - Secretar\u00eda de Educaci\u00f3n Intercultural Biling\u00fce y la Etnoeducaci\u00f3n<\/title>\n<meta name=\"robots\" content=\"index, follow, max-snippet:-1, max-image-preview:large, max-video-preview:-1\" \/>\n<link rel=\"canonical\" href=\"https:\/\/educacionbilingue.gob.ec\/?page_id=13062\" \/>\n<meta property=\"og:locale\" content=\"es_ES\" \/>\n<meta property=\"og:type\" content=\"article\" \/>\n<meta property=\"og:title\" content=\"KUNDAENTS - SEIBE - Secretar\u00eda de Educaci\u00f3n Intercultural Biling\u00fce y la Etnoeducaci\u00f3n\" \/>\n<meta property=\"og:description\" content=\"La Secretari\u0301a de Educacio\u0301n Intercultural Biling\u00fce y la Etnoeducacio\u0301n invita a investigadores, docentes y p\u00fablico en general a ser parte del fortalecimiento del patrimonio documental del pai\u0301s a trav\u00e9s del Repositorio Digital KUNDAENTS. Este repositorio, implementado en cumplimiento de la normativa legal vigente y dise\u00f1ado especi\u0301ficamente para salvaguardar y difundir la documentacio\u0301n producida por la Direccio\u0301n Acad\u00e9mica de Investigacio\u0301n Intercultural&hellip; Read more &rarr;\" \/>\n<meta property=\"og:url\" content=\"https:\/\/educacionbilingue.gob.ec\/?page_id=13062\" \/>\n<meta property=\"og:site_name\" content=\"SEIBE - Secretar\u00eda de Educaci\u00f3n Intercultural Biling\u00fce y la Etnoeducaci\u00f3n\" \/>\n<meta property=\"article:publisher\" content=\"https:\/\/www.facebook.com\/SEIBEec\/\" \/>\n<meta property=\"article:modified_time\" content=\"2025-05-09T17:19:50+00:00\" \/>\n<meta property=\"og:image\" content=\"https:\/\/educacionbilingue.gob.ec\/wp-content\/uploads\/2024\/07\/logo-1024x108.png\" \/>\n<meta name=\"twitter:card\" content=\"summary_large_image\" \/>\n<meta name=\"twitter:label1\" content=\"Tiempo de lectura\" \/>\n\t<meta name=\"twitter:data1\" content=\"1 minuto\" \/>\n<script type=\"application\/ld+json\" class=\"yoast-schema-graph\">{\"@context\":\"https:\\\/\\\/schema.org\",\"@graph\":[{\"@type\":\"WebPage\",\"@id\":\"https:\\\/\\\/educacionbilingue.gob.ec\\\/?page_id=13062\",\"url\":\"https:\\\/\\\/educacionbilingue.gob.ec\\\/?page_id=13062\",\"name\":\"KUNDAENTS - SEIBE - Secretar\u00eda de Educaci\u00f3n Intercultural Biling\u00fce y la Etnoeducaci\u00f3n\",\"isPartOf\":{\"@id\":\"https:\\\/\\\/educacionbilingue.gob.ec\\\/#website\"},\"primaryImageOfPage\":{\"@id\":\"https:\\\/\\\/educacionbilingue.gob.ec\\\/?page_id=13062#primaryimage\"},\"image\":{\"@id\":\"https:\\\/\\\/educacionbilingue.gob.ec\\\/?page_id=13062#primaryimage\"},\"thumbnailUrl\":\"https:\\\/\\\/educacionbilingue.gob.ec\\\/wp-content\\\/uploads\\\/2024\\\/07\\\/logo-1024x108.png\",\"datePublished\":\"2024-07-29T14:49:41+00:00\",\"dateModified\":\"2025-05-09T17:19:50+00:00\",\"breadcrumb\":{\"@id\":\"https:\\\/\\\/educacionbilingue.gob.ec\\\/?page_id=13062#breadcrumb\"},\"inLanguage\":\"es\",\"potentialAction\":[{\"@type\":\"ReadAction\",\"target\":[\"https:\\\/\\\/educacionbilingue.gob.ec\\\/?page_id=13062\"]}]},{\"@type\":\"ImageObject\",\"inLanguage\":\"es\",\"@id\":\"https:\\\/\\\/educacionbilingue.gob.ec\\\/?page_id=13062#primaryimage\",\"url\":\"https:\\\/\\\/educacionbilingue.gob.ec\\\/wp-content\\\/uploads\\\/2024\\\/07\\\/logo.png\",\"contentUrl\":\"https:\\\/\\\/educacionbilingue.gob.ec\\\/wp-content\\\/uploads\\\/2024\\\/07\\\/logo.png\",\"width\":3053,\"height\":323},{\"@type\":\"BreadcrumbList\",\"@id\":\"https:\\\/\\\/educacionbilingue.gob.ec\\\/?page_id=13062#breadcrumb\",\"itemListElement\":[{\"@type\":\"ListItem\",\"position\":1,\"name\":\"Portada\",\"item\":\"https:\\\/\\\/educacionbilingue.gob.ec\\\/\"},{\"@type\":\"ListItem\",\"position\":2,\"name\":\"KUNDAENTS\"}]},{\"@type\":\"WebSite\",\"@id\":\"https:\\\/\\\/educacionbilingue.gob.ec\\\/#website\",\"url\":\"https:\\\/\\\/educacionbilingue.gob.ec\\\/\",\"name\":\"SEIBE - Secretar\u00eda de Educaci\u00f3n Intercultural Biling\u00fce y la Etnoeducaci\u00f3n\",\"description\":\"Secretar\u00eda de Educaci\u00f3n Intercultural Biling\u00fce y la Etnoeducaci\u00f3n\",\"publisher\":{\"@id\":\"https:\\\/\\\/educacionbilingue.gob.ec\\\/#organization\"},\"alternateName\":\"SEIBE\",\"potentialAction\":[{\"@type\":\"SearchAction\",\"target\":{\"@type\":\"EntryPoint\",\"urlTemplate\":\"https:\\\/\\\/educacionbilingue.gob.ec\\\/?s={search_term_string}\"},\"query-input\":{\"@type\":\"PropertyValueSpecification\",\"valueRequired\":true,\"valueName\":\"search_term_string\"}}],\"inLanguage\":\"es\"},{\"@type\":\"Organization\",\"@id\":\"https:\\\/\\\/educacionbilingue.gob.ec\\\/#organization\",\"name\":\"SEIBE - Secretar\u00eda de Educaci\u00f3n Intercultural Biling\u00fce y la Etnoeducaci\u00f3n\",\"url\":\"https:\\\/\\\/educacionbilingue.gob.ec\\\/\",\"logo\":{\"@type\":\"ImageObject\",\"inLanguage\":\"es\",\"@id\":\"https:\\\/\\\/educacionbilingue.gob.ec\\\/#\\\/schema\\\/logo\\\/image\\\/\",\"url\":\"https:\\\/\\\/educacionbilingue.gob.ec\\\/wp-content\\\/uploads\\\/2025\\\/05\\\/logo-horizontal@4x.png\",\"contentUrl\":\"https:\\\/\\\/educacionbilingue.gob.ec\\\/wp-content\\\/uploads\\\/2025\\\/05\\\/logo-horizontal@4x.png\",\"width\":1889,\"height\":456,\"caption\":\"SEIBE - Secretar\u00eda de Educaci\u00f3n Intercultural Biling\u00fce y la Etnoeducaci\u00f3n\"},\"image\":{\"@id\":\"https:\\\/\\\/educacionbilingue.gob.ec\\\/#\\\/schema\\\/logo\\\/image\\\/\"},\"sameAs\":[\"https:\\\/\\\/www.facebook.com\\\/SEIBEec\\\/\"]}]}<\/script>\n<!-- \/ Yoast SEO plugin. -->","yoast_head_json":{"title":"KUNDAENTS - SEIBE - Secretar\u00eda de Educaci\u00f3n Intercultural Biling\u00fce y la Etnoeducaci\u00f3n","robots":{"index":"index","follow":"follow","max-snippet":"max-snippet:-1","max-image-preview":"max-image-preview:large","max-video-preview":"max-video-preview:-1"},"canonical":"https:\/\/educacionbilingue.gob.ec\/?page_id=13062","og_locale":"es_ES","og_type":"article","og_title":"KUNDAENTS - SEIBE - Secretar\u00eda de Educaci\u00f3n Intercultural Biling\u00fce y la Etnoeducaci\u00f3n","og_description":"La Secretari\u0301a de Educacio\u0301n Intercultural Biling\u00fce y la Etnoeducacio\u0301n invita a investigadores, docentes y p\u00fablico en general a ser parte del fortalecimiento del patrimonio documental del pai\u0301s a trav\u00e9s del Repositorio Digital KUNDAENTS. Este repositorio, implementado en cumplimiento de la normativa legal vigente y dise\u00f1ado especi\u0301ficamente para salvaguardar y difundir la documentacio\u0301n producida por la Direccio\u0301n Acad\u00e9mica de Investigacio\u0301n Intercultural&hellip; Read more &rarr;","og_url":"https:\/\/educacionbilingue.gob.ec\/?page_id=13062","og_site_name":"SEIBE - Secretar\u00eda de Educaci\u00f3n Intercultural Biling\u00fce y la Etnoeducaci\u00f3n","article_publisher":"https:\/\/www.facebook.com\/SEIBEec\/","article_modified_time":"2025-05-09T17:19:50+00:00","og_image":[{"url":"https:\/\/educacionbilingue.gob.ec\/wp-content\/uploads\/2024\/07\/logo-1024x108.png","type":"","width":"","height":""}],"twitter_card":"summary_large_image","twitter_misc":{"Tiempo de lectura":"1 minuto"},"schema":{"@context":"https:\/\/schema.org","@graph":[{"@type":"WebPage","@id":"https:\/\/educacionbilingue.gob.ec\/?page_id=13062","url":"https:\/\/educacionbilingue.gob.ec\/?page_id=13062","name":"KUNDAENTS - SEIBE - Secretar\u00eda de Educaci\u00f3n Intercultural Biling\u00fce y la Etnoeducaci\u00f3n","isPartOf":{"@id":"https:\/\/educacionbilingue.gob.ec\/#website"},"primaryImageOfPage":{"@id":"https:\/\/educacionbilingue.gob.ec\/?page_id=13062#primaryimage"},"image":{"@id":"https:\/\/educacionbilingue.gob.ec\/?page_id=13062#primaryimage"},"thumbnailUrl":"https:\/\/educacionbilingue.gob.ec\/wp-content\/uploads\/2024\/07\/logo-1024x108.png","datePublished":"2024-07-29T14:49:41+00:00","dateModified":"2025-05-09T17:19:50+00:00","breadcrumb":{"@id":"https:\/\/educacionbilingue.gob.ec\/?page_id=13062#breadcrumb"},"inLanguage":"es","potentialAction":[{"@type":"ReadAction","target":["https:\/\/educacionbilingue.gob.ec\/?page_id=13062"]}]},{"@type":"ImageObject","inLanguage":"es","@id":"https:\/\/educacionbilingue.gob.ec\/?page_id=13062#primaryimage","url":"https:\/\/educacionbilingue.gob.ec\/wp-content\/uploads\/2024\/07\/logo.png","contentUrl":"https:\/\/educacionbilingue.gob.ec\/wp-content\/uploads\/2024\/07\/logo.png","width":3053,"height":323},{"@type":"BreadcrumbList","@id":"https:\/\/educacionbilingue.gob.ec\/?page_id=13062#breadcrumb","itemListElement":[{"@type":"ListItem","position":1,"name":"Portada","item":"https:\/\/educacionbilingue.gob.ec\/"},{"@type":"ListItem","position":2,"name":"KUNDAENTS"}]},{"@type":"WebSite","@id":"https:\/\/educacionbilingue.gob.ec\/#website","url":"https:\/\/educacionbilingue.gob.ec\/","name":"SEIBE - Secretar\u00eda de Educaci\u00f3n Intercultural Biling\u00fce y la Etnoeducaci\u00f3n","description":"Secretar\u00eda de Educaci\u00f3n Intercultural Biling\u00fce y la Etnoeducaci\u00f3n","publisher":{"@id":"https:\/\/educacionbilingue.gob.ec\/#organization"},"alternateName":"SEIBE","potentialAction":[{"@type":"SearchAction","target":{"@type":"EntryPoint","urlTemplate":"https:\/\/educacionbilingue.gob.ec\/?s={search_term_string}"},"query-input":{"@type":"PropertyValueSpecification","valueRequired":true,"valueName":"search_term_string"}}],"inLanguage":"es"},{"@type":"Organization","@id":"https:\/\/educacionbilingue.gob.ec\/#organization","name":"SEIBE - Secretar\u00eda de Educaci\u00f3n Intercultural Biling\u00fce y la Etnoeducaci\u00f3n","url":"https:\/\/educacionbilingue.gob.ec\/","logo":{"@type":"ImageObject","inLanguage":"es","@id":"https:\/\/educacionbilingue.gob.ec\/#\/schema\/logo\/image\/","url":"https:\/\/educacionbilingue.gob.ec\/wp-content\/uploads\/2025\/05\/logo-horizontal@4x.png","contentUrl":"https:\/\/educacionbilingue.gob.ec\/wp-content\/uploads\/2025\/05\/logo-horizontal@4x.png","width":1889,"height":456,"caption":"SEIBE - Secretar\u00eda de Educaci\u00f3n Intercultural Biling\u00fce y la Etnoeducaci\u00f3n"},"image":{"@id":"https:\/\/educacionbilingue.gob.ec\/#\/schema\/logo\/image\/"},"sameAs":["https:\/\/www.facebook.com\/SEIBEec\/"]}]}},"_links":{"self":[{"href":"https:\/\/educacionbilingue.gob.ec\/index.php?rest_route=\/wp\/v2\/pages\/13062","targetHints":{"allow":["GET"]}}],"collection":[{"href":"https:\/\/educacionbilingue.gob.ec\/index.php?rest_route=\/wp\/v2\/pages"}],"about":[{"href":"https:\/\/educacionbilingue.gob.ec\/index.php?rest_route=\/wp\/v2\/types\/page"}],"author":[{"embeddable":true,"href":"https:\/\/educacionbilingue.gob.ec\/index.php?rest_route=\/wp\/v2\/users\/2"}],"replies":[{"embeddable":true,"href":"https:\/\/educacionbilingue.gob.ec\/index.php?rest_route=%2Fwp%2Fv2%2Fcomments&post=13062"}],"version-history":[{"count":18,"href":"https:\/\/educacionbilingue.gob.ec\/index.php?rest_route=\/wp\/v2\/pages\/13062\/revisions"}],"predecessor-version":[{"id":14182,"href":"https:\/\/educacionbilingue.gob.ec\/index.php?rest_route=\/wp\/v2\/pages\/13062\/revisions\/14182"}],"wp:attachment":[{"href":"https:\/\/educacionbilingue.gob.ec\/index.php?rest_route=%2Fwp%2Fv2%2Fmedia&parent=13062"}],"curies":[{"name":"wp","href":"https:\/\/api.w.org\/{rel}","templated":true}]}}